{"id":2083,"date":"2022-10-06T10:16:43","date_gmt":"2022-10-06T09:16:43","guid":{"rendered":"https:\/\/www.closdecaille.com\/?post_type=product&#038;p=2083"},"modified":"2026-04-28T20:19:45","modified_gmt":"2026-04-28T18:19:45","slug":"clos-de-caille-patrius-rouge","status":"publish","type":"product","link":"https:\/\/www.closdecaille.com\/en\/product\/clos-de-caille-patrius-rouge\/","title":{"rendered":"Clos de Caille \u00abPatrius\u00bb Red"},"content":{"rendered":"<p data-start=\"139\" data-end=\"466\"><strong data-start=\"139\" data-end=\"263\">Clos de Caille \u2018Patrius\u2019, T\u00eate de Cuv\u00e9e Rouge reveals the harmony between the expression of the soil and the rigour of our winemaking approach.<\/strong> Crafted with the utmost care in the heart of a natural setting steeped in history, this cuv\u00e9e offers a new interpretation of Provence red wine: precise, sincere and deeply rooted in its terroir.<\/p>\n<p>\u2018Patrius\u2019 is a tribute to Jean-Pierre Mariotti, the visionary behind the estate. His name, meaning \u00abfather\u00bb, embodies the values of transmission, heritage and high standards that underpin the identity of Clos de Caille. A reflection of the family's passion, this wine has a clear ambition: to produce a red wine of excellence, crafted with humility and respect for tradition.<br \/>\nHis deep nuances and gentle expressions convey an inner strength, a transmitted wisdom and a benevolent rigour - just like the visionary man behind this family adventure.<\/p>\n<p data-start=\"882\" data-end=\"1113\">A noble expression of an exceptional terroir, <strong data-start=\"925\" data-end=\"961\">Clos de Caille \u2018Patrius\u2019 Red<\/strong> is designed to stand the test of time and capture emotions, combining depth, elegance and character in a wine that promises to age beautifully in the cellar.<\/p>\n<p data-start=\"882\" data-end=\"1113\"><em>\u00abOur exceptional vintages are the most sincere expression of our commitment to winemaking. Every detail counts \u2014 from the selection of grape varieties to the ageing process \u2014 to reveal the soul of each plot, without artifice, with accuracy and depth.\u00bb <\/em><em>\u2014 Matthieu Cosse, oenologist<\/em><\/p>","protected":false},"excerpt":{"rendered":"<p>Clos de Caille &lsquo;Patrius&rsquo;, T\u00eate de Cuv\u00e9e Rouge r\u00e9v\u00e8le l\u2019harmonie entre l\u2019expression du sol et la rigueur de notre approche vigneronne. \u00c9labor\u00e9e avec le plus grand soin au c\u0153ur d\u2019un \u00e9crin naturel charg\u00e9 d\u2019histoire, cette cuv\u00e9e offre une nouvelle lecture du vin rouge de Provence : pr\u00e9cise, sinc\u00e8re et profond\u00e9ment ancr\u00e9e dans son terroir. \u2018Patrius\u2019 [&hellip;]<\/p>\n","protected":false},"featured_media":6558,"template":"","meta":{"_acf_changed":false,"_mo_disable_npp":""},"product_brand":[326],"product_cat":[34,318,319],"product_tag":[321],"class_list":{"0":"post-2083","1":"product","2":"type-product","3":"status-publish","4":"has-post-thumbnail","6":"product_brand-clos-de-caille-tete-de-cuvee","7":"product_cat-vins","8":"product_cat-tetes-de-cuvee","9":"product_cat-vins-rouges","10":"product_tag-aop-cotes-de-provence","12":"first","13":"instock","14":"shipping-taxable","15":"purchasable","16":"product-type-variable","17":"has-default-attributes"},"group_of_quantity":6,"min_quantity":6,"max_quantity":"","exclude_order_quantity_value_rules":"no","exclude_category_quantity_rules":"no","combine_variations":"no","acf":[],"yoast_head":"<!-- This site is optimized with the Yoast SEO plugin v27.0 - https:\/\/yoast.com\/product\/yoast-seo-wordpress\/ -->\n<title>Clos de Caille \u00ab Patrius \u00bb Rouge - Clos de Caille<\/title>\n<meta name=\"description\" content=\"T\u00eate de Cuv\u00e9e rouge, Patrius. Quand la force du Syrah rencontre la puissance du Cabernet Sauvignon, il en nait une cuv\u00e9e r\u00e9solument audacieuse. Sa robe rubis aux notes de fruits rouges et \u00e0 la bouche fra\u00eeche exprime dignement la finesse de la M\u00e9diterran\u00e9e.\" \/>\n<meta name=\"robots\" content=\"index, follow, max-snippet:-1, max-image-preview:large, max-video-preview:-1\" \/>\n<link rel=\"canonical\" href=\"https:\/\/www.closdecaille.com\/en\/product\/clos-de-caille-patrius-rouge\/\" \/>\n<meta property=\"og:locale\" content=\"en_GB\" \/>\n<meta property=\"og:type\" content=\"article\" \/>\n<meta property=\"og:title\" content=\"Clos de Caille \u00ab Patrius \u00bb Rouge - Clos de Caille\" \/>\n<meta property=\"og:description\" content=\"T\u00eate de Cuv\u00e9e rouge, Patrius. Quand la force du Syrah rencontre la puissance du Cabernet Sauvignon, il en nait une cuv\u00e9e r\u00e9solument audacieuse. Sa robe rubis aux notes de fruits rouges et \u00e0 la bouche fra\u00eeche exprime dignement la finesse de la M\u00e9diterran\u00e9e.\" \/>\n<meta property=\"og:url\" content=\"https:\/\/www.closdecaille.com\/en\/product\/clos-de-caille-patrius-rouge\/\" \/>\n<meta property=\"og:site_name\" content=\"Clos de Caille\" \/>\n<meta property=\"article:modified_time\" content=\"2026-04-28T18:19:45+00:00\" \/>\n<meta property=\"og:image\" content=\"https:\/\/www.closdecaille.com\/wp-content\/uploads\/2022\/10\/sans-titre-4-1.jpg\" \/>\n\t<meta property=\"og:image:width\" content=\"2560\" \/>\n\t<meta property=\"og:image:height\" content=\"2560\" \/>\n\t<meta property=\"og:image:type\" content=\"image\/jpeg\" \/>\n<meta name=\"twitter:label1\" content=\"Estimated reading time\" \/>\n\t<meta name=\"twitter:data1\" content=\"2 minutes\" \/>\n<script type=\"application\/ld+json\" class=\"yoast-schema-graph\">{\"@context\":\"https:\/\/schema.org\",\"@graph\":[{\"@type\":\"WebPage\",\"@id\":\"https:\/\/www.closdecaille.com\/produit\/clos-de-caille-patrius-rouge\/\",\"url\":\"https:\/\/www.closdecaille.com\/produit\/clos-de-caille-patrius-rouge\/\",\"name\":\"Clos de Caille \u00ab Patrius \u00bb Rouge - Clos de Caille\",\"isPartOf\":{\"@id\":\"https:\/\/www.closdecaille.com\/#website\"},\"primaryImageOfPage\":{\"@id\":\"https:\/\/www.closdecaille.com\/produit\/clos-de-caille-patrius-rouge\/#primaryimage\"},\"image\":{\"@id\":\"https:\/\/www.closdecaille.com\/produit\/clos-de-caille-patrius-rouge\/#primaryimage\"},\"thumbnailUrl\":\"https:\/\/www.closdecaille.com\/wp-content\/uploads\/2022\/10\/sans-titre-4-1.jpg\",\"datePublished\":\"2022-10-06T09:16:43+00:00\",\"dateModified\":\"2026-04-28T18:19:45+00:00\",\"description\":\"T\u00eate de Cuv\u00e9e rouge, Patrius. Quand la force du Syrah rencontre la puissance du Cabernet Sauvignon, il en nait une cuv\u00e9e r\u00e9solument audacieuse. Sa robe rubis aux notes de fruits rouges et \u00e0 la bouche fra\u00eeche exprime dignement la finesse de la M\u00e9diterran\u00e9e.\",\"breadcrumb\":{\"@id\":\"https:\/\/www.closdecaille.com\/produit\/clos-de-caille-patrius-rouge\/#breadcrumb\"},\"inLanguage\":\"en-GB\",\"potentialAction\":[{\"@type\":\"ReadAction\",\"target\":[\"https:\/\/www.closdecaille.com\/produit\/clos-de-caille-patrius-rouge\/\"]}]},{\"@type\":\"ImageObject\",\"inLanguage\":\"en-GB\",\"@id\":\"https:\/\/www.closdecaille.com\/produit\/clos-de-caille-patrius-rouge\/#primaryimage\",\"url\":\"https:\/\/www.closdecaille.com\/wp-content\/uploads\/2022\/10\/sans-titre-4-1.jpg\",\"contentUrl\":\"https:\/\/www.closdecaille.com\/wp-content\/uploads\/2022\/10\/sans-titre-4-1.jpg\",\"width\":2560,\"height\":2560,\"caption\":\"Clos de Caille - Packshot - Patrius Rouge - Carr\u00e9\"},{\"@type\":\"BreadcrumbList\",\"@id\":\"https:\/\/www.closdecaille.com\/produit\/clos-de-caille-patrius-rouge\/#breadcrumb\",\"itemListElement\":[{\"@type\":\"ListItem\",\"position\":1,\"name\":\"Nos Vins\",\"item\":\"https:\/\/www.closdecaille.com\/boutique\/\"},{\"@type\":\"ListItem\",\"position\":2,\"name\":\"Clos de Caille - T\u00eate de Cuv\u00e9e\",\"item\":\"https:\/\/www.closdecaille.com\/brand\/clos-de-caille-tete-de-cuvee\/\"},{\"@type\":\"ListItem\",\"position\":3,\"name\":\"Clos de Caille \u00ab Patrius \u00bb Rouge\"}]},{\"@type\":\"WebSite\",\"@id\":\"https:\/\/www.closdecaille.com\/#website\",\"url\":\"https:\/\/www.closdecaille.com\/\",\"name\":\"Clos de Caille\",\"description\":\"Vins AOP C\u00f4tes de Provence\",\"publisher\":{\"@id\":\"https:\/\/www.closdecaille.com\/#organization\"},\"potentialAction\":[{\"@type\":\"SearchAction\",\"target\":{\"@type\":\"EntryPoint\",\"urlTemplate\":\"https:\/\/www.closdecaille.com\/?s={search_term_string}\"},\"query-input\":{\"@type\":\"PropertyValueSpecification\",\"valueRequired\":true,\"valueName\":\"search_term_string\"}}],\"inLanguage\":\"en-GB\"},{\"@type\":\"Organization\",\"@id\":\"https:\/\/www.closdecaille.com\/#organization\",\"name\":\"Clos de Caille\",\"url\":\"https:\/\/www.closdecaille.com\/\",\"logo\":{\"@type\":\"ImageObject\",\"inLanguage\":\"en-GB\",\"@id\":\"https:\/\/www.closdecaille.com\/#\/schema\/logo\/image\/\",\"url\":\"https:\/\/www.closdecaille.com\/wp-content\/uploads\/2023\/07\/favicon-2023.png\",\"contentUrl\":\"https:\/\/www.closdecaille.com\/wp-content\/uploads\/2023\/07\/favicon-2023.png\",\"width\":600,\"height\":600,\"caption\":\"Clos de Caille\"},\"image\":{\"@id\":\"https:\/\/www.closdecaille.com\/#\/schema\/logo\/image\/\"}}]}<\/script>\n<!-- \/ Yoast SEO plugin. -->","yoast_head_json":{"title":"Clos de Caille \u00abPatrius\u00bb Red - Clos de Caille","description":"T\u00eate de Cuv\u00e9e red, Patrius. When the strength of Syrah meets the power of Cabernet Sauvignon, the result is a decidedly bold cuv\u00e9e. Its ruby colour with notes of red fruit and fresh palate dignifiedly expresses the finesse of the Mediterranean.","robots":{"index":"index","follow":"follow","max-snippet":"max-snippet:-1","max-image-preview":"max-image-preview:large","max-video-preview":"max-video-preview:-1"},"canonical":"https:\/\/www.closdecaille.com\/en\/product\/clos-de-caille-patrius-rouge\/","og_locale":"en_GB","og_type":"article","og_title":"Clos de Caille \u00ab Patrius \u00bb Rouge - Clos de Caille","og_description":"T\u00eate de Cuv\u00e9e rouge, Patrius. Quand la force du Syrah rencontre la puissance du Cabernet Sauvignon, il en nait une cuv\u00e9e r\u00e9solument audacieuse. Sa robe rubis aux notes de fruits rouges et \u00e0 la bouche fra\u00eeche exprime dignement la finesse de la M\u00e9diterran\u00e9e.","og_url":"https:\/\/www.closdecaille.com\/en\/product\/clos-de-caille-patrius-rouge\/","og_site_name":"Clos de Caille","article_modified_time":"2026-04-28T18:19:45+00:00","og_image":[{"width":2560,"height":2560,"url":"https:\/\/www.closdecaille.com\/wp-content\/uploads\/2022\/10\/sans-titre-4-1.jpg","type":"image\/jpeg"}],"twitter_misc":{"Estimated reading time":"2 minutes"},"schema":{"@context":"https:\/\/schema.org","@graph":[{"@type":"WebPage","@id":"https:\/\/www.closdecaille.com\/produit\/clos-de-caille-patrius-rouge\/","url":"https:\/\/www.closdecaille.com\/produit\/clos-de-caille-patrius-rouge\/","name":"Clos de Caille \u00abPatrius\u00bb Red - Clos de Caille","isPartOf":{"@id":"https:\/\/www.closdecaille.com\/#website"},"primaryImageOfPage":{"@id":"https:\/\/www.closdecaille.com\/produit\/clos-de-caille-patrius-rouge\/#primaryimage"},"image":{"@id":"https:\/\/www.closdecaille.com\/produit\/clos-de-caille-patrius-rouge\/#primaryimage"},"thumbnailUrl":"https:\/\/www.closdecaille.com\/wp-content\/uploads\/2022\/10\/sans-titre-4-1.jpg","datePublished":"2022-10-06T09:16:43+00:00","dateModified":"2026-04-28T18:19:45+00:00","description":"T\u00eate de Cuv\u00e9e red, Patrius. When the strength of Syrah meets the power of Cabernet Sauvignon, the result is a decidedly bold cuv\u00e9e. Its ruby colour with notes of red fruit and fresh palate dignifiedly expresses the finesse of the Mediterranean.","breadcrumb":{"@id":"https:\/\/www.closdecaille.com\/produit\/clos-de-caille-patrius-rouge\/#breadcrumb"},"inLanguage":"en-GB","potentialAction":[{"@type":"ReadAction","target":["https:\/\/www.closdecaille.com\/produit\/clos-de-caille-patrius-rouge\/"]}]},{"@type":"ImageObject","inLanguage":"en-GB","@id":"https:\/\/www.closdecaille.com\/produit\/clos-de-caille-patrius-rouge\/#primaryimage","url":"https:\/\/www.closdecaille.com\/wp-content\/uploads\/2022\/10\/sans-titre-4-1.jpg","contentUrl":"https:\/\/www.closdecaille.com\/wp-content\/uploads\/2022\/10\/sans-titre-4-1.jpg","width":2560,"height":2560,"caption":"Clos de Caille - Packshot - Patrius Rouge - Carr\u00e9"},{"@type":"BreadcrumbList","@id":"https:\/\/www.closdecaille.com\/produit\/clos-de-caille-patrius-rouge\/#breadcrumb","itemListElement":[{"@type":"ListItem","position":1,"name":"Nos Vins","item":"https:\/\/www.closdecaille.com\/boutique\/"},{"@type":"ListItem","position":2,"name":"Clos de Caille - T\u00eate de Cuv\u00e9e","item":"https:\/\/www.closdecaille.com\/brand\/clos-de-caille-tete-de-cuvee\/"},{"@type":"ListItem","position":3,"name":"Clos de Caille \u00ab Patrius \u00bb Rouge"}]},{"@type":"WebSite","@id":"https:\/\/www.closdecaille.com\/#website","url":"https:\/\/www.closdecaille.com\/","name":"Clos de Caille","description":"C\u00f4tes de Provence AOP wines","publisher":{"@id":"https:\/\/www.closdecaille.com\/#organization"},"potentialAction":[{"@type":"SearchAction","target":{"@type":"EntryPoint","urlTemplate":"https:\/\/www.closdecaille.com\/?s={search_term_string}"},"query-input":{"@type":"PropertyValueSpecification","valueRequired":true,"valueName":"search_term_string"}}],"inLanguage":"en-GB"},{"@type":"Organization","@id":"https:\/\/www.closdecaille.com\/#organization","name":"Clos de Caille","url":"https:\/\/www.closdecaille.com\/","logo":{"@type":"ImageObject","inLanguage":"en-GB","@id":"https:\/\/www.closdecaille.com\/#\/schema\/logo\/image\/","url":"https:\/\/www.closdecaille.com\/wp-content\/uploads\/2023\/07\/favicon-2023.png","contentUrl":"https:\/\/www.closdecaille.com\/wp-content\/uploads\/2023\/07\/favicon-2023.png","width":600,"height":600,"caption":"Clos de Caille"},"image":{"@id":"https:\/\/www.closdecaille.com\/#\/schema\/logo\/image\/"}}]}},"_links":{"self":[{"href":"https:\/\/www.closdecaille.com\/en\/wp-json\/wp\/v2\/product\/2083","targetHints":{"allow":["GET"]}}],"collection":[{"href":"https:\/\/www.closdecaille.com\/en\/wp-json\/wp\/v2\/product"}],"about":[{"href":"https:\/\/www.closdecaille.com\/en\/wp-json\/wp\/v2\/types\/product"}],"wp:featuredmedia":[{"embeddable":true,"href":"https:\/\/www.closdecaille.com\/en\/wp-json\/wp\/v2\/media\/6558"}],"wp:attachment":[{"href":"https:\/\/www.closdecaille.com\/en\/wp-json\/wp\/v2\/media?parent=2083"}],"wp:term":[{"taxonomy":"product_brand","embeddable":true,"href":"https:\/\/www.closdecaille.com\/en\/wp-json\/wp\/v2\/product_brand?post=2083"},{"taxonomy":"product_cat","embeddable":true,"href":"https:\/\/www.closdecaille.com\/en\/wp-json\/wp\/v2\/product_cat?post=2083"},{"taxonomy":"product_tag","embeddable":true,"href":"https:\/\/www.closdecaille.com\/en\/wp-json\/wp\/v2\/product_tag?post=2083"}],"curies":[{"name":"wp","href":"https:\/\/api.w.org\/{rel}","templated":true}]}}