{"id":6093,"date":"2025-12-08T11:00:29","date_gmt":"2025-12-08T10:00:29","guid":{"rendered":"https:\/\/www.closdecaille.com\/?page_id=6093"},"modified":"2026-02-18T15:00:45","modified_gmt":"2026-02-18T14:00:45","slug":"notre-domaine","status":"publish","type":"page","link":"https:\/\/www.closdecaille.com\/en\/notre-domaine\/","title":{"rendered":"Our Estate"},"content":{"rendered":"\t\t<div data-elementor-type=\"wp-page\" data-elementor-id=\"6093\" class=\"elementor elementor-6093\" data-elementor-post-type=\"page\">\n\t\t\t\t<section class=\"elementor-element elementor-element-16166fc e-con-full e-flex e-con e-parent\" data-id=\"16166fc\" data-element_type=\"container\" data-e-type=\"container\">\n\t\t<div class=\"elementor-element elementor-element-d2c6439 e-con-full ebvc e-flex e-con e-child\" data-id=\"d2c6439\" data-element_type=\"container\" data-e-type=\"container\" data-settings=\"{&quot;background_background&quot;:&quot;video&quot;,&quot;background_video_link&quot;:&quot;https:\\\/\\\/www.closdecaille.com\\\/wp-content\\\/uploads\\\/2026\\\/02\\\/clos-de-caille-video-du-domaine.mp4&quot;,&quot;background_play_on_mobile&quot;:&quot;yes&quot;}\">\n\t\t<div class=\"elementor-background-video-container\">\n\t\t\t\t\t\t\t<video class=\"elementor-background-video-hosted\" role=\"presentation\" autoplay muted playsinline loop><\/video>\n\t\t\t\t\t<\/div>\t\t<div class=\"elementor-element elementor-element-b3d0730 elementor-widget elementor-widget-text-editor\" data-id=\"b3d0730\" data-element_type=\"widget\" data-e-type=\"widget\" data-widget_type=\"text-editor.default\">\n\t\t\t\t\t\t\t\t\t<p>D\u00e9couvrez<\/p>\t\t\t\t\t\t\t\t<\/div>\n\t\t\t\t<div class=\"elementor-element elementor-element-77b7402 elementor-widget elementor-widget-heading\" data-id=\"77b7402\" data-element_type=\"widget\" data-e-type=\"widget\" data-widget_type=\"heading.default\">\n\t\t\t\t\t<h1 class=\"elementor-heading-title elementor-size-default\">Le Domaine<\/h1>\t\t\t\t<\/div>\n\t\t\t\t<\/div>\n\t\t\t\t<\/section>\n\t\t<section class=\"elementor-element elementor-element-68d0786 e-con-full e-flex e-con e-parent\" data-id=\"68d0786\" data-element_type=\"container\" data-e-type=\"container\">\n\t\t<div class=\"elementor-element elementor-element-3fbe7af e-flex e-con-boxed e-con e-child\" data-id=\"3fbe7af\" data-element_type=\"container\" data-e-type=\"container\">\n\t\t\t\t\t<div class=\"e-con-inner\">\n\t\t<div class=\"elementor-element elementor-element-cc8ed93 e-con-full e-flex e-con e-child\" data-id=\"cc8ed93\" data-element_type=\"container\" data-e-type=\"container\">\n\t\t\t\t<div class=\"elementor-element elementor-element-89f7b8f elementor-widget elementor-widget-heading\" data-id=\"89f7b8f\" data-element_type=\"widget\" data-e-type=\"widget\" data-widget_type=\"heading.default\">\n\t\t\t\t\t<h2 class=\"elementor-heading-title elementor-size-default\">Vins Haute-Couture<\/h2>\t\t\t\t<\/div>\n\t\t\t\t<div class=\"elementor-element elementor-element-b73331e elementor-widget elementor-widget-heading\" data-id=\"b73331e\" data-element_type=\"widget\" data-e-type=\"widget\" data-widget_type=\"heading.default\">\n\t\t\t\t\t<h2 class=\"elementor-heading-title elementor-size-default\">de Provence<\/h2>\t\t\t\t<\/div>\n\t\t\t\t<div class=\"elementor-element elementor-element-cedb77e elementor-widget elementor-widget-text-editor\" data-id=\"cedb77e\" data-element_type=\"widget\" data-e-type=\"widget\" data-widget_type=\"text-editor.default\">\n\t\t\t\t\t\t\t\t\t<p>Le vin requiert une part d\u2019irrationalit\u00e9. Cette exigence qui vous gouverne et vous am\u00e8ne \u00e0 rechercher l\u2019excellence, sans discontinuer, pour voyager entre le r\u00eave et le plaisir de s\u2019en approcher. <br>C\u2019est cette vision, \u00e0 la fois lyrique et rigoureuse, qu\u2019impulse la Famille Mariotti au Clos de Caille.<\/p>\t\t\t\t\t\t\t\t<\/div>\n\t\t\t\t<\/div>\n\t\t\t\t\t<\/div>\n\t\t\t\t<\/div>\n\t\t\t\t<\/section>\n\t\t<section class=\"elementor-element elementor-element-be9ff5e e-con-full e-flex e-con e-parent\" data-id=\"be9ff5e\" data-element_type=\"container\" data-e-type=\"container\">\n\t\t\t\t<div class=\"elementor-element elementor-element-d81b47c elementor-arrows-position-inside elementor-widget elementor-widget-n-carousel\" data-id=\"d81b47c\" data-element_type=\"widget\" data-e-type=\"widget\" data-settings=\"{&quot;carousel_items&quot;:[{&quot;slide_title&quot;:&quot;Diapositive N\\u00b02&quot;,&quot;_id&quot;:&quot;3339156&quot;},{&quot;slide_title&quot;:&quot;Diapositive N\\u00b01&quot;,&quot;_id&quot;:&quot;8762899&quot;},{&quot;slide_title&quot;:&quot;Diapositive N\\u00b03&quot;,&quot;_id&quot;:&quot;127a5f4&quot;}],&quot;image_spacing_custom&quot;:{&quot;unit&quot;:&quot;px&quot;,&quot;size&quot;:16,&quot;sizes&quot;:[]},&quot;slides_to_scroll&quot;:&quot;1&quot;,&quot;slides_to_show_laptop&quot;:2.4,&quot;slides_to_show_tablet&quot;:1.4,&quot;slides_to_show_mobile&quot;:1.15,&quot;slides_to_show&quot;:3,&quot;speed&quot;:500,&quot;arrows&quot;:&quot;yes&quot;,&quot;image_spacing_custom_laptop&quot;:{&quot;unit&quot;:&quot;px&quot;,&quot;size&quot;:&quot;&quot;,&quot;sizes&quot;:[]},&quot;image_spacing_custom_tablet&quot;:{&quot;unit&quot;:&quot;px&quot;,&quot;size&quot;:&quot;&quot;,&quot;sizes&quot;:[]},&quot;image_spacing_custom_mobile&quot;:{&quot;unit&quot;:&quot;px&quot;,&quot;size&quot;:&quot;&quot;,&quot;sizes&quot;:[]}}\" data-widget_type=\"nested-carousel.default\">\n\t\t\t\t\t\t\t<div class=\"e-n-carousel swiper\" role=\"region\" aria-roledescription=\"carousel\" aria-label=\"Carousel\" dir=\"ltr\">\n\t\t\t<div class=\"swiper-wrapper\" aria-live=\"polite\">\n\t\t\t\t\t\t\t\t\t\t<div class=\"swiper-slide\" data-slide=\"1\" role=\"group\" aria-roledescription=\"slide\" aria-label=\"1 of 3\">\n\t\t\t\t\t\t\t<div class=\"elementor-element elementor-element-56c7f4a e-flex e-con-boxed e-con e-child\" data-id=\"56c7f4a\" data-element_type=\"container\" data-e-type=\"container\">\n\t\t\t\t\t<div class=\"e-con-inner\">\n\t\t\t\t<div class=\"elementor-element elementor-element-09c0bfa elementor-flip-box--effect-push elementor-flip-box--direction-left mc-flipbox--icon-bottom-right elementor-widget elementor-widget-flip-box\" data-id=\"09c0bfa\" data-element_type=\"widget\" data-e-type=\"widget\" data-widget_type=\"flip-box.default\">\n\t\t\t\t\t\t\t<div class=\"elementor-flip-box\" tabindex=\"0\">\n\t\t\t<div class=\"elementor-flip-box__layer elementor-flip-box__front\">\n\t\t\t\t<div class=\"elementor-flip-box__layer__overlay\">\n\t\t\t\t\t<div class=\"elementor-flip-box__layer__inner\">\n\t\t\t\t\t\t\t\t\t\t\t\t\t<div class=\"elementor-icon-wrapper elementor-view-framed elementor-shape-square\">\n\t\t\t\t\t\t\t\t<div class=\"elementor-icon\">\n\t\t\t\t\t\t\t\t\t<i aria-hidden=\"true\" class=\"tablericon- tabler-icon-arrow-right\"><\/i>\t\t\t\t\t\t\t\t<\/div>\n\t\t\t\t\t\t\t<\/div>\n\t\t\t\t\t\t\n\t\t\t\t\t\t\t\t\t\t\t\t\t<h2 class=\"elementor-flip-box__layer__title\">\n\t\t\t\t\t\t\t\tLe Terroir\t\t\t\t\t\t\t<\/h2>\n\t\t\t\t\t\t\n\t\t\t\t\t\t\t\t\t\t\t<\/div>\n\t\t\t\t<\/div>\n\t\t\t<\/div>\n\t\t\t<div class=\"elementor-flip-box__layer elementor-flip-box__back\">\n\t\t\t<div class=\"elementor-flip-box__layer__overlay\">\n\t\t\t\t<div class=\"elementor-flip-box__layer__inner\">\n\t\t\t\t\t\t\t\t\t\t\t<h2 class=\"elementor-flip-box__layer__title\">\n\t\t\t\t\t\t\tLe Terroir\t\t\t\t\t\t<\/h2>\n\t\t\t\t\t\n\t\t\t\t\t\t\t\t\t\t\t<div class=\"elementor-flip-box__layer__description\">\n\t\t\t\t\t\t\tLa nature n\u2019est pas un d\u00e9cor : elle est notre inspiration.\nS\u2019\u00e9tendant sur 160 hectares, dont 40 hectares de vignoble certifi\u00e9s en Agriculture Biologique, le Domaine adopte une approche artisanale port\u00e9e par des femmes et des hommes qualifi\u00e9s et passionn\u00e9s. Guid\u00e9s par une vision durable et respectueuse, nous pr\u00e9servons la vitalit\u00e9 des sols pour r\u00e9v\u00e9ler des vins authentiques, singuliers et profond\u00e9ment li\u00e9s \u00e0 leur terroir.\t\t\t\t\t\t<\/div>\n\t\t\t\t\t\n\t\t\t\t\t\t\t\t<\/div>\n\t\t<\/div>\n\t\t<\/div>\n\t\t<\/div>\n\t\t\t\t\t\t<\/div>\n\t\t\t\t\t<\/div>\n\t\t\t\t<\/div>\n\t\t\t\t\t\t\t\t<\/div>\n\t\t\t\t\t\t\t\t\t\t\t<div class=\"swiper-slide\" data-slide=\"2\" role=\"group\" aria-roledescription=\"slide\" aria-label=\"2 of 3\">\n\t\t\t\t\t\t\t<div class=\"elementor-element elementor-element-8f26f7d e-flex e-con-boxed e-con e-child\" data-id=\"8f26f7d\" data-element_type=\"container\" data-e-type=\"container\">\n\t\t\t\t\t<div class=\"e-con-inner\">\n\t\t\t\t<div class=\"elementor-element elementor-element-88d601b elementor-flip-box--effect-push elementor-flip-box--direction-left mc-flipbox--icon-bottom-right elementor-widget elementor-widget-flip-box\" data-id=\"88d601b\" data-element_type=\"widget\" data-e-type=\"widget\" data-widget_type=\"flip-box.default\">\n\t\t\t\t\t\t\t<div class=\"elementor-flip-box\" tabindex=\"0\">\n\t\t\t<div class=\"elementor-flip-box__layer elementor-flip-box__front\">\n\t\t\t\t<div class=\"elementor-flip-box__layer__overlay\">\n\t\t\t\t\t<div class=\"elementor-flip-box__layer__inner\">\n\t\t\t\t\t\t\t\t\t\t\t\t\t<div class=\"elementor-icon-wrapper elementor-view-framed elementor-shape-square\">\n\t\t\t\t\t\t\t\t<div class=\"elementor-icon\">\n\t\t\t\t\t\t\t\t\t<i aria-hidden=\"true\" class=\"tablericon- tabler-icon-arrow-right\"><\/i>\t\t\t\t\t\t\t\t<\/div>\n\t\t\t\t\t\t\t<\/div>\n\t\t\t\t\t\t\n\t\t\t\t\t\t\t\t\t\t\t\t\t<h2 class=\"elementor-flip-box__layer__title\">\n\t\t\t\t\t\t\t\tl'homme\t\t\t\t\t\t\t<\/h2>\n\t\t\t\t\t\t\n\t\t\t\t\t\t\t\t\t\t\t<\/div>\n\t\t\t\t<\/div>\n\t\t\t<\/div>\n\t\t\t<div class=\"elementor-flip-box__layer elementor-flip-box__back\">\n\t\t\t<div class=\"elementor-flip-box__layer__overlay\">\n\t\t\t\t<div class=\"elementor-flip-box__layer__inner\">\n\t\t\t\t\t\t\t\t\t\t\t<h2 class=\"elementor-flip-box__layer__title\">\n\t\t\t\t\t\t\tL'homme\t\t\t\t\t\t<\/h2>\n\t\t\t\t\t\n\t\t\t\t\t\t\t\t\t\t\t<div class=\"elementor-flip-box__layer__description\">\n\t\t\t\t\t\t\tH\u00e9ritiers d\u2019un savoir-faire patient, nos vignerons veillent \u00e0 l\u2019\u00e9quilibre des parcelles et cultivent la vigne avec respect.\nCette exigence repose sur une vigilance constante : observation des cycles naturels, pr\u00e9vention raisonn\u00e9e et interventions ma\u00eetris\u00e9es.\nEn privil\u00e9giant une fertilisation organique, nous renouons avec l\u2019essentiel : une terre vivante qui offre aux vignerons la mati\u00e8re la plus juste pour exprimer leur art.\t\t\t\t\t\t<\/div>\n\t\t\t\t\t\n\t\t\t\t\t\t\t\t<\/div>\n\t\t<\/div>\n\t\t<\/div>\n\t\t<\/div>\n\t\t\t\t\t\t<\/div>\n\t\t\t\t\t<\/div>\n\t\t\t\t<\/div>\n\t\t\t\t\t\t\t\t<\/div>\n\t\t\t\t\t\t\t\t\t\t\t<div class=\"swiper-slide\" data-slide=\"3\" role=\"group\" aria-roledescription=\"slide\" aria-label=\"3 of 3\">\n\t\t\t\t\t\t\t<div class=\"elementor-element elementor-element-3fd4f4c e-flex e-con-boxed e-con e-child\" data-id=\"3fd4f4c\" data-element_type=\"container\" data-e-type=\"container\">\n\t\t\t\t\t<div class=\"e-con-inner\">\n\t\t\t\t<div class=\"elementor-element elementor-element-c58921e elementor-flip-box--effect-push elementor-flip-box--direction-left mc-flipbox--icon-bottom-right elementor-widget elementor-widget-flip-box\" data-id=\"c58921e\" data-element_type=\"widget\" data-e-type=\"widget\" data-widget_type=\"flip-box.default\">\n\t\t\t\t\t\t\t<div class=\"elementor-flip-box\" tabindex=\"0\">\n\t\t\t<div class=\"elementor-flip-box__layer elementor-flip-box__front\">\n\t\t\t\t<div class=\"elementor-flip-box__layer__overlay\">\n\t\t\t\t\t<div class=\"elementor-flip-box__layer__inner\">\n\t\t\t\t\t\t\t\t\t\t\t\t\t<div class=\"elementor-icon-wrapper elementor-view-framed elementor-shape-square\">\n\t\t\t\t\t\t\t\t<div class=\"elementor-icon\">\n\t\t\t\t\t\t\t\t\t<i aria-hidden=\"true\" class=\"tablericon- tabler-icon-arrow-right\"><\/i>\t\t\t\t\t\t\t\t<\/div>\n\t\t\t\t\t\t\t<\/div>\n\t\t\t\t\t\t\n\t\t\t\t\t\t\t\t\t\t\t\t\t<h2 class=\"elementor-flip-box__layer__title\">\n\t\t\t\t\t\t\t\tLe Chai\t\t\t\t\t\t\t<\/h2>\n\t\t\t\t\t\t\n\t\t\t\t\t\t\t\t\t\t\t<\/div>\n\t\t\t\t<\/div>\n\t\t\t<\/div>\n\t\t\t<div class=\"elementor-flip-box__layer elementor-flip-box__back\">\n\t\t\t<div class=\"elementor-flip-box__layer__overlay\">\n\t\t\t\t<div class=\"elementor-flip-box__layer__inner\">\n\t\t\t\t\t\t\t\t\t\t\t<h2 class=\"elementor-flip-box__layer__title\">\n\t\t\t\t\t\t\tLe Chai\t\t\t\t\t\t<\/h2>\n\t\t\t\t\t\n\t\t\t\t\t\t\t\t\t\t\t<div class=\"elementor-flip-box__layer__description\">\n\t\t\t\t\t\t\tLe Clos de Caille vinifie ses vins au sein d\u2019un Chai d\u2019\u0152uvre sign\u00e9 Rudy Ricciotti, implant\u00e9 au c\u0153ur du vignoble pour r\u00e9duire le temps de parcours des raisins. Chaque parcelle y est vinifi\u00e9e s\u00e9par\u00e9ment dans une cuve d\u00e9di\u00e9e, tandis que le proc\u00e9d\u00e9 gravitaire pr\u00e9serve l\u2019int\u00e9grit\u00e9 du fruit sans trituration, r\u00e9v\u00e9lant toute sa finesse.\nDot\u00e9 d\u2019\u00e9quipements de pointe, il refl\u00e8te la ligne directrice qui guide chaque d\u00e9cision : allier le beau \u00e0 l\u2019indispensable.\t\t\t\t\t\t<\/div>\n\t\t\t\t\t\n\t\t\t\t\t\t\t\t<\/div>\n\t\t<\/div>\n\t\t<\/div>\n\t\t<\/div>\n\t\t\t\t\t\t<\/div>\n\t\t\t\t\t<\/div>\n\t\t\t\t<\/div>\n\t\t\t\t\t\t\t\t<\/div>\n\t\t\t\t\t\t\t\t<\/div>\n\t\t<\/div>\n\t\t\t\t\t<div class=\"elementor-swiper-button elementor-swiper-button-prev\" role=\"button\" tabindex=\"0\" aria-label=\"Pr\u00e9c\u00e9dent\">\n\t\t\t\t<svg aria-hidden=\"true\" class=\"e-font-icon-svg e-eicon-chevron-left\" viewBox=\"0 0 1000 1000\" xmlns=\"http:\/\/www.w3.org\/2000\/svg\"><path d=\"M646 125C629 125 613 133 604 142L308 442C296 454 292 471 292 487 292 504 296 521 308 533L604 854C617 867 629 875 646 875 663 875 679 871 692 858 704 846 713 829 713 812 713 796 708 779 692 767L438 487 692 225C700 217 708 204 708 187 708 171 704 154 692 142 675 129 663 125 646 125Z\"><\/path><\/svg>\t\t\t<\/div>\n\t\t\t<div class=\"elementor-swiper-button elementor-swiper-button-next\" role=\"button\" tabindex=\"0\" aria-label=\"Suivant\">\n\t\t\t\t<svg aria-hidden=\"true\" class=\"e-font-icon-svg e-eicon-chevron-right\" viewBox=\"0 0 1000 1000\" xmlns=\"http:\/\/www.w3.org\/2000\/svg\"><path d=\"M696 533C708 521 713 504 713 487 713 471 708 454 696 446L400 146C388 133 375 125 354 125 338 125 325 129 313 142 300 154 292 171 292 187 292 204 296 221 308 233L563 492 304 771C292 783 288 800 288 817 288 833 296 850 308 863 321 871 338 875 354 875 371 875 388 867 400 854L696 533Z\"><\/path><\/svg>\t\t\t<\/div>\n\t\t\t\t\t\t<\/div>\n\t\t\t\t<\/section>\n\t\t<div class=\"elementor-element elementor-element-24ecb20 e-con-full e-flex e-con e-parent\" data-id=\"24ecb20\" data-element_type=\"container\" data-e-type=\"container\">\n\t\t<div class=\"elementor-element elementor-element-48d037f e-flex e-con-boxed e-con e-child\" data-id=\"48d037f\" data-element_type=\"container\" data-e-type=\"container\" data-settings=\"{&quot;background_background&quot;:&quot;classic&quot;}\">\n\t\t\t\t\t<div class=\"e-con-inner\">\n\t\t<div class=\"elementor-element elementor-element-46111c5 e-con-full e-flex e-con e-child\" data-id=\"46111c5\" data-element_type=\"container\" data-e-type=\"container\">\n\t\t\t\t<div class=\"elementor-element elementor-element-7fd86ee elementor-widget elementor-widget-heading\" data-id=\"7fd86ee\" data-element_type=\"widget\" data-e-type=\"widget\" data-widget_type=\"heading.default\">\n\t\t\t\t\t<h2 class=\"elementor-heading-title elementor-size-default\">Un h\u00e9ritage familial<\/h2>\t\t\t\t<\/div>\n\t\t<div class=\"elementor-element elementor-element-9e57dd4 e-con-full e-flex e-con e-child\" data-id=\"9e57dd4\" data-element_type=\"container\" data-e-type=\"container\">\n\t\t\t\t<div class=\"elementor-element elementor-element-a0129a8 elementor-widget__width-inherit elementor-widget elementor-widget-text-editor\" data-id=\"a0129a8\" data-element_type=\"widget\" data-e-type=\"widget\" data-widget_type=\"text-editor.default\">\n\t\t\t\t\t\t\t\t\t<p>Fond\u00e9 au XII\u1d49 si\u00e8cle par les moines Cisterciens de l\u2019Abbaye du Thoronet \u2014 qui b\u00e2tirent parall\u00e8lement l\u2019Abbaye de C\u00eeteaux en Bourgogne \u2014 le Clos de Caille porte l\u2019h\u00e9ritage d\u2019une terre o\u00f9 la vigne est cultiv\u00e9e depuis des si\u00e8cles. Nous sommes en 1992 lorsque Jean-Pierre et Simona Mariotti tombent sous le charme de ce tr\u00e9sor proven\u00e7al, sous les conseils avis\u00e9s de Cl\u00e9ment Bruno \u2014 \u201cl\u2019Empereur de la Truffe\u201d et chef embl\u00e9matique du restaurant <em>Chez Bruno<\/em> \u00e0 Lorgues. Comme tant d\u2019autres avant eux, s\u00e9duits par ces terres charg\u00e9es d\u2019histoire, o\u00f9 for\u00eats et collines s\u2019entrelacent sous les cr\u00eates rocheuses, ils ressentent l\u2019appel de planter et de cultiver leurs propres vignes.<\/p><p>\u00c0 cette \u00e9poque, le Domaine ne compte que 7 hectares, dont seulement 2 hectares de vignes. Convaincus du potentiel du terroir, ils entreprennent alors des travaux titanesques pour restructurer et \u00e9tendre le vignoble, anim\u00e9s par la certitude que la qualit\u00e9 du v\u00e9g\u00e9tal serait la pierre angulaire de notre ambition.<\/p>\t\t\t\t\t\t\t\t<\/div>\n\t\t\t\t<div class=\"elementor-element elementor-element-46e910f elementor-widget__width-inherit elementor-widget elementor-widget-text-editor\" data-id=\"46e910f\" data-element_type=\"widget\" data-e-type=\"widget\" data-widget_type=\"text-editor.default\">\n\t\t\t\t\t\t\t\t\t<p data-start=\"762\" data-end=\"1446\">En 2019, Jean-Pierre et Simona, accompagn\u00e9s de leurs trois enfants \u2014 Jean-Marie, Mathieu et Clarisse \u2014 d\u00e9cident de faire rayonner le Domaine en y ajoutant un chai de vinification sign\u00e9 par l\u2019architecte de renomm\u00e9e internationale Rudy Ricciotti. Dot\u00e9 des meilleurs \u00e9quipements, ce \u00ab<em> Chai d\u2019\u0152uvre<\/em> \u00bb devient op\u00e9rationnel depuis 2021.<\/p><p data-start=\"1448\" data-end=\"1631\">Au fil des ann\u00e9es, le vignoble s\u2019est \u00e9tendu, mais la Famille a choisi d\u2019attendre que le Clos de Caille soit dot\u00e9 de sa propre cave afin de donner enfin naissance \u00e0 ses propres vins.<\/p><p data-start=\"1633\" data-end=\"1969\">Aujourd\u2019hui, Mathieu Mariotti g\u00e8re avec minutie et humilit\u00e9 le vignoble, qui ne destine plus l\u2019int\u00e9gralit\u00e9 de sa production \u00e0 des marques renomm\u00e9es, affirmant ainsi son identit\u00e9.<\/p><p data-start=\"1633\" data-end=\"1969\">Sous son impulsion passionn\u00e9e et exigeante, le Clos de Caille signe en 2021, dans les trois couleurs, son tout premier mill\u00e9sime, symbole d\u2019une nouvelle \u00e8re tourn\u00e9e vers l\u2019Excellence.<\/p>\t\t\t\t\t\t\t\t<\/div>\n\t\t\t\t<div class=\"elementor-element elementor-element-5eba4d7 elementor-widget__width-inherit elementor-widget elementor-widget-text-editor\" data-id=\"5eba4d7\" data-element_type=\"widget\" data-e-type=\"widget\" data-widget_type=\"text-editor.default\">\n\t\t\t\t\t\t\t\t\t<p data-start=\"98\" data-end=\"430\">Le Domaine viti-vinicole du Clos de Caille s\u2019\u00e9panouit aujourd\u2019hui sous l\u2019expertise de Matthieu Cosse, qui apporte une pr\u00e9cision vigneronne et un \u00e9clat nouveau \u00e0 nos vins. L\u2019\u00e9levage gagne en finesse, en justesse et en profondeur, offrant des vins \u00e9minents, fa\u00e7onn\u00e9s avec la patience et l\u2019exigence du m\u00e9tier.<\/p><p data-start=\"432\" data-end=\"597\">Une aventure enracin\u00e9e dans la terre et transmise par les liens du sang, qui se raconte \u00e0 travers le regard de ceux qui ont grandi au rythme des saisons et des rangs de vigne.<\/p><p><em>\u00ab Mon fr\u00e8re Jean-Marie avait 5 ans, ma s\u0153ur Clarisse \u00e0 peine 1 an, et moi 3, lorsque nous avons pos\u00e9 le pied pour la premi\u00e8re fois sur les terres du Clos de Caille. En grandissant, chaque fois que nous faisions une b\u00eatise, notre p\u00e8re nous envoyait travailler dans les vignes comme punition. Aujourd\u2019hui, cette passion pour le Clos est devenue un engagement de toute une vie, un lien profond que nous souhaitons transmettre aux g\u00e9n\u00e9rations futures. \u00bb \u2014\u00a0<\/em><em>Mathieu Mariotti<\/em><\/p>\t\t\t\t\t\t\t\t<\/div>\n\t\t\t\t<\/div>\n\t\t\t\t<\/div>\n\t\t<div class=\"elementor-element elementor-element-c7ab0bb e-con-full e-grid e-con e-child\" data-id=\"c7ab0bb\" data-element_type=\"container\" data-e-type=\"container\">\n\t\t\t\t<div class=\"elementor-element elementor-element-ed21d8e elementor-widget elementor-widget-counter\" data-id=\"ed21d8e\" data-element_type=\"widget\" data-e-type=\"widget\" data-widget_type=\"counter.default\">\n\t\t\t\t\t\t\t<div class=\"elementor-counter\">\n\t\t\t<div class=\"elementor-counter-title\">Hectares de nature pr\u00e9serv\u00e9e<\/div>\t\t\t<div class=\"elementor-counter-number-wrapper\">\n\t\t\t\t<span class=\"elementor-counter-number-prefix\"><\/span>\n\t\t\t\t<span class=\"elementor-counter-number\" data-duration=\"2000\" data-to-value=\"160\" data-from-value=\"0\" data-delimiter=\",\">0<\/span>\n\t\t\t\t<span class=\"elementor-counter-number-suffix\"><\/span>\n\t\t\t<\/div>\n\t\t<\/div>\n\t\t\t\t\t\t<\/div>\n\t\t\t\t<div class=\"elementor-element elementor-element-c8b7ffc elementor-widget elementor-widget-counter\" data-id=\"c8b7ffc\" data-element_type=\"widget\" data-e-type=\"widget\" data-widget_type=\"counter.default\">\n\t\t\t\t\t\t\t<div class=\"elementor-counter\">\n\t\t\t<div class=\"elementor-counter-title\">Hectares de vignoble<\/div>\t\t\t<div class=\"elementor-counter-number-wrapper\">\n\t\t\t\t<span class=\"elementor-counter-number-prefix\"><\/span>\n\t\t\t\t<span class=\"elementor-counter-number\" data-duration=\"2000\" data-to-value=\"40\" data-from-value=\"0\" data-delimiter=\",\">0<\/span>\n\t\t\t\t<span class=\"elementor-counter-number-suffix\"><\/span>\n\t\t\t<\/div>\n\t\t<\/div>\n\t\t\t\t\t\t<\/div>\n\t\t\t\t<div class=\"elementor-element elementor-element-2f01541 elementor-widget elementor-widget-counter\" data-id=\"2f01541\" data-element_type=\"widget\" data-e-type=\"widget\" data-widget_type=\"counter.default\">\n\t\t\t\t\t\t\t<div class=\"elementor-counter\">\n\t\t\t<div class=\"elementor-counter-title\">Couleurs<\/div>\t\t\t<div class=\"elementor-counter-number-wrapper\">\n\t\t\t\t<span class=\"elementor-counter-number-prefix\"><\/span>\n\t\t\t\t<span class=\"elementor-counter-number\" data-duration=\"500\" data-to-value=\"3\" data-from-value=\"0\" data-delimiter=\",\">0<\/span>\n\t\t\t\t<span class=\"elementor-counter-number-suffix\"><\/span>\n\t\t\t<\/div>\n\t\t<\/div>\n\t\t\t\t\t\t<\/div>\n\t\t\t\t<div class=\"elementor-element elementor-element-8fe5ead elementor-widget elementor-widget-counter\" data-id=\"8fe5ead\" data-element_type=\"widget\" data-e-type=\"widget\" data-widget_type=\"counter.default\">\n\t\t\t\t\t\t\t<div class=\"elementor-counter\">\n\t\t\t<div class=\"elementor-counter-title\">C\u00e9pages<\/div>\t\t\t<div class=\"elementor-counter-number-wrapper\">\n\t\t\t\t<span class=\"elementor-counter-number-prefix\"><\/span>\n\t\t\t\t<span class=\"elementor-counter-number\" data-duration=\"500\" data-to-value=\"7\" data-from-value=\"0\" data-delimiter=\",\">0<\/span>\n\t\t\t\t<span class=\"elementor-counter-number-suffix\"><\/span>\n\t\t\t<\/div>\n\t\t<\/div>\n\t\t\t\t\t\t<\/div>\n\t\t\t\t<\/div>\n\t\t<div class=\"elementor-element elementor-element-4f9165d e-con-full e-flex e-con e-child\" data-id=\"4f9165d\" data-element_type=\"container\" data-e-type=\"container\">\n\t\t\t\t<div class=\"elementor-element elementor-element-387bb3f elementor-widget elementor-widget-shortcode\" data-id=\"387bb3f\" data-element_type=\"widget\" data-e-type=\"widget\" data-widget_type=\"shortcode.default\">\n\t\t\t\t\t\t\t<div class=\"elementor-shortcode\">  <div class=\"mc-word-cloud\">\r\n          <span class=\"mc-cloud-item mc-cloud-item--size-2 \">\r\n        S\u00e9lection massale        <\/span>\r\n                <span class=\"mc-cloud-item mc-cloud-item--size-3 \">\r\n        Vinification parcellaire        <\/span>\r\n                <span class=\"mc-cloud-item mc-cloud-item--size-4 \">\r\n        Valorisation du terroir        <\/span>\r\n                <span class=\"mc-cloud-item mc-cloud-item--size-3 \">\r\n        Approche vigneronne        <\/span>\r\n                <span class=\"mc-cloud-item mc-cloud-item--size-5 \">\r\n        Agriculture bio        <\/span>\r\n              <\/div>\r\n      <\/div>\n\t\t\t\t\t\t<\/div>\n\t\t\t\t<\/div>\n\t\t\t\t\t<\/div>\n\t\t\t\t<\/div>\n\t\t\t\t<\/div>\n\t\t<section class=\"elementor-element elementor-element-d09e3c6 e-con-full e-flex e-con e-parent\" data-id=\"d09e3c6\" data-element_type=\"container\" data-e-type=\"container\">\n\t\t<div class=\"elementor-element elementor-element-8cdd250 mc-section mc-section--full-left e-con-full e-flex e-con e-child\" data-id=\"8cdd250\" data-element_type=\"container\" data-e-type=\"container\">\n\t\t<div class=\"elementor-element elementor-element-863babb e-con-full mc-section__full e-flex e-con e-child\" data-id=\"863babb\" data-element_type=\"container\" data-e-type=\"container\">\n\t\t\t\t<div class=\"elementor-element elementor-element-d82d7da elementor-widget elementor-widget-image\" data-id=\"d82d7da\" data-element_type=\"widget\" data-e-type=\"widget\" data-widget_type=\"image.default\">\n\t\t\t\t\t\t\t\t\t\t\t\t\t\t\t<img fetchpriority=\"high\" decoding=\"async\" width=\"2560\" height=\"2560\" src=\"https:\/\/www.closdecaille.com\/wp-content\/uploads\/2025\/12\/Sans-titre-12-1.jpg\" class=\"attachment-full size-full wp-image-6262\" alt=\"\" srcset=\"https:\/\/www.closdecaille.com\/wp-content\/uploads\/2025\/12\/Sans-titre-12-1.jpg 2560w, https:\/\/www.closdecaille.com\/wp-content\/uploads\/2025\/12\/Sans-titre-12-1-300x300.jpg 300w, https:\/\/www.closdecaille.com\/wp-content\/uploads\/2025\/12\/Sans-titre-12-1-1024x1024.jpg 1024w, https:\/\/www.closdecaille.com\/wp-content\/uploads\/2025\/12\/Sans-titre-12-1-150x150.jpg 150w, https:\/\/www.closdecaille.com\/wp-content\/uploads\/2025\/12\/Sans-titre-12-1-768x768.jpg 768w, https:\/\/www.closdecaille.com\/wp-content\/uploads\/2025\/12\/Sans-titre-12-1-1536x1536.jpg 1536w, https:\/\/www.closdecaille.com\/wp-content\/uploads\/2025\/12\/Sans-titre-12-1-2048x2048.jpg 2048w, https:\/\/www.closdecaille.com\/wp-content\/uploads\/2025\/12\/Sans-titre-12-1-100x100.jpg 100w\" sizes=\"(max-width: 2560px) 100vw, 2560px\" \/>\t\t\t\t\t\t\t\t\t\t\t\t\t\t\t<\/div>\n\t\t\t\t<\/div>\n\t\t<div class=\"elementor-element elementor-element-dd7f770 e-con-full mc-section__contained e-flex e-con e-child\" data-id=\"dd7f770\" data-element_type=\"container\" data-e-type=\"container\">\n\t\t<div class=\"elementor-element elementor-element-ffa411f e-con-full e-flex e-con e-child\" data-id=\"ffa411f\" data-element_type=\"container\" data-e-type=\"container\">\n\t\t\t\t<div class=\"elementor-element elementor-element-31948a2 elementor-widget elementor-widget-heading\" data-id=\"31948a2\" data-element_type=\"widget\" data-e-type=\"widget\" data-widget_type=\"heading.default\">\n\t\t\t\t\t<h2 class=\"elementor-heading-title elementor-size-default\">Notre Domaine<\/h2>\t\t\t\t<\/div>\n\t\t\t\t<div class=\"elementor-element elementor-element-c57cf81 elementor-widget elementor-widget-text-editor\" data-id=\"c57cf81\" data-element_type=\"widget\" data-e-type=\"widget\" data-widget_type=\"text-editor.default\">\n\t\t\t\t\t\t\t\t\t<p>N\u00e9 de l\u2019intuition visionnaire de Jean-Pierre et Simona Mariotti en 1992, le Clos de Caille est aujourd\u2019hui port\u00e9 par une passion familiale. Il s\u2019affirme comme un lieu d\u2019Excellence o\u00f9 le respect des traditions se conjugue avec un esprit d\u2019innovation. Terroir pr\u00e9destin\u00e9 pour les grands vins, nous avons men\u00e9 des \u00e9tudes p\u00e9dologiques d\u00e9taill\u00e9es afin de cartographier avec pr\u00e9cision les sols et r\u00e9v\u00e9ler tout le potentiel de cette topographie.<\/p><p data-start=\"106\" data-end=\"455\">Dans un univers o\u00f9 le vignoble h\u00e9rite de traditions s\u00e9culaires, l\u2019humilit\u00e9 s\u2019impose : nous faisons n\u00f4tre cet h\u00e9ritage pour cr\u00e9er des vins \u00e9minents et raffin\u00e9s, exprimant avec caract\u00e8re l\u2019\u00e9loquence de leur terroir.<\/p><p data-start=\"457\" data-end=\"887\">La d\u00e9marche vigneronne du Clos de Caille s\u2019incarne dans un vignoble certifi\u00e9 en agriculture biologique depuis le mill\u00e9sime 2024. Notre \u00ab <em>Chai d\u2019\u0152uvre<\/em> \u00bb, reconnu parmi les plus beaux de Provence, nous permet de travailler exclusivement en vinification parcellaire, fa\u00e7onnant la personnalit\u00e9 de nos vins blancs, rouges et ros\u00e9s en parfaite harmonie avec le microclimat qui b\u00e9nit cet \u00e9crin d\u2019exception et de ses sols propices \u00e0 l\u2019expression de grands vins.<\/p><p data-start=\"889\" data-end=\"1077\">Depuis pr\u00e8s de trente ans, nous nous consacrons \u00e0 la restructuration de notre vignoble, avec l\u2019ambition constante de tendre vers l\u2019Excellence viticole.<\/p>\t\t\t\t\t\t\t\t<\/div>\n\t\t\t\t<\/div>\n\t\t\t\t<\/div>\n\t\t\t\t<\/div>\n\t\t\t\t<\/section>\n\t\t<section class=\"elementor-element elementor-element-ea057ac e-con-full e-flex e-con e-parent\" data-id=\"ea057ac\" data-element_type=\"container\" data-e-type=\"container\">\n\t\t<div class=\"elementor-element elementor-element-a828ee1 mc-section mc-section--full-right e-con-full e-flex e-con e-child\" data-id=\"a828ee1\" data-element_type=\"container\" data-e-type=\"container\">\n\t\t<div class=\"elementor-element elementor-element-53b9502 e-con-full mc-section__contained e-flex e-con e-child\" data-id=\"53b9502\" data-element_type=\"container\" data-e-type=\"container\">\n\t\t<div class=\"elementor-element elementor-element-ccbf806 e-con-full e-flex e-con e-child\" data-id=\"ccbf806\" data-element_type=\"container\" data-e-type=\"container\">\n\t\t\t\t<div class=\"elementor-element elementor-element-e24bf6f elementor-widget elementor-widget-heading\" data-id=\"e24bf6f\" data-element_type=\"widget\" data-e-type=\"widget\" data-widget_type=\"heading.default\">\n\t\t\t\t\t<h2 class=\"elementor-heading-title elementor-size-default\">Notre terroir<\/h2>\t\t\t\t<\/div>\n\t\t\t\t<div class=\"elementor-element elementor-element-2000801 elementor-widget elementor-widget-text-editor\" data-id=\"2000801\" data-element_type=\"widget\" data-e-type=\"widget\" data-widget_type=\"text-editor.default\">\n\t\t\t\t\t\t\t\t\t<p data-start=\"110\" data-end=\"497\">Situ\u00e9 entre Entrecasteaux et Saint-Antonin-du-Var, le Clos de Caille s\u2019\u00e9tend sur 160 hectares d\u2019un seul tenant, dont 40 ha de vignoble, au c\u0153ur de la Provence Verte. Son relief de collines en pente douce fa\u00e7onne un vignoble conduit en coteaux, favorisant l\u2019ensoleillement, la circulation de l\u2019air et le drainage naturel. Dans cet \u00e9crin suspendu entre ciel et terre, le Domaine cultive l\u2019\u00e9l\u00e9gance rare des grands vins de Provence.<\/p><p data-start=\"499\" data-end=\"977\">Entre la zone cristalline des Maures et les calcaires jurassiques, le Clos de Caille repose sur une g\u00e9ologie mill\u00e9naire : calcaires datant de 200 \u00e0 250 millions d\u2019ann\u00e9es, sols limono-calcaires m\u00eal\u00e9s de silice, terrasses dolomitiques en coteaux. Nich\u00e9 \u00e0 200 m\u00e8tres d\u2019altitude, il b\u00e9n\u00e9ficie d\u2019un climat temp\u00e9r\u00e9 marqu\u00e9 par de fortes amplitudes thermiques entre le jour et la nuit, source de fra\u00eecheur et de puret\u00e9 aromatique. Nos\u00a0 \u00e9tudes g\u00e9ologiques ont confirm\u00e9 la richesse et la singularit\u00e9 de ce terroir.<\/p><p data-start=\"979\" data-end=\"1333\">Pour pr\u00e9server l\u2019\u00e2me du vignoble, la Famille Mariotti a fait le choix exigeant de la s\u00e9lection massale, men\u00e9e avec le p\u00e9pini\u00e9riste visionnaire Lilian B\u00e9rillon. Avec des rendements volontairement limit\u00e9s, chaque vigne exprime pleinement la diversit\u00e9 g\u00e9n\u00e9tique du v\u00e9g\u00e9tal, donnant naissance \u00e0 des vins \u00e9minents, hommages \u00e0 leur terroir.<\/p><p><em>\u00ab Nos sols g\u00e9n\u00e8rent des \u00e9quilibres tr\u00e8s diff\u00e9rents selon l\u2019altitude et l\u2019exposition. La vinification n\u2019est alors qu\u2019un prolongement de cette lecture du terroir : extraire avec pr\u00e9cision, pr\u00e9server les \u00e9quilibres naturels et laisser chaque cuv\u00e9e exprimer la min\u00e9ralit\u00e9, la tension ou la texture que la vigne a construite au fil de l\u2019ann\u00e9e. <\/em><em>C\u2019est cette rigueur d\u2019interpr\u00e9tation qui donne aux vins leur singularit\u00e9 et leur droiture. \u00bb <\/em><em>\u2014 Matthieu Cosse<\/em><\/p>\t\t\t\t\t\t\t\t<\/div>\n\t\t\t\t<\/div>\n\t\t\t\t<\/div>\n\t\t<div class=\"elementor-element elementor-element-1ff27db e-con-full mc-section__full e-flex e-con e-child\" data-id=\"1ff27db\" data-element_type=\"container\" data-e-type=\"container\">\n\t\t\t\t<div class=\"elementor-element elementor-element-1799f05 elementor-widget elementor-widget-image\" data-id=\"1799f05\" data-element_type=\"widget\" data-e-type=\"widget\" data-widget_type=\"image.default\">\n\t\t\t\t\t\t\t\t\t\t\t\t\t\t\t<img decoding=\"async\" width=\"2560\" height=\"2560\" src=\"https:\/\/www.closdecaille.com\/wp-content\/uploads\/2025\/12\/clos-de-caille-domaine-chai-carre-2.jpg\" class=\"attachment-full size-full wp-image-6263\" alt=\"\" srcset=\"https:\/\/www.closdecaille.com\/wp-content\/uploads\/2025\/12\/clos-de-caille-domaine-chai-carre-2.jpg 2560w, https:\/\/www.closdecaille.com\/wp-content\/uploads\/2025\/12\/clos-de-caille-domaine-chai-carre-2-300x300.jpg 300w, https:\/\/www.closdecaille.com\/wp-content\/uploads\/2025\/12\/clos-de-caille-domaine-chai-carre-2-1024x1024.jpg 1024w, https:\/\/www.closdecaille.com\/wp-content\/uploads\/2025\/12\/clos-de-caille-domaine-chai-carre-2-150x150.jpg 150w, https:\/\/www.closdecaille.com\/wp-content\/uploads\/2025\/12\/clos-de-caille-domaine-chai-carre-2-768x768.jpg 768w, https:\/\/www.closdecaille.com\/wp-content\/uploads\/2025\/12\/clos-de-caille-domaine-chai-carre-2-1536x1536.jpg 1536w, https:\/\/www.closdecaille.com\/wp-content\/uploads\/2025\/12\/clos-de-caille-domaine-chai-carre-2-2048x2048.jpg 2048w, https:\/\/www.closdecaille.com\/wp-content\/uploads\/2025\/12\/clos-de-caille-domaine-chai-carre-2-100x100.jpg 100w\" sizes=\"(max-width: 2560px) 100vw, 2560px\" \/>\t\t\t\t\t\t\t\t\t\t\t\t\t\t\t<\/div>\n\t\t\t\t<\/div>\n\t\t\t\t<\/div>\n\t\t\t\t<\/section>\n\t\t<section class=\"elementor-element elementor-element-2af1c72 e-con-full e-flex e-con e-parent\" data-id=\"2af1c72\" data-element_type=\"container\" data-e-type=\"container\">\n\t\t<div class=\"elementor-element elementor-element-1b6a793 mc-section mc-section--full-left e-con-full e-flex e-con e-child\" data-id=\"1b6a793\" data-element_type=\"container\" data-e-type=\"container\">\n\t\t<div class=\"elementor-element elementor-element-696c8ab e-con-full mc-section__full e-flex e-con e-child\" data-id=\"696c8ab\" data-element_type=\"container\" data-e-type=\"container\">\n\t\t\t\t<div class=\"elementor-element elementor-element-cc35977 elementor-widget elementor-widget-image\" data-id=\"cc35977\" data-element_type=\"widget\" data-e-type=\"widget\" data-widget_type=\"image.default\">\n\t\t\t\t\t\t\t\t\t\t\t\t\t\t\t<img decoding=\"async\" width=\"2560\" height=\"2560\" src=\"https:\/\/www.closdecaille.com\/wp-content\/uploads\/2025\/12\/Sans-titre-1-3.jpg\" class=\"attachment-full size-full wp-image-6264\" alt=\"\" srcset=\"https:\/\/www.closdecaille.com\/wp-content\/uploads\/2025\/12\/Sans-titre-1-3.jpg 2560w, https:\/\/www.closdecaille.com\/wp-content\/uploads\/2025\/12\/Sans-titre-1-3-300x300.jpg 300w, https:\/\/www.closdecaille.com\/wp-content\/uploads\/2025\/12\/Sans-titre-1-3-1024x1024.jpg 1024w, https:\/\/www.closdecaille.com\/wp-content\/uploads\/2025\/12\/Sans-titre-1-3-150x150.jpg 150w, https:\/\/www.closdecaille.com\/wp-content\/uploads\/2025\/12\/Sans-titre-1-3-768x768.jpg 768w, https:\/\/www.closdecaille.com\/wp-content\/uploads\/2025\/12\/Sans-titre-1-3-1536x1536.jpg 1536w, https:\/\/www.closdecaille.com\/wp-content\/uploads\/2025\/12\/Sans-titre-1-3-2048x2048.jpg 2048w, https:\/\/www.closdecaille.com\/wp-content\/uploads\/2025\/12\/Sans-titre-1-3-100x100.jpg 100w\" sizes=\"(max-width: 2560px) 100vw, 2560px\" \/>\t\t\t\t\t\t\t\t\t\t\t\t\t\t\t<\/div>\n\t\t\t\t<\/div>\n\t\t<div class=\"elementor-element elementor-element-f94798b e-con-full mc-section__contained e-flex e-con e-child\" data-id=\"f94798b\" data-element_type=\"container\" data-e-type=\"container\">\n\t\t<div class=\"elementor-element elementor-element-7d787c9 e-con-full e-flex e-con e-child\" data-id=\"7d787c9\" data-element_type=\"container\" data-e-type=\"container\">\n\t\t\t\t<div class=\"elementor-element elementor-element-51679da elementor-widget elementor-widget-heading\" data-id=\"51679da\" data-element_type=\"widget\" data-e-type=\"widget\" data-widget_type=\"heading.default\">\n\t\t\t\t\t<h2 class=\"elementor-heading-title elementor-size-default\">Notre savoir-faire<\/h2>\t\t\t\t<\/div>\n\t\t\t\t<div class=\"elementor-element elementor-element-e32fdbc elementor-widget elementor-widget-text-editor\" data-id=\"e32fdbc\" data-element_type=\"widget\" data-e-type=\"widget\" data-widget_type=\"text-editor.default\">\n\t\t\t\t\t\t\t\t\t<p>Au Clos de Caille, nous sommes anim\u00e9s par la conviction que la qualit\u00e9 du v\u00e9g\u00e9tal est la pierre angulaire des grands vins. Conduit en s\u00e9lection massale et engag\u00e9 dans une viticulture durable, notre vignoble pr\u00e9serve la diversit\u00e9 g\u00e9n\u00e9tique et l\u2019expression naturelle des c\u00e9pages. Nos vignerons veillent \u00e0 la vitalit\u00e9 des sols : observation des cycles, pr\u00e9vention raisonn\u00e9e, interventions cibl\u00e9es, fertilisation organique.<\/p><p>En blanc et ros\u00e9, les pressurages en grappes enti\u00e8res, les fermentations ma\u00eetris\u00e9es et les \u00e9levages sur lies fines garantissent puret\u00e9, tension et pr\u00e9cision. Nos cuv\u00e9es sont \u00e9labor\u00e9es en pressurage direct \u00e0 froid, \u00e0 partir de raisins entiers, des techniques qui assurent une grande limpidit\u00e9 de robe, une finesse tannique remarquable et une expression aromatique nette.<br \/>En rouge, les extractions douces et les \u00e9levages en foudres, \u0153ufs b\u00e9ton ou demi-muids pr\u00e9servent l\u2019int\u00e9grit\u00e9 du fruit et r\u00e9v\u00e8lent toute la profondeur du c\u00e9page.<\/p><p>De la vigne au chai, ce travail exigeant donne naissance \u00e0 des vins profond\u00e9ment enracin\u00e9s dans leur origine, porteurs d\u2019une vision moderne et audacieuse : la signature du Clos de Caille.<\/p>\t\t\t\t\t\t\t\t<\/div>\n\t\t\t\t<\/div>\n\t\t\t\t<\/div>\n\t\t\t\t<\/div>\n\t\t\t\t<\/section>\n\t\t<section class=\"elementor-element elementor-element-c29832a e-con-full e-flex e-con e-parent\" data-id=\"c29832a\" data-element_type=\"container\" data-e-type=\"container\">\n\t\t<div class=\"elementor-element elementor-element-9e31e25 mc-section mc-section--full-right e-con-full e-flex e-con e-child\" data-id=\"9e31e25\" data-element_type=\"container\" data-e-type=\"container\">\n\t\t<div class=\"elementor-element elementor-element-a7ec89f e-con-full mc-section__contained e-flex e-con e-child\" data-id=\"a7ec89f\" data-element_type=\"container\" data-e-type=\"container\">\n\t\t<div class=\"elementor-element elementor-element-d8b569c e-con-full e-flex e-con e-child\" data-id=\"d8b569c\" data-element_type=\"container\" data-e-type=\"container\">\n\t\t\t\t<div class=\"elementor-element elementor-element-0dad30e elementor-widget elementor-widget-heading\" data-id=\"0dad30e\" data-element_type=\"widget\" data-e-type=\"widget\" data-widget_type=\"heading.default\">\n\t\t\t\t\t<h2 class=\"elementor-heading-title elementor-size-default\">Notre Vinification<\/h2>\t\t\t\t<\/div>\n\t\t\t\t<div class=\"elementor-element elementor-element-f6c84e4 elementor-widget elementor-widget-text-editor\" data-id=\"f6c84e4\" data-element_type=\"widget\" data-e-type=\"widget\" data-widget_type=\"text-editor.default\">\n\t\t\t\t\t\t\t\t\t<p data-start=\"189\" data-end=\"466\">Avec ses vignes am\u00e9nag\u00e9es en restanques, le Clos de Caille compose une v\u00e9ritable mosa\u00efque de terroirs dont nous nous attachons \u00e0 r\u00e9v\u00e9ler chaque nuance. Chaque parcelle est vendang\u00e9e puis vinifi\u00e9e s\u00e9par\u00e9ment afin d\u2019exprimer pleinement son potentiel avant les assemblages finaux.<\/p><p data-start=\"468\" data-end=\"1016\">Nous cultivons nos vignes avec une approche artisanale, guid\u00e9e par la patience, la pr\u00e9cision et le respect du vivant. Jour apr\u00e8s jour, nos ma\u00eetres vignerons veillent \u00e0 l\u2019\u00e9quilibre des parcelles. Cette compr\u00e9hension intime de la vigne permet \u00e0 chaque c\u00e9page de porter la singularit\u00e9 de notre terroir. Blanc, rouge ou ros\u00e9, chaque mill\u00e9sime na\u00eet de cette alchimie entre un terroir vivant et un savoir-faire exigeant.<\/p><p data-start=\"1018\" data-end=\"1437\">Le Clos de Caille entreprend ses travaux dans une d\u00e9marche \u00ab Grands Crus \u00bb, en pratiquant une s\u00e9lection parcellaire minutieuse et un ramassage \u00e0 maturit\u00e9 optimale pour chacune d\u2019entre elles.<br \/>Nos contenants sont soigneusement choisis et adapt\u00e9s \u00e0 la personnalit\u00e9 de chaque c\u00e9page, non pour marquer le vin, mais pour lui offrir un suppl\u00e9ment d\u2019\u00e2me, celui des crus les plus fins.<\/p>\t\t\t\t\t\t\t\t<\/div>\n\t\t\t\t<\/div>\n\t\t\t\t<\/div>\n\t\t<div class=\"elementor-element elementor-element-74bb531 e-con-full mc-section__full e-flex e-con e-child\" data-id=\"74bb531\" data-element_type=\"container\" data-e-type=\"container\">\n\t\t\t\t<div class=\"elementor-element elementor-element-f0c604e elementor-widget elementor-widget-image\" data-id=\"f0c604e\" data-element_type=\"widget\" data-e-type=\"widget\" data-widget_type=\"image.default\">\n\t\t\t\t\t\t\t\t\t\t\t\t\t\t\t<img loading=\"lazy\" decoding=\"async\" width=\"2560\" height=\"2560\" src=\"https:\/\/www.closdecaille.com\/wp-content\/uploads\/2025\/12\/IMG_0052-1-scaled-2560p.jpg\" class=\"attachment-full size-full wp-image-6265\" alt=\"\" srcset=\"https:\/\/www.closdecaille.com\/wp-content\/uploads\/2025\/12\/IMG_0052-1-scaled-2560p.jpg 2560w, https:\/\/www.closdecaille.com\/wp-content\/uploads\/2025\/12\/IMG_0052-1-scaled-2560p-300x300.jpg 300w, https:\/\/www.closdecaille.com\/wp-content\/uploads\/2025\/12\/IMG_0052-1-scaled-2560p-1024x1024.jpg 1024w, https:\/\/www.closdecaille.com\/wp-content\/uploads\/2025\/12\/IMG_0052-1-scaled-2560p-150x150.jpg 150w, https:\/\/www.closdecaille.com\/wp-content\/uploads\/2025\/12\/IMG_0052-1-scaled-2560p-768x768.jpg 768w, https:\/\/www.closdecaille.com\/wp-content\/uploads\/2025\/12\/IMG_0052-1-scaled-2560p-1536x1536.jpg 1536w, https:\/\/www.closdecaille.com\/wp-content\/uploads\/2025\/12\/IMG_0052-1-scaled-2560p-2048x2048.jpg 2048w, https:\/\/www.closdecaille.com\/wp-content\/uploads\/2025\/12\/IMG_0052-1-scaled-2560p-100x100.jpg 100w\" sizes=\"(max-width: 2560px) 100vw, 2560px\" \/>\t\t\t\t\t\t\t\t\t\t\t\t\t\t\t<\/div>\n\t\t\t\t<\/div>\n\t\t\t\t<\/div>\n\t\t\t\t<\/section>\n\t\t<section class=\"elementor-element elementor-element-7058c5d e-con-full e-flex e-con e-parent\" data-id=\"7058c5d\" data-element_type=\"container\" data-e-type=\"container\">\n\t\t<div class=\"elementor-element elementor-element-bfaca14 mc-section mc-section--full-left e-con-full e-flex e-con e-child\" data-id=\"bfaca14\" data-element_type=\"container\" data-e-type=\"container\">\n\t\t<div class=\"elementor-element elementor-element-eebf204 e-con-full mc-section__full e-flex e-con e-child\" data-id=\"eebf204\" data-element_type=\"container\" data-e-type=\"container\">\n\t\t\t\t<div class=\"elementor-element elementor-element-55f2ca0 elementor-widget elementor-widget-image\" data-id=\"55f2ca0\" data-element_type=\"widget\" data-e-type=\"widget\" data-widget_type=\"image.default\">\n\t\t\t\t\t\t\t\t\t\t\t\t\t\t\t<img loading=\"lazy\" decoding=\"async\" width=\"2560\" height=\"2560\" src=\"https:\/\/www.closdecaille.com\/wp-content\/uploads\/2025\/12\/clos-de-caille-domaine-platane-et-fontaine-carre-1.jpg\" class=\"attachment-full size-full wp-image-6266\" alt=\"\" srcset=\"https:\/\/www.closdecaille.com\/wp-content\/uploads\/2025\/12\/clos-de-caille-domaine-platane-et-fontaine-carre-1.jpg 2560w, https:\/\/www.closdecaille.com\/wp-content\/uploads\/2025\/12\/clos-de-caille-domaine-platane-et-fontaine-carre-1-300x300.jpg 300w, https:\/\/www.closdecaille.com\/wp-content\/uploads\/2025\/12\/clos-de-caille-domaine-platane-et-fontaine-carre-1-1024x1024.jpg 1024w, https:\/\/www.closdecaille.com\/wp-content\/uploads\/2025\/12\/clos-de-caille-domaine-platane-et-fontaine-carre-1-150x150.jpg 150w, https:\/\/www.closdecaille.com\/wp-content\/uploads\/2025\/12\/clos-de-caille-domaine-platane-et-fontaine-carre-1-768x768.jpg 768w, https:\/\/www.closdecaille.com\/wp-content\/uploads\/2025\/12\/clos-de-caille-domaine-platane-et-fontaine-carre-1-1536x1536.jpg 1536w, https:\/\/www.closdecaille.com\/wp-content\/uploads\/2025\/12\/clos-de-caille-domaine-platane-et-fontaine-carre-1-2048x2048.jpg 2048w, https:\/\/www.closdecaille.com\/wp-content\/uploads\/2025\/12\/clos-de-caille-domaine-platane-et-fontaine-carre-1-100x100.jpg 100w\" sizes=\"(max-width: 2560px) 100vw, 2560px\" \/>\t\t\t\t\t\t\t\t\t\t\t\t\t\t\t<\/div>\n\t\t\t\t<\/div>\n\t\t<div class=\"elementor-element elementor-element-a04e103 e-con-full mc-section__contained e-flex e-con e-child\" data-id=\"a04e103\" data-element_type=\"container\" data-e-type=\"container\">\n\t\t<div class=\"elementor-element elementor-element-98e394d e-con-full e-flex e-con e-child\" data-id=\"98e394d\" data-element_type=\"container\" data-e-type=\"container\">\n\t\t\t\t<div class=\"elementor-element elementor-element-5c775ec elementor-widget elementor-widget-heading\" data-id=\"5c775ec\" data-element_type=\"widget\" data-e-type=\"widget\" data-widget_type=\"heading.default\">\n\t\t\t\t\t<h2 class=\"elementor-heading-title elementor-size-default\">Nos Engagements<\/h2>\t\t\t\t<\/div>\n\t\t\t\t<div class=\"elementor-element elementor-element-e40c624 elementor-widget elementor-widget-text-editor\" data-id=\"e40c624\" data-element_type=\"widget\" data-e-type=\"widget\" data-widget_type=\"text-editor.default\">\n\t\t\t\t\t\t\t\t\t<p>Conscients que la nature nous offre la plus belle des \u0153uvres, nous mettons notre savoir-faire au service de sa splendeur.<\/p><p>Depuis le mill\u00e9sime 2021, le Clos de Caille rena\u00eet sous l\u2019impulsion de la famille Mariotti, dont le travail quotidien s\u2019attache \u00e0 r\u00e9v\u00e9ler la g\u00e9n\u00e9rosit\u00e9 et la singularit\u00e9 de ce terroir. D\u00e8s ce premier mill\u00e9sime, le Domaine a fait le choix de la s\u00e9lection massale, initi\u00e9e aux c\u00f4t\u00e9s du p\u00e9pini\u00e9riste pr\u00e9curseur Lilian B\u00e9rillon. Cette d\u00e9marche pr\u00e9serve la diversit\u00e9 g\u00e9n\u00e9tique des c\u00e9pages et s\u00e9lectionne les plants les plus adapt\u00e9s \u00e0 notre terroir comme aux \u00e9volutions du climat.<\/p><p>Anim\u00e9s par une viticulture durable et respectueuse du v\u00e9g\u00e9tal, nous sommes convaincus qu\u2019un grand vin na\u00eet avant tout dans la vigne ; la vinification n\u2019en est que la r\u00e9v\u00e9lation. Investir dans la diversit\u00e9 g\u00e9n\u00e9tique, c\u2019est assurer l\u2019avenir de nos vignes.<\/p><p>Dans ce paysage suspendu entre ciel et terre, le Clos de Caille cultive, en toute discr\u00e9tion, l\u2019\u00e9l\u00e9gance rare des <strong>grands vins de Provence<\/strong>.<\/p><p>Sur nos 40 hectares de vignoble certifi\u00e9s en Agriculture Biologique, nous pr\u00e9servons un \u00e9cosyst\u00e8me vivant qui permet au terroir d\u2019exprimer toute son authenticit\u00e9. Notre qu\u00eate de justesse allie exigence technique et sensibilit\u00e9 vigneronne pour r\u00e9v\u00e9ler la finesse et la profondeur de nos parcelles, l\u00e0 o\u00f9 le vin devient ma\u00eetrise et \u00e9motion.<\/p>\t\t\t\t\t\t\t\t<\/div>\n\t\t\t\t<\/div>\n\t\t\t\t<\/div>\n\t\t\t\t<\/div>\n\t\t\t\t<\/section>\n\t\t<section class=\"elementor-element elementor-element-5843d39 e-con-full e-flex e-con e-parent\" data-id=\"5843d39\" data-element_type=\"container\" data-e-type=\"container\">\n\t\t<div class=\"elementor-element elementor-element-b6b4d13 e-con-full e-flex e-con e-child\" data-id=\"b6b4d13\" data-element_type=\"container\" data-e-type=\"container\" data-settings=\"{&quot;background_background&quot;:&quot;classic&quot;}\">\n\t\t\t\t<div class=\"elementor-element elementor-element-c11afe5 elementor-widget elementor-widget-text-editor\" data-id=\"c11afe5\" data-element_type=\"widget\" data-e-type=\"widget\" data-widget_type=\"text-editor.default\">\n\t\t\t\t\t\t\t\t\t<p>La signature pour les tables d\u2019exception<\/p>\t\t\t\t\t\t\t\t<\/div>\n\t\t\t\t<div class=\"elementor-element elementor-element-28b334b elementor-widget elementor-widget-heading\" data-id=\"28b334b\" data-element_type=\"widget\" data-e-type=\"widget\" data-widget_type=\"heading.default\">\n\t\t\t\t\t<span class=\"elementor-heading-title elementor-size-default\">L\u2019EXCELLENCE ET LA CR\u00c9ATION AU SERVICE DU TERROIR<\/span>\t\t\t\t<\/div>\n\t\t\t\t<div class=\"elementor-element elementor-element-95b27cf elementor-widget elementor-widget-button\" data-id=\"95b27cf\" data-element_type=\"widget\" data-e-type=\"widget\" data-widget_type=\"button.default\">\n\t\t\t\t\t\t\t\t\t\t<a class=\"elementor-button elementor-button-link elementor-size-sm\" href=\"https:\/\/www.closdecaille.com\/en\/boutique\/\">\n\t\t\t\t\t\t<span class=\"elementor-button-content-wrapper\">\n\t\t\t\t\t\t\t\t\t<span class=\"elementor-button-text\">Aller \u00e0 la boutique<\/span>\n\t\t\t\t\t<\/span>\n\t\t\t\t\t<\/a>\n\t\t\t\t\t\t\t\t<\/div>\n\t\t\t\t<\/div>\n\t\t\t\t<\/section>\n\t\t<div class=\"elementor-element elementor-element-322e3f4 e-con-full e-flex e-con e-parent\" data-id=\"322e3f4\" data-element_type=\"container\" data-e-type=\"container\">\n\t\t\t\t<div class=\"elementor-element elementor-element-bb198d1 elementor-widget elementor-widget-template\" data-id=\"bb198d1\" data-element_type=\"widget\" data-e-type=\"widget\" data-widget_type=\"template.default\">\n\t\t\t\t<div class=\"elementor-widget-container\">\n\t\t\t\t\t\t\t<div class=\"elementor-template\">\n\t\t\t\t\t<div data-elementor-type=\"container\" data-elementor-id=\"5970\" class=\"elementor elementor-5970\" data-elementor-post-type=\"elementor_library\">\n\t\t\t\t<section class=\"elementor-element elementor-element-141308b5 e-con-full e-flex e-con e-parent\" data-id=\"141308b5\" data-element_type=\"container\" data-e-type=\"container\">\n\t\t<div class=\"elementor-element elementor-element-35b0e3d0 mc-section mc-section--full-right e-con-full e-flex e-con e-child\" data-id=\"35b0e3d0\" data-element_type=\"container\" data-e-type=\"container\">\n\t\t<div class=\"elementor-element elementor-element-1d697739 e-con-full mc-section__contained e-flex e-con e-child\" data-id=\"1d697739\" data-element_type=\"container\" data-e-type=\"container\">\n\t\t\t\t<div class=\"elementor-element elementor-element-110aaf7f elementor-widget elementor-widget-heading\" data-id=\"110aaf7f\" data-element_type=\"widget\" data-e-type=\"widget\" data-widget_type=\"heading.default\">\n\t\t\t\t\t<span class=\"elementor-heading-title elementor-size-default\">Questions Fr\u00e9quentes<\/span>\t\t\t\t<\/div>\n\t\t\t\t<div class=\"elementor-element elementor-element-419991a5 elementor-widget elementor-widget-n-accordion\" data-id=\"419991a5\" data-element_type=\"widget\" data-e-type=\"widget\" data-settings=\"{&quot;default_state&quot;:&quot;all_collapsed&quot;,&quot;max_items_expended&quot;:&quot;one&quot;,&quot;n_accordion_animation_duration&quot;:{&quot;unit&quot;:&quot;ms&quot;,&quot;size&quot;:400,&quot;sizes&quot;:[]}}\" data-widget_type=\"nested-accordion.default\">\n\t\t\t\t\t\t\t<div class=\"e-n-accordion\" aria-label=\"Accordion. Open links with Enter or Space, close with Escape, and navigate with Arrow Keys\">\n\t\t\t\t\t\t<details id=\"e-n-accordion-item-1100\" class=\"e-n-accordion-item\" >\n\t\t\t\t<summary class=\"e-n-accordion-item-title\" data-accordion-index=\"1\" tabindex=\"0\" aria-expanded=\"false\" aria-controls=\"e-n-accordion-item-1100\" >\n\t\t\t\t\t<span class='e-n-accordion-item-title-header'><h2 class=\"e-n-accordion-item-title-text\"> O\u00f9 est situ\u00e9 le Domaine viticole Clos de Caille ? <\/h2><\/span>\n\t\t\t\t\t\t\t<span class='e-n-accordion-item-title-icon'>\n\t\t\t<span class='e-opened' ><i aria-hidden=\"true\" class=\"tablericon- tabler-icon-chevron-down\"><\/i><\/span>\n\t\t\t<span class='e-closed'><i aria-hidden=\"true\" class=\"tablericon- tabler-icon-chevron-right\"><\/i><\/span>\n\t\t<\/span>\n\n\t\t\t\t\t\t<\/summary>\n\t\t\t\t<div role=\"region\" aria-labelledby=\"e-n-accordion-item-1100\" class=\"elementor-element elementor-element-8562d8e e-con-full e-flex e-con e-child\" data-id=\"8562d8e\" data-element_type=\"container\" data-e-type=\"container\">\n\t\t\t\t<div class=\"elementor-element elementor-element-73d08e5d mc-u-hover-underline-links elementor-widget elementor-widget-text-editor\" data-id=\"73d08e5d\" data-element_type=\"widget\" data-e-type=\"widget\" data-widget_type=\"text-editor.default\">\n\t\t\t\t\t\t\t\t\t<p>Le <strong>Domaine Clos de Caille<\/strong> s\u2019\u00e9tend sur une centaine d\u2019hectares entre les communes d\u2019Entrecasteaux et Saint-Antonin-du-Var, \u00e0 35 km au Nord-Ouest du Golfe de Saint-Tropez. Nich\u00e9 \u00e0 200 m\u00e8tres d\u2019altitude, notre <strong>Domaine viticole en Provence<\/strong> se d\u00e9veloppe sur 160 hectares d\u2019un seul tenant \u00e0 cheval, entre la Provence Verte, la Drac\u00e9nie et le C\u0153ur du Var.<\/p>\t\t\t\t\t\t\t\t<\/div>\n\t\t\t\t<\/div>\n\t\t\t\t\t<\/details>\n\t\t\t\t\t\t<details id=\"e-n-accordion-item-1101\" class=\"e-n-accordion-item\" >\n\t\t\t\t<summary class=\"e-n-accordion-item-title\" data-accordion-index=\"2\" tabindex=\"-1\" aria-expanded=\"false\" aria-controls=\"e-n-accordion-item-1101\" >\n\t\t\t\t\t<span class='e-n-accordion-item-title-header'><h2 class=\"e-n-accordion-item-title-text\"> Quels types de vins produisez-vous au Domaine viticole Clos de Caille ? <\/h2><\/span>\n\t\t\t\t\t\t\t<span class='e-n-accordion-item-title-icon'>\n\t\t\t<span class='e-opened' ><i aria-hidden=\"true\" class=\"tablericon- tabler-icon-chevron-down\"><\/i><\/span>\n\t\t\t<span class='e-closed'><i aria-hidden=\"true\" class=\"tablericon- tabler-icon-chevron-right\"><\/i><\/span>\n\t\t<\/span>\n\n\t\t\t\t\t\t<\/summary>\n\t\t\t\t<div role=\"region\" aria-labelledby=\"e-n-accordion-item-1101\" class=\"elementor-element elementor-element-1e573f6a e-con-full e-flex e-con e-child\" data-id=\"1e573f6a\" data-element_type=\"container\" data-e-type=\"container\">\n\t\t\t\t<div class=\"elementor-element elementor-element-2a81aea5 mc-u-hover-underline-links elementor-widget elementor-widget-text-editor\" data-id=\"2a81aea5\" data-element_type=\"widget\" data-e-type=\"widget\" data-widget_type=\"text-editor.default\">\n\t\t\t\t\t\t\t\t\t<p>Nous produisons des vins Rouges, Blancs et Ros\u00e9s, tous assembl\u00e9s sous la Direction technique de Matthieu Cosse. Nos Blancs mettent en valeur le c\u00e9page Rolle. Nos Rouges et Ros\u00e9s sont issus d\u2019assemblages avec des c\u00e9pages comme le Syrah, le Grenache ou le Cinsault. Tous nos vins sont AOP C\u00f4tes de Provence et certifi\u00e9s bio depuis le mill\u00e9sime 2024.<\/p><p>Notre gamme Clos de Caille se d\u00e9cline dans les trois couleurs, dont 3 T\u00eates de Cuv\u00e9e, Clos de Caille \u00ab Patrius \u00bb en Rouge, Clos de Caille \u00ab Lucis \u00bb en Blanc et Clos de Caille \u00ab Clarisse \u00bb en Ros\u00e9. Notre vin, The One, id\u00e9al pour vos moments festifs et conviviaux se d\u00e9cline en Blanc et Ros\u00e9 dans 2 formats in\u00e9dits : 50cl et 1L.<\/p>\t\t\t\t\t\t\t\t<\/div>\n\t\t\t\t<\/div>\n\t\t\t\t\t<\/details>\n\t\t\t\t\t\t<details id=\"e-n-accordion-item-1102\" class=\"e-n-accordion-item\" >\n\t\t\t\t<summary class=\"e-n-accordion-item-title\" data-accordion-index=\"3\" tabindex=\"-1\" aria-expanded=\"false\" aria-controls=\"e-n-accordion-item-1102\" >\n\t\t\t\t\t<span class='e-n-accordion-item-title-header'><h2 class=\"e-n-accordion-item-title-text\"> Les vins produits au Domaine Clos de Caille sont-ils bio ? <\/h2><\/span>\n\t\t\t\t\t\t\t<span class='e-n-accordion-item-title-icon'>\n\t\t\t<span class='e-opened' ><i aria-hidden=\"true\" class=\"tablericon- tabler-icon-chevron-down\"><\/i><\/span>\n\t\t\t<span class='e-closed'><i aria-hidden=\"true\" class=\"tablericon- tabler-icon-chevron-right\"><\/i><\/span>\n\t\t<\/span>\n\n\t\t\t\t\t\t<\/summary>\n\t\t\t\t<div role=\"region\" aria-labelledby=\"e-n-accordion-item-1102\" class=\"elementor-element elementor-element-7a8bf4a e-con-full e-flex e-con e-child\" data-id=\"7a8bf4a\" data-element_type=\"container\" data-e-type=\"container\">\n\t\t\t\t<div class=\"elementor-element elementor-element-7f3fef65 mc-u-hover-underline-links elementor-widget elementor-widget-text-editor\" data-id=\"7f3fef65\" data-element_type=\"widget\" data-e-type=\"widget\" data-widget_type=\"text-editor.default\">\n\t\t\t\t\t\t\t\t\t<p>Au Domaine Clos de Caille, le respect de l\u2019environnement est une priorit\u00e9 absolue. Certifi\u00e9s en Agriculture Biologique depuis le mill\u00e9sime 2024, nous avons adopt\u00e9 une d\u00e9marche artisanale et traditionnelle.<\/p><p>Nos artisans vignerons privil\u00e9gient notamment l\u2019utilisation d\u2019engrais organiques, associ\u00e9s \u00e0 des composts de sarments, de v\u00e9g\u00e9taux et de fumier. La surveillance, la pr\u00e9vention et l\u2019analyse des cycles pathologiques conduisent \u00e0 des r\u00e9ponses raisonn\u00e9es, quelle que soit la saison afin de pr\u00e9server la sant\u00e9 de nos sols et la qualit\u00e9 de notre vin.<\/p>\t\t\t\t\t\t\t\t<\/div>\n\t\t\t\t<\/div>\n\t\t\t\t\t<\/details>\n\t\t\t\t\t\t<details id=\"e-n-accordion-item-1103\" class=\"e-n-accordion-item\" >\n\t\t\t\t<summary class=\"e-n-accordion-item-title\" data-accordion-index=\"4\" tabindex=\"-1\" aria-expanded=\"false\" aria-controls=\"e-n-accordion-item-1103\" >\n\t\t\t\t\t<span class='e-n-accordion-item-title-header'><h2 class=\"e-n-accordion-item-title-text\"> Comment choisir le vin C\u00f4tes de Provence qui me convient ? <\/h2><\/span>\n\t\t\t\t\t\t\t<span class='e-n-accordion-item-title-icon'>\n\t\t\t<span class='e-opened' ><i aria-hidden=\"true\" class=\"tablericon- tabler-icon-chevron-down\"><\/i><\/span>\n\t\t\t<span class='e-closed'><i aria-hidden=\"true\" class=\"tablericon- tabler-icon-chevron-right\"><\/i><\/span>\n\t\t<\/span>\n\n\t\t\t\t\t\t<\/summary>\n\t\t\t\t<div role=\"region\" aria-labelledby=\"e-n-accordion-item-1103\" class=\"elementor-element elementor-element-1363c578 e-con-full e-flex e-con e-child\" data-id=\"1363c578\" data-element_type=\"container\" data-e-type=\"container\">\n\t\t\t\t<div class=\"elementor-element elementor-element-290384d mc-u-hover-underline-links elementor-widget elementor-widget-text-editor\" data-id=\"290384d\" data-element_type=\"widget\" data-e-type=\"widget\" data-widget_type=\"text-editor.default\">\n\t\t\t\t\t\t\t\t\t<p>Chaque vin Clos de Caille est unique, refl\u00e9tant le savoir-faire et la typicit\u00e9 de notre terroir cultiv\u00e9 au Domaine. Notre \u00e9quipe est \u00e0 votre disposition pour vous conseiller sur le vin qui correspondra le mieux \u00e0 vos go\u00fbts et \u00e0 vos occasions.<\/p>\t\t\t\t\t\t\t\t<\/div>\n\t\t\t\t<\/div>\n\t\t\t\t\t<\/details>\n\t\t\t\t\t\t<details id=\"e-n-accordion-item-1104\" class=\"e-n-accordion-item\" >\n\t\t\t\t<summary class=\"e-n-accordion-item-title\" data-accordion-index=\"5\" tabindex=\"-1\" aria-expanded=\"false\" aria-controls=\"e-n-accordion-item-1104\" >\n\t\t\t\t\t<span class='e-n-accordion-item-title-header'><h2 class=\"e-n-accordion-item-title-text\"> Peut-on faire une d\u00e9gustation de vins au Clos de Caille ? <\/h2><\/span>\n\t\t\t\t\t\t\t<span class='e-n-accordion-item-title-icon'>\n\t\t\t<span class='e-opened' ><i aria-hidden=\"true\" class=\"tablericon- tabler-icon-chevron-down\"><\/i><\/span>\n\t\t\t<span class='e-closed'><i aria-hidden=\"true\" class=\"tablericon- tabler-icon-chevron-right\"><\/i><\/span>\n\t\t<\/span>\n\n\t\t\t\t\t\t<\/summary>\n\t\t\t\t<div role=\"region\" aria-labelledby=\"e-n-accordion-item-1104\" class=\"elementor-element elementor-element-1500d07f e-con-full e-flex e-con e-child\" data-id=\"1500d07f\" data-element_type=\"container\" data-e-type=\"container\">\n\t\t\t\t<div class=\"elementor-element elementor-element-3085f3e8 mc-u-hover-underline-links elementor-widget elementor-widget-text-editor\" data-id=\"3085f3e8\" data-element_type=\"widget\" data-e-type=\"widget\" data-widget_type=\"text-editor.default\">\n\t\t\t\t\t\t\t\t\t<p>Nous proposons des d\u00e9gustations de vins sur rendez-vous exclusivement. Pour organiser une visite ou pour des informations suppl\u00e9mentaires, n\u2019h\u00e9sitez pas \u00e0 contacter notre service client, qui se fera un plaisir de vous accompagner dans votre projet.<\/p>\t\t\t\t\t\t\t\t<\/div>\n\t\t\t\t<\/div>\n\t\t\t\t\t<\/details>\n\t\t\t\t\t\t<details id=\"e-n-accordion-item-1105\" class=\"e-n-accordion-item\" >\n\t\t\t\t<summary class=\"e-n-accordion-item-title\" data-accordion-index=\"6\" tabindex=\"-1\" aria-expanded=\"false\" aria-controls=\"e-n-accordion-item-1105\" >\n\t\t\t\t\t<span class='e-n-accordion-item-title-header'><h2 class=\"e-n-accordion-item-title-text\"> Proposez-vous des coffrets cadeaux ? <\/h2><\/span>\n\t\t\t\t\t\t\t<span class='e-n-accordion-item-title-icon'>\n\t\t\t<span class='e-opened' ><i aria-hidden=\"true\" class=\"tablericon- tabler-icon-chevron-down\"><\/i><\/span>\n\t\t\t<span class='e-closed'><i aria-hidden=\"true\" class=\"tablericon- tabler-icon-chevron-right\"><\/i><\/span>\n\t\t<\/span>\n\n\t\t\t\t\t\t<\/summary>\n\t\t\t\t<div role=\"region\" aria-labelledby=\"e-n-accordion-item-1105\" class=\"elementor-element elementor-element-76e261d8 e-con-full e-flex e-con e-child\" data-id=\"76e261d8\" data-element_type=\"container\" data-e-type=\"container\">\n\t\t\t\t<div class=\"elementor-element elementor-element-571c974d mc-u-hover-underline-links elementor-widget elementor-widget-text-editor\" data-id=\"571c974d\" data-element_type=\"widget\" data-e-type=\"widget\" data-widget_type=\"text-editor.default\">\n\t\t\t\t\t\t\t\t\t<p>Oui, nous proposons des coffrets incluant les meilleures cuv\u00e9es de notre gamme Clos de Caille (Rouge, Blanc et Ros\u00e9), parfaits pour offrir lors d\u2019occasions sp\u00e9ciales.<\/p>\t\t\t\t\t\t\t\t<\/div>\n\t\t\t\t<\/div>\n\t\t\t\t\t<\/details>\n\t\t\t\t\t\t<details id=\"e-n-accordion-item-1106\" class=\"e-n-accordion-item\" >\n\t\t\t\t<summary class=\"e-n-accordion-item-title\" data-accordion-index=\"7\" tabindex=\"-1\" aria-expanded=\"false\" aria-controls=\"e-n-accordion-item-1106\" >\n\t\t\t\t\t<span class='e-n-accordion-item-title-header'><h2 class=\"e-n-accordion-item-title-text\"> Dans quels pays la livraison est-elle possible ? <\/h2><\/span>\n\t\t\t\t\t\t\t<span class='e-n-accordion-item-title-icon'>\n\t\t\t<span class='e-opened' ><i aria-hidden=\"true\" class=\"tablericon- tabler-icon-chevron-down\"><\/i><\/span>\n\t\t\t<span class='e-closed'><i aria-hidden=\"true\" class=\"tablericon- tabler-icon-chevron-right\"><\/i><\/span>\n\t\t<\/span>\n\n\t\t\t\t\t\t<\/summary>\n\t\t\t\t<div role=\"region\" aria-labelledby=\"e-n-accordion-item-1106\" class=\"elementor-element elementor-element-60e3dde6 e-con-full e-flex e-con e-child\" data-id=\"60e3dde6\" data-element_type=\"container\" data-e-type=\"container\">\n\t\t\t\t<div class=\"elementor-element elementor-element-4a484e42 mc-u-hover-underline-links elementor-widget elementor-widget-text-editor\" data-id=\"4a484e42\" data-element_type=\"widget\" data-e-type=\"widget\" data-widget_type=\"text-editor.default\">\n\t\t\t\t\t\t\t\t\t<p>La livraison de nos vins est possible partout en France M\u00e9tropolitaine et \u00e0 Monaco. \u00c0 partir de 100\u20ac d&rsquo;achat, celle-ci est offerte. Pour toute demande de renseignement, n\u2019h\u00e9sitez pas \u00e0 contacter notre service client par t\u00e9l\u00e9phone : <a href=\"tel:+33988663844\">+33 (0)9 88 66 38 44<\/a> ou par email : <a href=\"mailto:info@closdecaille.com\">info@closdecaille.com<\/a>.<\/p>\t\t\t\t\t\t\t\t<\/div>\n\t\t\t\t<\/div>\n\t\t\t\t\t<\/details>\n\t\t\t\t\t<\/div>\n\t\t\t\t\t<script type=\"application\/ld+json\">{\"@context\":\"https:\\\/\\\/schema.org\",\"@type\":\"FAQPage\",\"mainEntity\":[{\"@type\":\"Question\",\"name\":\"O\\u00f9 est situ\\u00e9 le Domaine viticole Clos de Caille ?\",\"acceptedAnswer\":{\"@type\":\"Answer\",\"text\":\"Le Domaine Clos de Caille s\\u2019\\u00e9tend sur une centaine d\\u2019hectares entre les communes d\\u2019Entrecasteaux et Saint-Antonin-du-Var, \\u00e0 35 km au Nord-Ouest du Golfe de Saint-Tropez. Nich\\u00e9 \\u00e0 200 m\\u00e8tres d\\u2019altitude, notre Domaine viticole en Provence se d\\u00e9veloppe sur 160 hectares d\\u2019un seul tenant \\u00e0 cheval, entre la Provence Verte, la Drac\\u00e9nie et le C\\u0153ur du Var.\"}},{\"@type\":\"Question\",\"name\":\"Quels types de vins produisez-vous au Domaine viticole Clos de Caille ?\",\"acceptedAnswer\":{\"@type\":\"Answer\",\"text\":\"Nous produisons des vins Rouges, Blancs et Ros\\u00e9s, tous assembl\\u00e9s sous la Direction technique de Matthieu Cosse. Nos Blancs mettent en valeur le c\\u00e9page Rolle. Nos Rouges et Ros\\u00e9s sont issus d\\u2019assemblages avec des c\\u00e9pages comme le Syrah, le Grenache ou le Cinsault. Tous nos vins sont AOP C\\u00f4tes de Provence et certifi\\u00e9s bio depuis le mill\\u00e9sime 2024.Notre gamme Clos de Caille se d\\u00e9cline dans les trois couleurs, dont 3 T\\u00eates de Cuv\\u00e9e, Clos de Caille \\u00ab Patrius \\u00bb en Rouge, Clos de Caille \\u00ab Lucis \\u00bb en Blanc et Clos de Caille \\u00ab Clarisse \\u00bb en Ros\\u00e9. Notre vin, The One, id\\u00e9al pour vos moments festifs et conviviaux se d\\u00e9cline en Blanc et Ros\\u00e9 dans 2 formats in\\u00e9dits : 50cl et 1L.\"}},{\"@type\":\"Question\",\"name\":\"Les vins produits au Domaine Clos de Caille sont-ils bio ?\",\"acceptedAnswer\":{\"@type\":\"Answer\",\"text\":\"Au Domaine Clos de Caille, le respect de l\\u2019environnement est une priorit\\u00e9 absolue. Certifi\\u00e9s en Agriculture Biologique depuis le mill\\u00e9sime 2024, nous avons adopt\\u00e9 une d\\u00e9marche artisanale et traditionnelle.Nos artisans vignerons privil\\u00e9gient notamment l\\u2019utilisation d\\u2019engrais organiques, associ\\u00e9s \\u00e0 des composts de sarments, de v\\u00e9g\\u00e9taux et de fumier. La surveillance, la pr\\u00e9vention et l\\u2019analyse des cycles pathologiques conduisent \\u00e0 des r\\u00e9ponses raisonn\\u00e9es, quelle que soit la saison afin de pr\\u00e9server la sant\\u00e9 de nos sols et la qualit\\u00e9 de notre vin.\"}},{\"@type\":\"Question\",\"name\":\"Comment choisir le vin C\\u00f4tes de Provence qui me convient ?\",\"acceptedAnswer\":{\"@type\":\"Answer\",\"text\":\"Chaque vin Clos de Caille est unique, refl\\u00e9tant le savoir-faire et la typicit\\u00e9 de notre terroir cultiv\\u00e9 au Domaine. Notre \\u00e9quipe est \\u00e0 votre disposition pour vous conseiller sur le vin qui correspondra le mieux \\u00e0 vos go\\u00fbts et \\u00e0 vos occasions.\"}},{\"@type\":\"Question\",\"name\":\"Peut-on faire une d\\u00e9gustation de vins au Clos de Caille ?\",\"acceptedAnswer\":{\"@type\":\"Answer\",\"text\":\"Nous proposons des d\\u00e9gustations de vins sur rendez-vous exclusivement. Pour organiser une visite ou pour des informations suppl\\u00e9mentaires, n\\u2019h\\u00e9sitez pas \\u00e0 contacter notre service client, qui se fera un plaisir de vous accompagner dans votre projet.\"}},{\"@type\":\"Question\",\"name\":\"Proposez-vous des coffrets cadeaux ?\",\"acceptedAnswer\":{\"@type\":\"Answer\",\"text\":\"Oui, nous proposons des coffrets incluant les meilleures cuv\\u00e9es de notre gamme Clos de Caille (Rouge, Blanc et Ros\\u00e9), parfaits pour offrir lors d\\u2019occasions sp\\u00e9ciales.\"}},{\"@type\":\"Question\",\"name\":\"Dans quels pays la livraison est-elle possible ?\",\"acceptedAnswer\":{\"@type\":\"Answer\",\"text\":\"La livraison de nos vins est possible partout en France M\\u00e9tropolitaine et \\u00e0 Monaco. \\u00c0 partir de 100\\u20ac d&rsquo;achat, celle-ci est offerte. Pour toute demande de renseignement, n\\u2019h\\u00e9sitez pas \\u00e0 contacter notre service client par t\\u00e9l\\u00e9phone : +33 (0)9 88 66 38 44 ou par email : info@closdecaille.com.\"}}]}<\/script>\n\t\t\t\t\t\t\t<\/div>\n\t\t\t\t<div class=\"elementor-element elementor-element-4334a487 elementor-widget elementor-widget-button\" data-id=\"4334a487\" data-element_type=\"widget\" data-e-type=\"widget\" data-widget_type=\"button.default\">\n\t\t\t\t\t\t\t\t\t\t<a class=\"elementor-button elementor-button-link elementor-size-sm\" href=\"https:\/\/www.closdecaille.com\/en\/faq\/\">\n\t\t\t\t\t\t<span class=\"elementor-button-content-wrapper\">\n\t\t\t\t\t\t\t\t\t<span class=\"elementor-button-text\">Voir la FAQ<\/span>\n\t\t\t\t\t<\/span>\n\t\t\t\t\t<\/a>\n\t\t\t\t\t\t\t\t<\/div>\n\t\t\t\t<\/div>\n\t\t<div class=\"elementor-element elementor-element-3cf43bf9 e-con-full mc-section__full e-flex e-con e-child\" data-id=\"3cf43bf9\" data-element_type=\"container\" data-e-type=\"container\">\n\t\t\t\t<div class=\"elementor-element elementor-element-24514b4d elementor-widget elementor-widget-image\" data-id=\"24514b4d\" data-element_type=\"widget\" data-e-type=\"widget\" data-widget_type=\"image.default\">\n\t\t\t\t\t\t\t\t\t\t\t\t\t\t\t<img loading=\"lazy\" decoding=\"async\" width=\"2560\" height=\"2560\" src=\"https:\/\/www.closdecaille.com\/wp-content\/uploads\/2025\/12\/clos-de-caille-domaine-allee-carre-1.jpg\" class=\"attachment-full size-full wp-image-5971\" alt=\"\" srcset=\"https:\/\/www.closdecaille.com\/wp-content\/uploads\/2025\/12\/clos-de-caille-domaine-allee-carre-1.jpg 2560w, https:\/\/www.closdecaille.com\/wp-content\/uploads\/2025\/12\/clos-de-caille-domaine-allee-carre-1-300x300.jpg 300w, https:\/\/www.closdecaille.com\/wp-content\/uploads\/2025\/12\/clos-de-caille-domaine-allee-carre-1-1024x1024.jpg 1024w, https:\/\/www.closdecaille.com\/wp-content\/uploads\/2025\/12\/clos-de-caille-domaine-allee-carre-1-150x150.jpg 150w, https:\/\/www.closdecaille.com\/wp-content\/uploads\/2025\/12\/clos-de-caille-domaine-allee-carre-1-768x768.jpg 768w, https:\/\/www.closdecaille.com\/wp-content\/uploads\/2025\/12\/clos-de-caille-domaine-allee-carre-1-1536x1536.jpg 1536w, https:\/\/www.closdecaille.com\/wp-content\/uploads\/2025\/12\/clos-de-caille-domaine-allee-carre-1-2048x2048.jpg 2048w, https:\/\/www.closdecaille.com\/wp-content\/uploads\/2025\/12\/clos-de-caille-domaine-allee-carre-1-100x100.jpg 100w\" sizes=\"(max-width: 2560px) 100vw, 2560px\" \/>\t\t\t\t\t\t\t\t\t\t\t\t\t\t\t<\/div>\n\t\t\t\t<\/div>\n\t\t\t\t<\/div>\n\t\t\t\t<\/section>\n\t\t\t\t<\/div>\n\t\t\t\t<\/div>\n\t\t\t\t\t\t<\/div>\n\t\t\t\t<\/div>\n\t\t\t\t<\/div>\n\t\t<div class=\"elementor-element elementor-element-a4587e5 e-con-full e-flex e-con e-parent\" data-id=\"a4587e5\" data-element_type=\"container\" data-e-type=\"container\">\n\t\t\t\t<div class=\"elementor-element elementor-element-0f69f53 elementor-widget elementor-widget-template\" data-id=\"0f69f53\" data-element_type=\"widget\" data-e-type=\"widget\" data-widget_type=\"template.default\">\n\t\t\t\t<div class=\"elementor-widget-container\">\n\t\t\t\t\t\t\t<div class=\"elementor-template\">\n\t\t\t\t\t<div data-elementor-type=\"container\" data-elementor-id=\"5983\" class=\"elementor elementor-5983\" data-elementor-post-type=\"elementor_library\">\n\t\t\t\t<div class=\"elementor-element elementor-element-28b6cf5 e-con-full e-flex e-con e-parent\" data-id=\"28b6cf5\" data-element_type=\"container\" data-e-type=\"container\">\n\t\t<div class=\"elementor-element elementor-element-63dac17b e-flex e-con-boxed e-con e-child\" data-id=\"63dac17b\" data-element_type=\"container\" data-e-type=\"container\" data-settings=\"{&quot;background_background&quot;:&quot;classic&quot;}\">\n\t\t\t\t\t<div class=\"e-con-inner\">\n\t\t<div class=\"elementor-element elementor-element-7bbe1c1e e-con-full e-flex e-con e-child\" data-id=\"7bbe1c1e\" data-element_type=\"container\" data-e-type=\"container\">\n\t\t\t\t<div class=\"elementor-element elementor-element-3f22382e elementor-widget elementor-widget-heading\" data-id=\"3f22382e\" data-element_type=\"widget\" data-e-type=\"widget\" data-widget_type=\"heading.default\">\n\t\t\t\t\t<h2 class=\"elementor-heading-title elementor-size-default\">Newsletter<\/h2>\t\t\t\t<\/div>\n\t\t\t\t<div class=\"elementor-element elementor-element-2b6c64bc elementor-widget elementor-widget-text-editor\" data-id=\"2b6c64bc\" data-element_type=\"widget\" data-e-type=\"widget\" data-widget_type=\"text-editor.default\">\n\t\t\t\t\t\t\t\t\t<p data-pm-slice=\"1 1 []\">Ne manquez rien et soyez les premiers inform\u00e9s des actualit\u00e9s du Clos de Caille.<\/p>\t\t\t\t\t\t\t\t<\/div>\n\t\t\t\t<div class=\"elementor-element elementor-element-2ff93caa elementor-button-align-stretch elementor-widget elementor-widget-form\" data-id=\"2ff93caa\" data-element_type=\"widget\" data-e-type=\"widget\" data-settings=\"{&quot;button_width&quot;:&quot;20&quot;,&quot;button_width_mobile&quot;:&quot;20&quot;,&quot;step_next_label&quot;:&quot;Suivant&quot;,&quot;step_previous_label&quot;:&quot;Pr\\u00e9c\\u00e9dent&quot;,&quot;button_width_laptop&quot;:&quot;20&quot;,&quot;step_type&quot;:&quot;number_text&quot;,&quot;step_icon_shape&quot;:&quot;circle&quot;}\" data-widget_type=\"form.default\">\n\t\t\t\t\t\t\t<form class=\"elementor-form\" method=\"post\" name=\"Newsletter\" aria-label=\"Newsletter\">\n\t\t\t<input type=\"hidden\" name=\"post_id\" value=\"5983\"\/>\n\t\t\t<input type=\"hidden\" name=\"form_id\" value=\"2ff93caa\"\/>\n\t\t\t<input type=\"hidden\" name=\"referer_title\" value=\"Vins ros\u00e9s - Clos de Caille\" \/>\n\n\t\t\t\n\t\t\t<div class=\"elementor-form-fields-wrapper elementor-labels-\">\n\t\t\t\t\t\t\t\t<div class=\"elementor-field-type-email elementor-field-group elementor-column elementor-field-group-email elementor-col-25 elementor-md-50 elementor-sm-50 elementor-field-required\">\n\t\t\t\t\t\t\t\t\t\t\t\t<label for=\"form-field-email\" class=\"elementor-field-label elementor-screen-only\">\n\t\t\t\t\t\t\t\tAdresse email\t\t\t\t\t\t\t<\/label>\n\t\t\t\t\t\t\t\t\t\t\t\t\t\t<input size=\"1\" type=\"email\" name=\"form_fields[email]\" id=\"form-field-email\" class=\"elementor-field elementor-size-sm  elementor-field-textual\" placeholder=\"Adresse email\" required=\"required\">\n\t\t\t\t\t\t\t\t\t\t\t<\/div>\n\t\t\t\t\t\t\t\t<div class=\"elementor-field-group elementor-column elementor-field-type-submit elementor-col-20 e-form__buttons elementor-sm-20\">\n\t\t\t\t\t<button class=\"elementor-button elementor-size-sm\" type=\"submit\">\n\t\t\t\t\t\t<span class=\"elementor-button-content-wrapper\">\n\t\t\t\t\t\t\t\t\t\t\t\t\t\t\t\t\t\t\t\t\t\t<span class=\"elementor-button-text\">S'abonner<\/span>\n\t\t\t\t\t\t\t\t\t\t\t\t\t<\/span>\n\t\t\t\t\t<\/button>\n\t\t\t\t<\/div>\n\t\t\t<\/div>\n\t\t<\/form>\n\t\t\t\t\t\t<\/div>\n\t\t\t\t<\/div>\n\t\t\t\t\t<\/div>\n\t\t\t\t<\/div>\n\t\t\t\t<\/div>\n\t\t\t\t<\/div>\n\t\t\t\t<\/div>\n\t\t\t\t\t\t<\/div>\n\t\t\t\t<\/div>\n\t\t\t\t<\/div>\n\t\t\t\t<\/div>\n\t\t","protected":false},"excerpt":{"rendered":"<p>D\u00e9couvrez Le Domaine Vins Haute-Couture de Provence Le vin requiert une part d\u2019irrationalit\u00e9. Cette exigence qui vous gouverne et vous am\u00e8ne \u00e0 rechercher l\u2019excellence, sans discontinuer, pour voyager entre le r\u00eave et le plaisir de s\u2019en approcher. C\u2019est cette vision, \u00e0 la fois lyrique et rigoureuse, qu\u2019impulse la Famille Mariotti au Clos de Caille. Le [&hellip;]<\/p>\n","protected":false},"author":20,"featured_media":0,"parent":0,"menu_order":0,"comment_status":"closed","ping_status":"closed","template":"","meta":{"_acf_changed":false,"_mo_disable_npp":"","footnotes":""},"class_list":["post-6093","page","type-page","status-publish","hentry"],"acf":[],"yoast_head":"<!-- This site is optimized with the Yoast SEO plugin v27.0 - https:\/\/yoast.com\/product\/yoast-seo-wordpress\/ -->\n<title>Notre Domaine - Clos de Caille<\/title>\n<meta name=\"description\" content=\"Notre Domaine - Clos de Caille, Provence.\" \/>\n<meta name=\"robots\" content=\"index, follow, max-snippet:-1, max-image-preview:large, max-video-preview:-1\" \/>\n<link rel=\"canonical\" href=\"https:\/\/www.closdecaille.com\/en\/notre-domaine\/\" \/>\n<meta property=\"og:locale\" content=\"en_GB\" \/>\n<meta property=\"og:type\" content=\"article\" \/>\n<meta property=\"og:title\" content=\"Notre Domaine - Clos de Caille\" \/>\n<meta property=\"og:description\" content=\"Notre Domaine - Clos de Caille, Provence.\" \/>\n<meta property=\"og:url\" content=\"https:\/\/www.closdecaille.com\/en\/notre-domaine\/\" \/>\n<meta property=\"og:site_name\" content=\"Clos de Caille\" \/>\n<meta property=\"article:modified_time\" content=\"2026-02-18T14:00:45+00:00\" \/>\n<meta property=\"og:image\" content=\"https:\/\/www.closdecaille.com\/wp-content\/uploads\/2025\/12\/Sans-titre-12-1-1024x1024.jpg\" \/>\n\t<meta property=\"og:image:width\" content=\"1024\" \/>\n\t<meta property=\"og:image:height\" content=\"1024\" \/>\n\t<meta property=\"og:image:type\" content=\"image\/jpeg\" \/>\n<meta name=\"twitter:label1\" content=\"Estimated reading time\" \/>\n\t<meta name=\"twitter:data1\" content=\"3 minutes\" \/>\n<script type=\"application\/ld+json\" class=\"yoast-schema-graph\">{\"@context\":\"https:\/\/schema.org\",\"@graph\":[{\"@type\":\"WebPage\",\"@id\":\"https:\/\/www.closdecaille.com\/notre-domaine\/\",\"url\":\"https:\/\/www.closdecaille.com\/notre-domaine\/\",\"name\":\"Notre Domaine - Clos de Caille\",\"isPartOf\":{\"@id\":\"https:\/\/www.closdecaille.com\/#website\"},\"primaryImageOfPage\":{\"@id\":\"https:\/\/www.closdecaille.com\/notre-domaine\/#primaryimage\"},\"image\":{\"@id\":\"https:\/\/www.closdecaille.com\/notre-domaine\/#primaryimage\"},\"thumbnailUrl\":\"https:\/\/www.closdecaille.com\/wp-content\/uploads\/2025\/12\/Sans-titre-12-1.jpg\",\"datePublished\":\"2025-12-08T10:00:29+00:00\",\"dateModified\":\"2026-02-18T14:00:45+00:00\",\"description\":\"Notre Domaine - Clos de Caille, Provence.\",\"inLanguage\":\"en-GB\",\"potentialAction\":[{\"@type\":\"ReadAction\",\"target\":[\"https:\/\/www.closdecaille.com\/notre-domaine\/\"]}]},{\"@type\":\"ImageObject\",\"inLanguage\":\"en-GB\",\"@id\":\"https:\/\/www.closdecaille.com\/notre-domaine\/#primaryimage\",\"url\":\"https:\/\/www.closdecaille.com\/wp-content\/uploads\/2025\/12\/Sans-titre-12-1.jpg\",\"contentUrl\":\"https:\/\/www.closdecaille.com\/wp-content\/uploads\/2025\/12\/Sans-titre-12-1.jpg\"},{\"@type\":\"WebSite\",\"@id\":\"https:\/\/www.closdecaille.com\/#website\",\"url\":\"https:\/\/www.closdecaille.com\/\",\"name\":\"Clos de Caille\",\"description\":\"Vins AOP C\u00f4tes de Provence\",\"publisher\":{\"@id\":\"https:\/\/www.closdecaille.com\/#organization\"},\"potentialAction\":[{\"@type\":\"SearchAction\",\"target\":{\"@type\":\"EntryPoint\",\"urlTemplate\":\"https:\/\/www.closdecaille.com\/?s={search_term_string}\"},\"query-input\":{\"@type\":\"PropertyValueSpecification\",\"valueRequired\":true,\"valueName\":\"search_term_string\"}}],\"inLanguage\":\"en-GB\"},{\"@type\":\"Organization\",\"@id\":\"https:\/\/www.closdecaille.com\/#organization\",\"name\":\"Clos de Caille\",\"url\":\"https:\/\/www.closdecaille.com\/\",\"logo\":{\"@type\":\"ImageObject\",\"inLanguage\":\"en-GB\",\"@id\":\"https:\/\/www.closdecaille.com\/#\/schema\/logo\/image\/\",\"url\":\"https:\/\/www.closdecaille.com\/wp-content\/uploads\/2023\/07\/favicon-2023.png\",\"contentUrl\":\"https:\/\/www.closdecaille.com\/wp-content\/uploads\/2023\/07\/favicon-2023.png\",\"width\":600,\"height\":600,\"caption\":\"Clos de Caille\"},\"image\":{\"@id\":\"https:\/\/www.closdecaille.com\/#\/schema\/logo\/image\/\"}}]}<\/script>\n<!-- \/ Yoast SEO plugin. -->","yoast_head_json":{"title":"Our Estate - Clos de Caille","description":"Our Estate - Clos de Caille, Provence.","robots":{"index":"index","follow":"follow","max-snippet":"max-snippet:-1","max-image-preview":"max-image-preview:large","max-video-preview":"max-video-preview:-1"},"canonical":"https:\/\/www.closdecaille.com\/en\/notre-domaine\/","og_locale":"en_GB","og_type":"article","og_title":"Notre Domaine - Clos de Caille","og_description":"Notre Domaine - Clos de Caille, Provence.","og_url":"https:\/\/www.closdecaille.com\/en\/notre-domaine\/","og_site_name":"Clos de Caille","article_modified_time":"2026-02-18T14:00:45+00:00","og_image":[{"width":1024,"height":1024,"url":"https:\/\/www.closdecaille.com\/wp-content\/uploads\/2025\/12\/Sans-titre-12-1-1024x1024.jpg","type":"image\/jpeg"}],"twitter_misc":{"Estimated reading time":"3 minutes"},"schema":{"@context":"https:\/\/schema.org","@graph":[{"@type":"WebPage","@id":"https:\/\/www.closdecaille.com\/notre-domaine\/","url":"https:\/\/www.closdecaille.com\/notre-domaine\/","name":"Our Estate - Clos de Caille","isPartOf":{"@id":"https:\/\/www.closdecaille.com\/#website"},"primaryImageOfPage":{"@id":"https:\/\/www.closdecaille.com\/notre-domaine\/#primaryimage"},"image":{"@id":"https:\/\/www.closdecaille.com\/notre-domaine\/#primaryimage"},"thumbnailUrl":"https:\/\/www.closdecaille.com\/wp-content\/uploads\/2025\/12\/Sans-titre-12-1.jpg","datePublished":"2025-12-08T10:00:29+00:00","dateModified":"2026-02-18T14:00:45+00:00","description":"Our Estate - Clos de Caille, Provence.","inLanguage":"en-GB","potentialAction":[{"@type":"ReadAction","target":["https:\/\/www.closdecaille.com\/notre-domaine\/"]}]},{"@type":"ImageObject","inLanguage":"en-GB","@id":"https:\/\/www.closdecaille.com\/notre-domaine\/#primaryimage","url":"https:\/\/www.closdecaille.com\/wp-content\/uploads\/2025\/12\/Sans-titre-12-1.jpg","contentUrl":"https:\/\/www.closdecaille.com\/wp-content\/uploads\/2025\/12\/Sans-titre-12-1.jpg"},{"@type":"WebSite","@id":"https:\/\/www.closdecaille.com\/#website","url":"https:\/\/www.closdecaille.com\/","name":"Clos de Caille","description":"C\u00f4tes de Provence AOP wines","publisher":{"@id":"https:\/\/www.closdecaille.com\/#organization"},"potentialAction":[{"@type":"SearchAction","target":{"@type":"EntryPoint","urlTemplate":"https:\/\/www.closdecaille.com\/?s={search_term_string}"},"query-input":{"@type":"PropertyValueSpecification","valueRequired":true,"valueName":"search_term_string"}}],"inLanguage":"en-GB"},{"@type":"Organization","@id":"https:\/\/www.closdecaille.com\/#organization","name":"Clos de Caille","url":"https:\/\/www.closdecaille.com\/","logo":{"@type":"ImageObject","inLanguage":"en-GB","@id":"https:\/\/www.closdecaille.com\/#\/schema\/logo\/image\/","url":"https:\/\/www.closdecaille.com\/wp-content\/uploads\/2023\/07\/favicon-2023.png","contentUrl":"https:\/\/www.closdecaille.com\/wp-content\/uploads\/2023\/07\/favicon-2023.png","width":600,"height":600,"caption":"Clos de Caille"},"image":{"@id":"https:\/\/www.closdecaille.com\/#\/schema\/logo\/image\/"}}]}},"_links":{"self":[{"href":"https:\/\/www.closdecaille.com\/en\/wp-json\/wp\/v2\/pages\/6093","targetHints":{"allow":["GET"]}}],"collection":[{"href":"https:\/\/www.closdecaille.com\/en\/wp-json\/wp\/v2\/pages"}],"about":[{"href":"https:\/\/www.closdecaille.com\/en\/wp-json\/wp\/v2\/types\/page"}],"author":[{"embeddable":true,"href":"https:\/\/www.closdecaille.com\/en\/wp-json\/wp\/v2\/users\/20"}],"replies":[{"embeddable":true,"href":"https:\/\/www.closdecaille.com\/en\/wp-json\/wp\/v2\/comments?post=6093"}],"version-history":[{"count":52,"href":"https:\/\/www.closdecaille.com\/en\/wp-json\/wp\/v2\/pages\/6093\/revisions"}],"predecessor-version":[{"id":6822,"href":"https:\/\/www.closdecaille.com\/en\/wp-json\/wp\/v2\/pages\/6093\/revisions\/6822"}],"wp:attachment":[{"href":"https:\/\/www.closdecaille.com\/en\/wp-json\/wp\/v2\/media?parent=6093"}],"curies":[{"name":"wp","href":"https:\/\/api.w.org\/{rel}","templated":true}]}}