{"id":6072,"date":"2025-12-08T10:59:25","date_gmt":"2025-12-08T09:59:25","guid":{"rendered":"https:\/\/www.closdecaille.com\/?page_id=6072"},"modified":"2025-12-12T12:28:57","modified_gmt":"2025-12-12T11:28:57","slug":"faq","status":"publish","type":"page","link":"https:\/\/www.closdecaille.com\/en\/faq\/","title":{"rendered":"Frequently Asked Questions"},"content":{"rendered":"\t\t<div data-elementor-type=\"wp-page\" data-elementor-id=\"6072\" class=\"elementor elementor-6072\" data-elementor-post-type=\"page\">\n\t\t\t\t<section class=\"elementor-element elementor-element-5bd70ec e-con-full e-flex e-con e-parent\" data-id=\"5bd70ec\" data-element_type=\"container\" data-e-type=\"container\">\n\t\t<div class=\"elementor-element elementor-element-0b5d9d4 mc-section mc-section--full-left mc-section--contained-first e-con-full e-flex e-con e-child\" data-id=\"0b5d9d4\" data-element_type=\"container\" data-e-type=\"container\">\n\t\t<div class=\"elementor-element elementor-element-e14dbaa e-con-full mc-section__full e-flex e-con e-child\" data-id=\"e14dbaa\" data-element_type=\"container\" data-e-type=\"container\">\n\t\t\t\t<div class=\"elementor-element elementor-element-dd52206 elementor-widget elementor-widget-image\" data-id=\"dd52206\" data-element_type=\"widget\" data-e-type=\"widget\" data-widget_type=\"image.default\">\n\t\t\t\t\t\t\t\t\t\t\t\t\t\t\t<img fetchpriority=\"high\" decoding=\"async\" width=\"2560\" height=\"2458\" src=\"https:\/\/www.closdecaille.com\/wp-content\/uploads\/2025\/12\/clos-de-caille-domaine-bastide-3-carre-1.jpg\" class=\"attachment-full size-full wp-image-6252\" alt=\"\" srcset=\"https:\/\/www.closdecaille.com\/wp-content\/uploads\/2025\/12\/clos-de-caille-domaine-bastide-3-carre-1.jpg 2560w, https:\/\/www.closdecaille.com\/wp-content\/uploads\/2025\/12\/clos-de-caille-domaine-bastide-3-carre-1-300x288.jpg 300w, https:\/\/www.closdecaille.com\/wp-content\/uploads\/2025\/12\/clos-de-caille-domaine-bastide-3-carre-1-1024x983.jpg 1024w, https:\/\/www.closdecaille.com\/wp-content\/uploads\/2025\/12\/clos-de-caille-domaine-bastide-3-carre-1-768x737.jpg 768w, https:\/\/www.closdecaille.com\/wp-content\/uploads\/2025\/12\/clos-de-caille-domaine-bastide-3-carre-1-1536x1475.jpg 1536w, https:\/\/www.closdecaille.com\/wp-content\/uploads\/2025\/12\/clos-de-caille-domaine-bastide-3-carre-1-2048x1966.jpg 2048w\" sizes=\"(max-width: 2560px) 100vw, 2560px\" \/>\t\t\t\t\t\t\t\t\t\t\t\t\t\t\t<\/div>\n\t\t\t\t<\/div>\n\t\t<div class=\"elementor-element elementor-element-453634f e-con-full mc-section__contained e-flex e-con e-child\" data-id=\"453634f\" data-element_type=\"container\" data-e-type=\"container\">\n\t\t<div class=\"elementor-element elementor-element-22afb37 e-con-full e-flex e-con e-child\" data-id=\"22afb37\" data-element_type=\"container\" data-e-type=\"container\">\n\t\t\t\t<div class=\"elementor-element elementor-element-e194090 elementor-widget elementor-widget-heading\" data-id=\"e194090\" data-element_type=\"widget\" data-e-type=\"widget\" data-widget_type=\"heading.default\">\n\t\t\t\t\t<h1 class=\"elementor-heading-title elementor-size-default\">FAQ<\/h1>\t\t\t\t<\/div>\n\t\t\t\t<div class=\"elementor-element elementor-element-7fb7bb7 elementor-widget elementor-widget-text-editor\" data-id=\"7fb7bb7\" data-element_type=\"widget\" data-e-type=\"widget\" data-widget_type=\"text-editor.default\">\n\t\t\t\t\t\t\t\t\t<p>Retrouvez ici les r\u00e9ponses aux questions les plus fr\u00e9quentes sur notre Domaine, nos vins et notre savoir-faire.<\/p>\t\t\t\t\t\t\t\t<\/div>\n\t\t\t\t<\/div>\n\t\t\t\t<\/div>\n\t\t\t\t<\/div>\n\t\t\t\t<\/section>\n\t\t<div class=\"elementor-element elementor-element-7db1d80 e-con-full e-flex e-con e-parent\" data-id=\"7db1d80\" data-element_type=\"container\" data-e-type=\"container\">\n\t\t\t\t<div class=\"elementor-element elementor-element-f2faa51 elementor-widget elementor-widget-template\" data-id=\"f2faa51\" data-element_type=\"widget\" data-e-type=\"widget\" data-widget_type=\"template.default\">\n\t\t\t\t<div class=\"elementor-widget-container\">\n\t\t\t\t\t\t\t<div class=\"elementor-template\">\n\t\t\t\t\t<div data-elementor-type=\"container\" data-elementor-id=\"5981\" class=\"elementor elementor-5981\" data-elementor-post-type=\"elementor_library\">\n\t\t\t\t<div class=\"elementor-element elementor-element-6d342003 e-con-full e-flex e-con e-parent\" data-id=\"6d342003\" data-element_type=\"container\" data-e-type=\"container\">\n\t\t<div class=\"elementor-element elementor-element-10d02ad e-flex e-con-boxed e-con e-child\" data-id=\"10d02ad\" data-element_type=\"container\" data-e-type=\"container\" data-settings=\"{&quot;background_background&quot;:&quot;classic&quot;}\">\n\t\t\t\t\t<div class=\"e-con-inner\">\n\t\t<div class=\"elementor-element elementor-element-3fc003c7 e-con-full e-flex e-con e-child\" data-id=\"3fc003c7\" data-element_type=\"container\" data-e-type=\"container\">\n\t\t\t\t<div class=\"elementor-element elementor-element-7156fdcc elementor-widget elementor-widget-heading\" data-id=\"7156fdcc\" data-element_type=\"widget\" data-e-type=\"widget\" data-widget_type=\"heading.default\">\n\t\t\t\t\t<h2 class=\"elementor-heading-title elementor-size-default\">Livraison Offerte<\/h2>\t\t\t\t<\/div>\n\t\t\t\t<div class=\"elementor-element elementor-element-1f59b3d8 elementor-widget elementor-widget-text-editor\" data-id=\"1f59b3d8\" data-element_type=\"widget\" data-e-type=\"widget\" data-widget_type=\"text-editor.default\">\n\t\t\t\t\t\t\t\t\t<p>Livraison offerte \u00e0 partir de 150 euros d\u2019achats en France m\u00e9tropolitaine et \u00e0 Monaco.<\/p>\t\t\t\t\t\t\t\t<\/div>\n\t\t\t\t<\/div>\n\t\t<div class=\"elementor-element elementor-element-6c96c809 e-con-full e-flex e-con e-child\" data-id=\"6c96c809\" data-element_type=\"container\" data-e-type=\"container\">\n\t\t\t\t<div class=\"elementor-element elementor-element-4b58ba6f elementor-widget elementor-widget-heading\" data-id=\"4b58ba6f\" data-element_type=\"widget\" data-e-type=\"widget\" data-widget_type=\"heading.default\">\n\t\t\t\t\t<h2 class=\"elementor-heading-title elementor-size-default\">Exp\u00e9dition rapide<\/h2>\t\t\t\t<\/div>\n\t\t\t\t<div class=\"elementor-element elementor-element-5925cdf0 elementor-widget elementor-widget-text-editor\" data-id=\"5925cdf0\" data-element_type=\"widget\" data-e-type=\"widget\" data-widget_type=\"text-editor.default\">\n\t\t\t\t\t\t\t\t\t<p>Commande trait\u00e9e sous 72 heures<br \/>Livraison Standard 5 jours ou Express 2 jours<\/p>\t\t\t\t\t\t\t\t<\/div>\n\t\t\t\t<\/div>\n\t\t<div class=\"elementor-element elementor-element-3eb72489 e-con-full e-flex e-con e-child\" data-id=\"3eb72489\" data-element_type=\"container\" data-e-type=\"container\">\n\t\t\t\t<div class=\"elementor-element elementor-element-74a898e1 elementor-widget elementor-widget-heading\" data-id=\"74a898e1\" data-element_type=\"widget\" data-e-type=\"widget\" data-widget_type=\"heading.default\">\n\t\t\t\t\t<h2 class=\"elementor-heading-title elementor-size-default\">Colis s\u00e9curis\u00e9s<\/h2>\t\t\t\t<\/div>\n\t\t\t\t<div class=\"elementor-element elementor-element-36e2d76 elementor-widget elementor-widget-text-editor\" data-id=\"36e2d76\" data-element_type=\"widget\" data-e-type=\"widget\" data-widget_type=\"text-editor.default\">\n\t\t\t\t\t\t\t\t\t<p>Emballage d\u2019exp\u00e9dition renforc\u00e9<\/p>\t\t\t\t\t\t\t\t<\/div>\n\t\t\t\t<\/div>\n\t\t<div class=\"elementor-element elementor-element-434252de e-con-full e-flex e-con e-child\" data-id=\"434252de\" data-element_type=\"container\" data-e-type=\"container\">\n\t\t\t\t<div class=\"elementor-element elementor-element-2a86059f elementor-widget elementor-widget-heading\" data-id=\"2a86059f\" data-element_type=\"widget\" data-e-type=\"widget\" data-widget_type=\"heading.default\">\n\t\t\t\t\t<h2 class=\"elementor-heading-title elementor-size-default\">Service client<\/h2>\t\t\t\t<\/div>\n\t\t\t\t<div class=\"elementor-element elementor-element-308cef7e elementor-widget elementor-widget-text-editor\" data-id=\"308cef7e\" data-element_type=\"widget\" data-e-type=\"widget\" data-widget_type=\"text-editor.default\">\n\t\t\t\t\t\t\t\t\t<p>Disponible du lundi au vendredi\u2028de 8h30 \u00e0 12h30 et de 13h \u00e0 17h<\/p>\t\t\t\t\t\t\t\t<\/div>\n\t\t\t\t<\/div>\n\t\t\t\t\t<\/div>\n\t\t\t\t<\/div>\n\t\t\t\t<\/div>\n\t\t\t\t<\/div>\n\t\t\t\t<\/div>\n\t\t\t\t\t\t<\/div>\n\t\t\t\t<\/div>\n\t\t\t\t<\/div>\n\t\t<section class=\"elementor-element elementor-element-95a35e6 e-con-full e-flex e-con e-parent\" data-id=\"95a35e6\" data-element_type=\"container\" data-e-type=\"container\">\n\t\t<div class=\"elementor-element elementor-element-5c76453 mc-section mc-section--full-right e-con-full e-flex e-con e-child\" data-id=\"5c76453\" data-element_type=\"container\" data-e-type=\"container\">\n\t\t<div class=\"elementor-element elementor-element-803b4c9 e-con-full mc-section__contained e-flex e-con e-child\" data-id=\"803b4c9\" data-element_type=\"container\" data-e-type=\"container\">\n\t\t\t\t<div class=\"elementor-element elementor-element-8d687ca elementor-widget elementor-widget-heading\" data-id=\"8d687ca\" data-element_type=\"widget\" data-e-type=\"widget\" data-widget_type=\"heading.default\">\n\t\t\t\t\t<span class=\"elementor-heading-title elementor-size-default\">Notre Domaine<\/span>\t\t\t\t<\/div>\n\t\t\t\t<div class=\"elementor-element elementor-element-ed1effc elementor-widget elementor-widget-n-accordion\" data-id=\"ed1effc\" data-element_type=\"widget\" data-e-type=\"widget\" data-settings=\"{&quot;default_state&quot;:&quot;all_collapsed&quot;,&quot;max_items_expended&quot;:&quot;one&quot;,&quot;n_accordion_animation_duration&quot;:{&quot;unit&quot;:&quot;ms&quot;,&quot;size&quot;:400,&quot;sizes&quot;:[]}}\" data-widget_type=\"nested-accordion.default\">\n\t\t\t\t\t\t\t<div class=\"e-n-accordion\" aria-label=\"Accordion. Open links with Enter or Space, close with Escape, and navigate with Arrow Keys\">\n\t\t\t\t\t\t<details id=\"e-n-accordion-item-2480\" class=\"e-n-accordion-item\" >\n\t\t\t\t<summary class=\"e-n-accordion-item-title\" data-accordion-index=\"1\" tabindex=\"0\" aria-expanded=\"false\" aria-controls=\"e-n-accordion-item-2480\" >\n\t\t\t\t\t<span class='e-n-accordion-item-title-header'><h2 class=\"e-n-accordion-item-title-text\"> O\u00f9 est situ\u00e9 le Domaine viticole du Clos de Caille ? <\/h2><\/span>\n\t\t\t\t\t\t\t<span class='e-n-accordion-item-title-icon'>\n\t\t\t<span class='e-opened' ><i aria-hidden=\"true\" class=\"tablericon- tabler-icon-chevron-down\"><\/i><\/span>\n\t\t\t<span class='e-closed'><i aria-hidden=\"true\" class=\"tablericon- tabler-icon-chevron-right\"><\/i><\/span>\n\t\t<\/span>\n\n\t\t\t\t\t\t<\/summary>\n\t\t\t\t<div role=\"region\" aria-labelledby=\"e-n-accordion-item-2480\" class=\"elementor-element elementor-element-4d98a65 e-con-full e-flex e-con e-child\" data-id=\"4d98a65\" data-element_type=\"container\" data-e-type=\"container\">\n\t\t\t\t<div class=\"elementor-element elementor-element-6568738 elementor-widget elementor-widget-text-editor\" data-id=\"6568738\" data-element_type=\"widget\" data-e-type=\"widget\" data-widget_type=\"text-editor.default\">\n\t\t\t\t\t\t\t\t\t<p>Le <strong>Domaine du Clos de Caille<\/strong> s\u2019\u00e9tend sur une centaine d\u2019hectares entre les communes d\u2019Entrecasteaux et Saint-Antonin-du-Var, \u00e0 35 km au Nord-Ouest du Golfe de Saint-Tropez. Nich\u00e9 \u00e0 200 m\u00e8tres d\u2019altitude, notre <strong>Domaine viticole en Provence<\/strong> se d\u00e9veloppe sur 160 hectares d\u2019un seul tenant \u00e0 cheval, entre la Provence Verte, la Drac\u00e9nie et le C\u0153ur du Var.<\/p>\t\t\t\t\t\t\t\t<\/div>\n\t\t\t\t<\/div>\n\t\t\t\t\t<\/details>\n\t\t\t\t\t\t<details id=\"e-n-accordion-item-2481\" class=\"e-n-accordion-item\" >\n\t\t\t\t<summary class=\"e-n-accordion-item-title\" data-accordion-index=\"2\" tabindex=\"-1\" aria-expanded=\"false\" aria-controls=\"e-n-accordion-item-2481\" >\n\t\t\t\t\t<span class='e-n-accordion-item-title-header'><h2 class=\"e-n-accordion-item-title-text\"> Peut-on faire une d\u00e9gustation de vins au Clos de Caille ? <\/h2><\/span>\n\t\t\t\t\t\t\t<span class='e-n-accordion-item-title-icon'>\n\t\t\t<span class='e-opened' ><i aria-hidden=\"true\" class=\"tablericon- tabler-icon-chevron-down\"><\/i><\/span>\n\t\t\t<span class='e-closed'><i aria-hidden=\"true\" class=\"tablericon- tabler-icon-chevron-right\"><\/i><\/span>\n\t\t<\/span>\n\n\t\t\t\t\t\t<\/summary>\n\t\t\t\t<div role=\"region\" aria-labelledby=\"e-n-accordion-item-2481\" class=\"elementor-element elementor-element-53664cf e-con-full e-flex e-con e-child\" data-id=\"53664cf\" data-element_type=\"container\" data-e-type=\"container\">\n\t\t\t\t<div class=\"elementor-element elementor-element-aadfc13 elementor-widget elementor-widget-text-editor\" data-id=\"aadfc13\" data-element_type=\"widget\" data-e-type=\"widget\" data-widget_type=\"text-editor.default\">\n\t\t\t\t\t\t\t\t\t<p>Nous proposons des d\u00e9gustations de vins sur rendez-vous exclusivement. Pour organiser une visite ou pour des informations suppl\u00e9mentaires, n\u2019h\u00e9sitez pas \u00e0 contacter notre service client, qui se fera un plaisir de vous accompagner dans votre projet.<\/p>\t\t\t\t\t\t\t\t<\/div>\n\t\t\t\t<\/div>\n\t\t\t\t\t<\/details>\n\t\t\t\t\t\t<details id=\"e-n-accordion-item-2482\" class=\"e-n-accordion-item\" >\n\t\t\t\t<summary class=\"e-n-accordion-item-title\" data-accordion-index=\"3\" tabindex=\"-1\" aria-expanded=\"false\" aria-controls=\"e-n-accordion-item-2482\" >\n\t\t\t\t\t<span class='e-n-accordion-item-title-header'><h2 class=\"e-n-accordion-item-title-text\"> Quelles sont les particularit\u00e9s climatiques du Domaine Clos de Caille ? <\/h2><\/span>\n\t\t\t\t\t\t\t<span class='e-n-accordion-item-title-icon'>\n\t\t\t<span class='e-opened' ><i aria-hidden=\"true\" class=\"tablericon- tabler-icon-chevron-down\"><\/i><\/span>\n\t\t\t<span class='e-closed'><i aria-hidden=\"true\" class=\"tablericon- tabler-icon-chevron-right\"><\/i><\/span>\n\t\t<\/span>\n\n\t\t\t\t\t\t<\/summary>\n\t\t\t\t<div role=\"region\" aria-labelledby=\"e-n-accordion-item-2482\" class=\"elementor-element elementor-element-6633ef3 e-con-full e-flex e-con e-child\" data-id=\"6633ef3\" data-element_type=\"container\" data-e-type=\"container\">\n\t\t\t\t<div class=\"elementor-element elementor-element-80d3949 elementor-widget elementor-widget-text-editor\" data-id=\"80d3949\" data-element_type=\"widget\" data-e-type=\"widget\" data-widget_type=\"text-editor.default\">\n\t\t\t\t\t\t\t\t\t<p>Baign\u00e9 par le climat M\u00e9diterran\u00e9en, le Domaine du Clos de Caille b\u00e9n\u00e9ficie de conditions id\u00e9ales pour la vigne. Loin du littoral, \u00e0 35 km de Saint-Tropez, il se distingue par d\u2019importantes variations climatiques pouvant atteindre 20\u00b0C en une seule journ\u00e9e. Cette amplitude thermique favorise une maturation lente et \u00e9quilibr\u00e9e des raisins. L\u2019automne est marqu\u00e9 par l\u2019abondance des pr\u00e9cipitations, tandis que l\u2019hiver est souvent accompagn\u00e9 par le Mistral. Le printemps, quant \u00e0 lui, apporte un ensoleillement propice \u00e0 la maturation des raisins qui se poursuit tout au long de l\u2019\u00e9t\u00e9 jusqu\u2019aux vendanges. En bordure du Domaine, des for\u00eats environnantes pr\u00e9servent la fra\u00eecheur des vignes, renfor\u00e7ant ainsi l\u2019empreinte unique de ce terroir d\u2019exception.<\/p>\t\t\t\t\t\t\t\t<\/div>\n\t\t\t\t<\/div>\n\t\t\t\t\t<\/details>\n\t\t\t\t\t\t<details id=\"e-n-accordion-item-2483\" class=\"e-n-accordion-item\" >\n\t\t\t\t<summary class=\"e-n-accordion-item-title\" data-accordion-index=\"4\" tabindex=\"-1\" aria-expanded=\"false\" aria-controls=\"e-n-accordion-item-2483\" >\n\t\t\t\t\t<span class='e-n-accordion-item-title-header'><h2 class=\"e-n-accordion-item-title-text\"> Comment la diversit\u00e9 g\u00e9ologique de la r\u00e9gion fa\u00e7onne-t-elle l\u2019identit\u00e9 des vins produits au Clos de Caille ? <\/h2><\/span>\n\t\t\t\t\t\t\t<span class='e-n-accordion-item-title-icon'>\n\t\t\t<span class='e-opened' ><i aria-hidden=\"true\" class=\"tablericon- tabler-icon-chevron-down\"><\/i><\/span>\n\t\t\t<span class='e-closed'><i aria-hidden=\"true\" class=\"tablericon- tabler-icon-chevron-right\"><\/i><\/span>\n\t\t<\/span>\n\n\t\t\t\t\t\t<\/summary>\n\t\t\t\t<div role=\"region\" aria-labelledby=\"e-n-accordion-item-2483\" class=\"elementor-element elementor-element-44f3854 e-con-full e-flex e-con e-child\" data-id=\"44f3854\" data-element_type=\"container\" data-e-type=\"container\">\n\t\t\t\t<div class=\"elementor-element elementor-element-7477256 elementor-widget elementor-widget-text-editor\" data-id=\"7477256\" data-element_type=\"widget\" data-e-type=\"widget\" data-widget_type=\"text-editor.default\">\n\t\t\t\t\t\t\t\t\t<p>Nich\u00e9 entre c\u00f4teaux et vallons, au c\u0153ur d\u2019une nature pr\u00e9serv\u00e9e, notre Domaine viticole en Provence doit la qualit\u00e9 de ses vins \u00e0 la pr\u00e9sence de microclimats et \u00e0 la diversit\u00e9 g\u00e9ologique de ses sols. Les \u00e9tudes p\u00e9dologiques que nous avons men\u00e9es ont confirm\u00e9 que cette g\u00e9ologie unique est id\u00e9ale pour l\u2019\u00e9laboration de grands crus. Gr\u00e2ce \u00e0 un climat temp\u00e9r\u00e9 influenc\u00e9 par la M\u00e9diterran\u00e9e, le Clos de Caille b\u00e9n\u00e9ficie \u00e9galement de fortes amplitudes thermiques gr\u00e2ce \u00e0 sa situation \u00e0 200 m\u00e8tres d\u2019altitude. Nos collines en pente douce favorisent l\u2019exposition solaire de nos vignes et le drainage des eaux de pluie, contribuant ainsi \u00e0 l\u2019expression de vins d\u2019exception.<\/p><p>Le Domaine est situ\u00e9 sur le gradin riasique, entre les zones cristallines des Maures et les terres calcaires du Jura. Cette g\u00e9ologie remarquable, compos\u00e9e de calcaires anciens datant de 200 \u00e0 250 millions d\u2019ann\u00e9es, a \u00e9t\u00e9 remodel\u00e9e lors des bouleversements tectoniques formant les Alpes. Les sols du Domaine sont principalement limono-calcaires, enrichis de silice, offrant une diversit\u00e9 qui se refl\u00e8te dans la complexit\u00e9 de nos vins. Les terroirs frais des bas de vallons, constitu\u00e9s de d\u00e9p\u00f4ts limoneux, et les sols plus profonds des c\u00f4teaux, am\u00e9nag\u00e9s en terrasses sur un banc de calcaire magn\u00e9sien dolomitique, cr\u00e9ent une multitude de nuances qui influencent chaque mill\u00e9sime.<\/p>\t\t\t\t\t\t\t\t<\/div>\n\t\t\t\t<\/div>\n\t\t\t\t\t<\/details>\n\t\t\t\t\t\t<details id=\"e-n-accordion-item-2484\" class=\"e-n-accordion-item\" >\n\t\t\t\t<summary class=\"e-n-accordion-item-title\" data-accordion-index=\"5\" tabindex=\"-1\" aria-expanded=\"false\" aria-controls=\"e-n-accordion-item-2484\" >\n\t\t\t\t\t<span class='e-n-accordion-item-title-header'><h2 class=\"e-n-accordion-item-title-text\"> Quels c\u00e9pages sont cultiv\u00e9s au Domaine Viticole Clos de Caille ? <\/h2><\/span>\n\t\t\t\t\t\t\t<span class='e-n-accordion-item-title-icon'>\n\t\t\t<span class='e-opened' ><i aria-hidden=\"true\" class=\"tablericon- tabler-icon-chevron-down\"><\/i><\/span>\n\t\t\t<span class='e-closed'><i aria-hidden=\"true\" class=\"tablericon- tabler-icon-chevron-right\"><\/i><\/span>\n\t\t<\/span>\n\n\t\t\t\t\t\t<\/summary>\n\t\t\t\t<div role=\"region\" aria-labelledby=\"e-n-accordion-item-2484\" class=\"elementor-element elementor-element-a525992 e-con-full e-flex e-con e-child\" data-id=\"a525992\" data-element_type=\"container\" data-e-type=\"container\">\n\t\t\t\t<div class=\"elementor-element elementor-element-a94022f elementor-widget elementor-widget-text-editor\" data-id=\"a94022f\" data-element_type=\"widget\" data-e-type=\"widget\" data-widget_type=\"text-editor.default\">\n\t\t\t\t\t\t\t\t\t<p>Le Domaine du Clos de Caille, qui s\u2019\u00e9tend sur 160 hectares, dont 40 sont d\u00e9di\u00e9s \u00e0 la vigne, b\u00e9n\u00e9ficie d\u2019un enc\u00e9pagement vari\u00e9 et parfaitement adapt\u00e9 \u00e0 notre terroir. Parmi les c\u00e9pages cultiv\u00e9s, on trouve :<\/p><ul><li>Grenache : dominant dans nos vins rouges et ros\u00e9s, il apporte des ar\u00f4mes fruit\u00e9s et \u00e9pic\u00e9s.<\/li><li>Syrah : c\u00e9page structurant des vins rouges, offrant des notes de fruits noirs et d\u2019\u00e9pices.<\/li><li>Cinsault : utilis\u00e9 principalement pour nos vins ros\u00e9s, il d\u00e9voile des ar\u00f4mes frais et d\u00e9licats.<\/li><li>Cabernet Sauvignon : appr\u00e9ci\u00e9 pour son potentiel de vieillissement, il conf\u00e8re profondeur et complexit\u00e9.<\/li><li>Rolle : c\u00e9page blanc m\u00e9diterran\u00e9en, il apporte des ar\u00f4mes frais et min\u00e9raux \u00e0 nos vins blancs.<\/li><\/ul>\t\t\t\t\t\t\t\t<\/div>\n\t\t\t\t<\/div>\n\t\t\t\t\t<\/details>\n\t\t\t\t\t\t<details id=\"e-n-accordion-item-2485\" class=\"e-n-accordion-item\" >\n\t\t\t\t<summary class=\"e-n-accordion-item-title\" data-accordion-index=\"6\" tabindex=\"-1\" aria-expanded=\"false\" aria-controls=\"e-n-accordion-item-2485\" >\n\t\t\t\t\t<span class='e-n-accordion-item-title-header'><h2 class=\"e-n-accordion-item-title-text\"> Puis-je organiser un \u00e9v\u00e9nement priv\u00e9 au Domaine ? <\/h2><\/span>\n\t\t\t\t\t\t\t<span class='e-n-accordion-item-title-icon'>\n\t\t\t<span class='e-opened' ><i aria-hidden=\"true\" class=\"tablericon- tabler-icon-chevron-down\"><\/i><\/span>\n\t\t\t<span class='e-closed'><i aria-hidden=\"true\" class=\"tablericon- tabler-icon-chevron-right\"><\/i><\/span>\n\t\t<\/span>\n\n\t\t\t\t\t\t<\/summary>\n\t\t\t\t<div role=\"region\" aria-labelledby=\"e-n-accordion-item-2485\" class=\"elementor-element elementor-element-0a0b9e0 e-con-full e-flex e-con e-child\" data-id=\"0a0b9e0\" data-element_type=\"container\" data-e-type=\"container\">\n\t\t\t\t<div class=\"elementor-element elementor-element-65935d8 elementor-widget elementor-widget-text-editor\" data-id=\"65935d8\" data-element_type=\"widget\" data-e-type=\"widget\" data-widget_type=\"text-editor.default\">\n\t\t\t\t\t\t\t\t\t<p>Le Domaine du Clos de Caille est un lieu familial priv\u00e9. Pour toutes demandes de collaboration, placement produit ou photoshooting, nous vous invitons \u00e0 contacter notre Service Clients au +33 (0)9 88 66 38 44 ou par email : <a href=\"mailto:info@closdecaille.com\">info@closdecaille.com<\/a>.<\/p>\t\t\t\t\t\t\t\t<\/div>\n\t\t\t\t<\/div>\n\t\t\t\t\t<\/details>\n\t\t\t\t\t\t<details id=\"e-n-accordion-item-2486\" class=\"e-n-accordion-item\" >\n\t\t\t\t<summary class=\"e-n-accordion-item-title\" data-accordion-index=\"7\" tabindex=\"-1\" aria-expanded=\"false\" aria-controls=\"e-n-accordion-item-2486\" >\n\t\t\t\t\t<span class='e-n-accordion-item-title-header'><h2 class=\"e-n-accordion-item-title-text\"> Comment venir au Clos de Caille ? <\/h2><\/span>\n\t\t\t\t\t\t\t<span class='e-n-accordion-item-title-icon'>\n\t\t\t<span class='e-opened' ><i aria-hidden=\"true\" class=\"tablericon- tabler-icon-chevron-down\"><\/i><\/span>\n\t\t\t<span class='e-closed'><i aria-hidden=\"true\" class=\"tablericon- tabler-icon-chevron-right\"><\/i><\/span>\n\t\t<\/span>\n\n\t\t\t\t\t\t<\/summary>\n\t\t\t\t<div role=\"region\" aria-labelledby=\"e-n-accordion-item-2486\" class=\"elementor-element elementor-element-9f8599e e-con-full e-flex e-con e-child\" data-id=\"9f8599e\" data-element_type=\"container\" data-e-type=\"container\">\n\t\t\t\t<div class=\"elementor-element elementor-element-537b475 elementor-widget elementor-widget-text-editor\" data-id=\"537b475\" data-element_type=\"widget\" data-e-type=\"widget\" data-widget_type=\"text-editor.default\">\n\t\t\t\t\t\t\t\t\t<p>Le Domaine Viticole Clos de Caille vous accueille au :<\/p><p>SCEA Domaine du Clos de Caille<br \/>2861B Chemin de Mousteirol<br \/>83570 Entrecasteaux <br \/>France<\/p><p>Du lundi au vendredi de 8h30 \u00e0 12h30 et de 13h \u00e0 17h sur RDV uniquement.<\/p>\t\t\t\t\t\t\t\t<\/div>\n\t\t\t\t<\/div>\n\t\t\t\t\t<\/details>\n\t\t\t\t\t<\/div>\n\t\t\t\t\t<script type=\"application\/ld+json\">{\"@context\":\"https:\\\/\\\/schema.org\",\"@type\":\"FAQPage\",\"mainEntity\":[{\"@type\":\"Question\",\"name\":\"O\\u00f9 est situ\\u00e9 le Domaine viticole du Clos de Caille ?\",\"acceptedAnswer\":{\"@type\":\"Answer\",\"text\":\"Le Domaine du Clos de Caille s\\u2019\\u00e9tend sur une centaine d\\u2019hectares entre les communes d\\u2019Entrecasteaux et Saint-Antonin-du-Var, \\u00e0 35 km au Nord-Ouest du Golfe de Saint-Tropez. Nich\\u00e9 \\u00e0 200 m\\u00e8tres d\\u2019altitude, notre Domaine viticole en Provence se d\\u00e9veloppe sur 160 hectares d\\u2019un seul tenant \\u00e0 cheval, entre la Provence Verte, la Drac\\u00e9nie et le C\\u0153ur du Var.\"}},{\"@type\":\"Question\",\"name\":\"Peut-on faire une d\\u00e9gustation de vins au Clos de Caille ?\",\"acceptedAnswer\":{\"@type\":\"Answer\",\"text\":\"Nous proposons des d\\u00e9gustations de vins sur rendez-vous exclusivement. Pour organiser une visite ou pour des informations suppl\\u00e9mentaires, n\\u2019h\\u00e9sitez pas \\u00e0 contacter notre service client, qui se fera un plaisir de vous accompagner dans votre projet.\"}},{\"@type\":\"Question\",\"name\":\"Quelles sont les particularit\\u00e9s climatiques du Domaine Clos de Caille ?\",\"acceptedAnswer\":{\"@type\":\"Answer\",\"text\":\"Baign\\u00e9 par le climat M\\u00e9diterran\\u00e9en, le Domaine du Clos de Caille b\\u00e9n\\u00e9ficie de conditions id\\u00e9ales pour la vigne. Loin du littoral, \\u00e0 35 km de Saint-Tropez, il se distingue par d\\u2019importantes variations climatiques pouvant atteindre 20\\u00b0C en une seule journ\\u00e9e. Cette amplitude thermique favorise une maturation lente et \\u00e9quilibr\\u00e9e des raisins. L\\u2019automne est marqu\\u00e9 par l\\u2019abondance des pr\\u00e9cipitations, tandis que l\\u2019hiver est souvent accompagn\\u00e9 par le Mistral. Le printemps, quant \\u00e0 lui, apporte un ensoleillement propice \\u00e0 la maturation des raisins qui se poursuit tout au long de l\\u2019\\u00e9t\\u00e9 jusqu\\u2019aux vendanges. En bordure du Domaine, des for\\u00eats environnantes pr\\u00e9servent la fra\\u00eecheur des vignes, renfor\\u00e7ant ainsi l\\u2019empreinte unique de ce terroir d\\u2019exception.\"}},{\"@type\":\"Question\",\"name\":\"Comment la diversit\\u00e9 g\\u00e9ologique de la r\\u00e9gion fa\\u00e7onne-t-elle l\\u2019identit\\u00e9 des vins produits au Clos de Caille ?\",\"acceptedAnswer\":{\"@type\":\"Answer\",\"text\":\"Nich\\u00e9 entre c\\u00f4teaux et vallons, au c\\u0153ur d\\u2019une nature pr\\u00e9serv\\u00e9e, notre Domaine viticole en Provence doit la qualit\\u00e9 de ses vins \\u00e0 la pr\\u00e9sence de microclimats et \\u00e0 la diversit\\u00e9 g\\u00e9ologique de ses sols. Les \\u00e9tudes p\\u00e9dologiques que nous avons men\\u00e9es ont confirm\\u00e9 que cette g\\u00e9ologie unique est id\\u00e9ale pour l\\u2019\\u00e9laboration de grands crus. Gr\\u00e2ce \\u00e0 un climat temp\\u00e9r\\u00e9 influenc\\u00e9 par la M\\u00e9diterran\\u00e9e, le Clos de Caille b\\u00e9n\\u00e9ficie \\u00e9galement de fortes amplitudes thermiques gr\\u00e2ce \\u00e0 sa situation \\u00e0 200 m\\u00e8tres d\\u2019altitude. Nos collines en pente douce favorisent l\\u2019exposition solaire de nos vignes et le drainage des eaux de pluie, contribuant ainsi \\u00e0 l\\u2019expression de vins d\\u2019exception.Le Domaine est situ\\u00e9 sur le gradin riasique, entre les zones cristallines des Maures et les terres calcaires du Jura. Cette g\\u00e9ologie remarquable, compos\\u00e9e de calcaires anciens datant de 200 \\u00e0 250 millions d\\u2019ann\\u00e9es, a \\u00e9t\\u00e9 remodel\\u00e9e lors des bouleversements tectoniques formant les Alpes. Les sols du Domaine sont principalement limono-calcaires, enrichis de silice, offrant une diversit\\u00e9 qui se refl\\u00e8te dans la complexit\\u00e9 de nos vins. Les terroirs frais des bas de vallons, constitu\\u00e9s de d\\u00e9p\\u00f4ts limoneux, et les sols plus profonds des c\\u00f4teaux, am\\u00e9nag\\u00e9s en terrasses sur un banc de calcaire magn\\u00e9sien dolomitique, cr\\u00e9ent une multitude de nuances qui influencent chaque mill\\u00e9sime.\"}},{\"@type\":\"Question\",\"name\":\"Quels c\\u00e9pages sont cultiv\\u00e9s au Domaine Viticole Clos de Caille ?\",\"acceptedAnswer\":{\"@type\":\"Answer\",\"text\":\"Le Domaine du Clos de Caille, qui s\\u2019\\u00e9tend sur 160 hectares, dont 40 sont d\\u00e9di\\u00e9s \\u00e0 la vigne, b\\u00e9n\\u00e9ficie d\\u2019un enc\\u00e9pagement vari\\u00e9 et parfaitement adapt\\u00e9 \\u00e0 notre terroir. Parmi les c\\u00e9pages cultiv\\u00e9s, on trouve :Grenache : dominant dans nos vins rouges et ros\\u00e9s, il apporte des ar\\u00f4mes fruit\\u00e9s et \\u00e9pic\\u00e9s.Syrah : c\\u00e9page structurant des vins rouges, offrant des notes de fruits noirs et d\\u2019\\u00e9pices.Cinsault : utilis\\u00e9 principalement pour nos vins ros\\u00e9s, il d\\u00e9voile des ar\\u00f4mes frais et d\\u00e9licats.Cabernet Sauvignon : appr\\u00e9ci\\u00e9 pour son potentiel de vieillissement, il conf\\u00e8re profondeur et complexit\\u00e9.Rolle : c\\u00e9page blanc m\\u00e9diterran\\u00e9en, il apporte des ar\\u00f4mes frais et min\\u00e9raux \\u00e0 nos vins blancs.\"}},{\"@type\":\"Question\",\"name\":\"Puis-je organiser un \\u00e9v\\u00e9nement priv\\u00e9 au Domaine ?\",\"acceptedAnswer\":{\"@type\":\"Answer\",\"text\":\"Le Domaine du Clos de Caille est un lieu familial priv\\u00e9. Pour toutes demandes de collaboration, placement produit ou photoshooting, nous vous invitons \\u00e0 contacter notre Service Clients au +33 (0)9 88 66 38 44 ou par email : info@closdecaille.com.\"}},{\"@type\":\"Question\",\"name\":\"Comment venir au Clos de Caille ?\",\"acceptedAnswer\":{\"@type\":\"Answer\",\"text\":\"Le Domaine Viticole Clos de Caille vous accueille au :SCEA Domaine du Clos de Caille2861B Chemin de Mousteirol83570 Entrecasteaux FranceDu lundi au vendredi de 8h30 \\u00e0 12h30 et de 13h \\u00e0 17h sur RDV uniquement.\"}}]}<\/script>\n\t\t\t\t\t\t\t<\/div>\n\t\t\t\t<\/div>\n\t\t<div class=\"elementor-element elementor-element-2ac3f5c e-con-full mc-section__full e-flex e-con e-child\" data-id=\"2ac3f5c\" data-element_type=\"container\" data-e-type=\"container\">\n\t\t\t\t<div class=\"elementor-element elementor-element-88f9d1e elementor-widget elementor-widget-image\" data-id=\"88f9d1e\" data-element_type=\"widget\" data-e-type=\"widget\" data-widget_type=\"image.default\">\n\t\t\t\t\t\t\t\t\t\t\t\t\t\t\t<img decoding=\"async\" width=\"1536\" height=\"1536\" src=\"https:\/\/www.closdecaille.com\/wp-content\/uploads\/2025\/12\/clos-de-caille-domaine-cloche-4-carre-1-1536x1536.jpg\" class=\"attachment-1536x1536 size-1536x1536 wp-image-6253\" alt=\"\" srcset=\"https:\/\/www.closdecaille.com\/wp-content\/uploads\/2025\/12\/clos-de-caille-domaine-cloche-4-carre-1-1536x1536.jpg 1536w, https:\/\/www.closdecaille.com\/wp-content\/uploads\/2025\/12\/clos-de-caille-domaine-cloche-4-carre-1-300x300.jpg 300w, https:\/\/www.closdecaille.com\/wp-content\/uploads\/2025\/12\/clos-de-caille-domaine-cloche-4-carre-1-1024x1024.jpg 1024w, https:\/\/www.closdecaille.com\/wp-content\/uploads\/2025\/12\/clos-de-caille-domaine-cloche-4-carre-1-150x150.jpg 150w, https:\/\/www.closdecaille.com\/wp-content\/uploads\/2025\/12\/clos-de-caille-domaine-cloche-4-carre-1-768x768.jpg 768w, https:\/\/www.closdecaille.com\/wp-content\/uploads\/2025\/12\/clos-de-caille-domaine-cloche-4-carre-1-2048x2048.jpg 2048w, https:\/\/www.closdecaille.com\/wp-content\/uploads\/2025\/12\/clos-de-caille-domaine-cloche-4-carre-1-100x100.jpg 100w\" sizes=\"(max-width: 1536px) 100vw, 1536px\" \/>\t\t\t\t\t\t\t\t\t\t\t\t\t\t\t<\/div>\n\t\t\t\t<\/div>\n\t\t\t\t<\/div>\n\t\t\t\t<\/section>\n\t\t<section class=\"elementor-element elementor-element-ae1c786 e-con-full e-flex e-con e-parent\" data-id=\"ae1c786\" data-element_type=\"container\" data-e-type=\"container\">\n\t\t<div class=\"elementor-element elementor-element-09a5683 mc-section mc-section--full-left e-con-full e-flex e-con e-child\" data-id=\"09a5683\" data-element_type=\"container\" data-e-type=\"container\">\n\t\t<div class=\"elementor-element elementor-element-370b4f2 e-con-full mc-section__full e-flex e-con e-child\" data-id=\"370b4f2\" data-element_type=\"container\" data-e-type=\"container\">\n\t\t\t\t<div class=\"elementor-element elementor-element-54ee18d elementor-widget elementor-widget-image\" data-id=\"54ee18d\" data-element_type=\"widget\" data-e-type=\"widget\" data-widget_type=\"image.default\">\n\t\t\t\t\t\t\t\t\t\t\t\t\t\t\t<img decoding=\"async\" width=\"1536\" height=\"1536\" src=\"https:\/\/www.closdecaille.com\/wp-content\/uploads\/2025\/12\/clos-de-caille-domaine-vignes-2-carre-1-1536x1536.jpg\" class=\"attachment-1536x1536 size-1536x1536 wp-image-6254\" alt=\"\" srcset=\"https:\/\/www.closdecaille.com\/wp-content\/uploads\/2025\/12\/clos-de-caille-domaine-vignes-2-carre-1-1536x1536.jpg 1536w, https:\/\/www.closdecaille.com\/wp-content\/uploads\/2025\/12\/clos-de-caille-domaine-vignes-2-carre-1-300x300.jpg 300w, https:\/\/www.closdecaille.com\/wp-content\/uploads\/2025\/12\/clos-de-caille-domaine-vignes-2-carre-1-1024x1024.jpg 1024w, https:\/\/www.closdecaille.com\/wp-content\/uploads\/2025\/12\/clos-de-caille-domaine-vignes-2-carre-1-150x150.jpg 150w, https:\/\/www.closdecaille.com\/wp-content\/uploads\/2025\/12\/clos-de-caille-domaine-vignes-2-carre-1-768x768.jpg 768w, https:\/\/www.closdecaille.com\/wp-content\/uploads\/2025\/12\/clos-de-caille-domaine-vignes-2-carre-1-2048x2048.jpg 2048w, https:\/\/www.closdecaille.com\/wp-content\/uploads\/2025\/12\/clos-de-caille-domaine-vignes-2-carre-1-100x100.jpg 100w\" sizes=\"(max-width: 1536px) 100vw, 1536px\" \/>\t\t\t\t\t\t\t\t\t\t\t\t\t\t\t<\/div>\n\t\t\t\t<\/div>\n\t\t<div class=\"elementor-element elementor-element-b526cda e-con-full mc-section__contained e-flex e-con e-child\" data-id=\"b526cda\" data-element_type=\"container\" data-e-type=\"container\">\n\t\t\t\t<div class=\"elementor-element elementor-element-7481db2 elementor-widget elementor-widget-heading\" data-id=\"7481db2\" data-element_type=\"widget\" data-e-type=\"widget\" data-widget_type=\"heading.default\">\n\t\t\t\t\t<h2 class=\"elementor-heading-title elementor-size-default\">Nos Vins<\/h2>\t\t\t\t<\/div>\n\t\t\t\t<div class=\"elementor-element elementor-element-f4a48a6 elementor-widget elementor-widget-n-accordion\" data-id=\"f4a48a6\" data-element_type=\"widget\" data-e-type=\"widget\" data-settings=\"{&quot;default_state&quot;:&quot;all_collapsed&quot;,&quot;max_items_expended&quot;:&quot;one&quot;,&quot;n_accordion_animation_duration&quot;:{&quot;unit&quot;:&quot;ms&quot;,&quot;size&quot;:400,&quot;sizes&quot;:[]}}\" data-widget_type=\"nested-accordion.default\">\n\t\t\t\t\t\t\t<div class=\"e-n-accordion\" aria-label=\"Accordion. Open links with Enter or Space, close with Escape, and navigate with Arrow Keys\">\n\t\t\t\t\t\t<details id=\"e-n-accordion-item-2560\" class=\"e-n-accordion-item\" >\n\t\t\t\t<summary class=\"e-n-accordion-item-title\" data-accordion-index=\"1\" tabindex=\"0\" aria-expanded=\"false\" aria-controls=\"e-n-accordion-item-2560\" >\n\t\t\t\t\t<span class='e-n-accordion-item-title-header'><h2 class=\"e-n-accordion-item-title-text\"> Quels types de vins produisez-vous au Domaine viticole Clos de Caille ? <\/h2><\/span>\n\t\t\t\t\t\t\t<span class='e-n-accordion-item-title-icon'>\n\t\t\t<span class='e-opened' ><i aria-hidden=\"true\" class=\"tablericon- tabler-icon-chevron-down\"><\/i><\/span>\n\t\t\t<span class='e-closed'><i aria-hidden=\"true\" class=\"tablericon- tabler-icon-chevron-right\"><\/i><\/span>\n\t\t<\/span>\n\n\t\t\t\t\t\t<\/summary>\n\t\t\t\t<div role=\"region\" aria-labelledby=\"e-n-accordion-item-2560\" class=\"elementor-element elementor-element-2b0ed95 e-con-full e-flex e-con e-child\" data-id=\"2b0ed95\" data-element_type=\"container\" data-e-type=\"container\">\n\t\t\t\t<div class=\"elementor-element elementor-element-47c96b3 elementor-widget elementor-widget-text-editor\" data-id=\"47c96b3\" data-element_type=\"widget\" data-e-type=\"widget\" data-widget_type=\"text-editor.default\">\n\t\t\t\t\t\t\t\t\t<p>Nous produisons des vins Rouges, Blancs et Ros\u00e9s, tous assembl\u00e9s sous la Direction technique de Matthieu Cosse. Nos Blancs mettent en valeur le c\u00e9page Rolle. Nos Rouges et Ros\u00e9s sont issus d\u2019assemblages avec des c\u00e9pages comme le Syrah, le Grenache ou le Cinsault. Tous nos vins sont AOP C\u00f4tes de Provence et certifi\u00e9s bio depuis le mill\u00e9sime 2024.<\/p><p>Notre gamme Clos de Caille se d\u00e9cline dans les trois couleurs, dont 3 T\u00eates de Cuv\u00e9e, Clos de Caille \u00ab Patrius \u00bb en Rouge, Clos de Caille \u00ab Lucis \u00bb en Blanc et Clos de Caille \u00ab Clarisse \u00bb en Ros\u00e9. Notre vin, The One, id\u00e9al pour vos moments festifs et conviviaux se d\u00e9cline en Blanc et Ros\u00e9 dans 2 formats in\u00e9dits : 50cl et 1L.<\/p>\t\t\t\t\t\t\t\t<\/div>\n\t\t\t\t<\/div>\n\t\t\t\t\t<\/details>\n\t\t\t\t\t\t<details id=\"e-n-accordion-item-2561\" class=\"e-n-accordion-item\" >\n\t\t\t\t<summary class=\"e-n-accordion-item-title\" data-accordion-index=\"2\" tabindex=\"-1\" aria-expanded=\"false\" aria-controls=\"e-n-accordion-item-2561\" >\n\t\t\t\t\t<span class='e-n-accordion-item-title-header'><h2 class=\"e-n-accordion-item-title-text\"> Les vins produits au Domaine du Clos de Caille sont-ils bio ? <\/h2><\/span>\n\t\t\t\t\t\t\t<span class='e-n-accordion-item-title-icon'>\n\t\t\t<span class='e-opened' ><i aria-hidden=\"true\" class=\"tablericon- tabler-icon-chevron-down\"><\/i><\/span>\n\t\t\t<span class='e-closed'><i aria-hidden=\"true\" class=\"tablericon- tabler-icon-chevron-right\"><\/i><\/span>\n\t\t<\/span>\n\n\t\t\t\t\t\t<\/summary>\n\t\t\t\t<div role=\"region\" aria-labelledby=\"e-n-accordion-item-2561\" class=\"elementor-element elementor-element-b4a2b3b e-con-full e-flex e-con e-child\" data-id=\"b4a2b3b\" data-element_type=\"container\" data-e-type=\"container\">\n\t\t\t\t<div class=\"elementor-element elementor-element-6111512 elementor-widget elementor-widget-text-editor\" data-id=\"6111512\" data-element_type=\"widget\" data-e-type=\"widget\" data-widget_type=\"text-editor.default\">\n\t\t\t\t\t\t\t\t\t<p>Au Domaine du Clos de Caille, le respect de l\u2019environnement est une priorit\u00e9 absolue. Certifi\u00e9s en Agriculture Biologique depuis le mill\u00e9sime 2024, nous avons adopt\u00e9 une d\u00e9marche artisanale et traditionnelle.<\/p><p>Nos artisans vignerons privil\u00e9gient notamment l\u2019utilisation d\u2019engrais organiques, associ\u00e9s \u00e0 des composts de sarments, de v\u00e9g\u00e9taux et de fumier. La surveillance, la pr\u00e9vention et l\u2019analyse des cycles pathologiques conduisent \u00e0 des r\u00e9ponses raisonn\u00e9es, quelle que soit la saison afin de pr\u00e9server la sant\u00e9 de nos sols et la qualit\u00e9 de notre vin.<\/p>\t\t\t\t\t\t\t\t<\/div>\n\t\t\t\t<\/div>\n\t\t\t\t\t<\/details>\n\t\t\t\t\t\t<details id=\"e-n-accordion-item-2562\" class=\"e-n-accordion-item\" >\n\t\t\t\t<summary class=\"e-n-accordion-item-title\" data-accordion-index=\"3\" tabindex=\"-1\" aria-expanded=\"false\" aria-controls=\"e-n-accordion-item-2562\" >\n\t\t\t\t\t<span class='e-n-accordion-item-title-header'><h2 class=\"e-n-accordion-item-title-text\"> Comment choisir le vin Clos de Caille qui me convient ? <\/h2><\/span>\n\t\t\t\t\t\t\t<span class='e-n-accordion-item-title-icon'>\n\t\t\t<span class='e-opened' ><i aria-hidden=\"true\" class=\"tablericon- tabler-icon-chevron-down\"><\/i><\/span>\n\t\t\t<span class='e-closed'><i aria-hidden=\"true\" class=\"tablericon- tabler-icon-chevron-right\"><\/i><\/span>\n\t\t<\/span>\n\n\t\t\t\t\t\t<\/summary>\n\t\t\t\t<div role=\"region\" aria-labelledby=\"e-n-accordion-item-2562\" class=\"elementor-element elementor-element-96e8308 e-con-full e-flex e-con e-child\" data-id=\"96e8308\" data-element_type=\"container\" data-e-type=\"container\">\n\t\t\t\t<div class=\"elementor-element elementor-element-db184a5 elementor-widget elementor-widget-text-editor\" data-id=\"db184a5\" data-element_type=\"widget\" data-e-type=\"widget\" data-widget_type=\"text-editor.default\">\n\t\t\t\t\t\t\t\t\t<p>Chaque vin Clos de Caille est unique, refl\u00e9tant le savoir-faire et la typicit\u00e9 de notre terroir cultiv\u00e9 au Domaine. Notre \u00e9quipe est \u00e0 votre disposition pour vous conseiller sur le vin qui correspondra le mieux \u00e0 vos go\u00fbts et \u00e0 vos occasions.<\/p>\t\t\t\t\t\t\t\t<\/div>\n\t\t\t\t<\/div>\n\t\t\t\t\t<\/details>\n\t\t\t\t\t\t<details id=\"e-n-accordion-item-2563\" class=\"e-n-accordion-item\" >\n\t\t\t\t<summary class=\"e-n-accordion-item-title\" data-accordion-index=\"4\" tabindex=\"-1\" aria-expanded=\"false\" aria-controls=\"e-n-accordion-item-2563\" >\n\t\t\t\t\t<span class='e-n-accordion-item-title-header'><h2 class=\"e-n-accordion-item-title-text\"> Proposez-vous des coffrets cadeaux ? <\/h2><\/span>\n\t\t\t\t\t\t\t<span class='e-n-accordion-item-title-icon'>\n\t\t\t<span class='e-opened' ><i aria-hidden=\"true\" class=\"tablericon- tabler-icon-chevron-down\"><\/i><\/span>\n\t\t\t<span class='e-closed'><i aria-hidden=\"true\" class=\"tablericon- tabler-icon-chevron-right\"><\/i><\/span>\n\t\t<\/span>\n\n\t\t\t\t\t\t<\/summary>\n\t\t\t\t<div role=\"region\" aria-labelledby=\"e-n-accordion-item-2563\" class=\"elementor-element elementor-element-abc439c e-con-full e-flex e-con e-child\" data-id=\"abc439c\" data-element_type=\"container\" data-e-type=\"container\">\n\t\t\t\t<div class=\"elementor-element elementor-element-d4d50d4 elementor-widget elementor-widget-text-editor\" data-id=\"d4d50d4\" data-element_type=\"widget\" data-e-type=\"widget\" data-widget_type=\"text-editor.default\">\n\t\t\t\t\t\t\t\t\t<p>Oui, nous proposons des coffrets incluant les meilleures cuv\u00e9es de notre gamme Clos de Caille (Rouge, Blanc et Ros\u00e9), parfaits pour offrir lors d\u2019occasions sp\u00e9ciales.<\/p>\t\t\t\t\t\t\t\t<\/div>\n\t\t\t\t<\/div>\n\t\t\t\t\t<\/details>\n\t\t\t\t\t\t<details id=\"e-n-accordion-item-2564\" class=\"e-n-accordion-item\" >\n\t\t\t\t<summary class=\"e-n-accordion-item-title\" data-accordion-index=\"5\" tabindex=\"-1\" aria-expanded=\"false\" aria-controls=\"e-n-accordion-item-2564\" >\n\t\t\t\t\t<span class='e-n-accordion-item-title-header'><h2 class=\"e-n-accordion-item-title-text\"> Qu\u2019est-ce que la vinification parcellaire ? <\/h2><\/span>\n\t\t\t\t\t\t\t<span class='e-n-accordion-item-title-icon'>\n\t\t\t<span class='e-opened' ><i aria-hidden=\"true\" class=\"tablericon- tabler-icon-chevron-down\"><\/i><\/span>\n\t\t\t<span class='e-closed'><i aria-hidden=\"true\" class=\"tablericon- tabler-icon-chevron-right\"><\/i><\/span>\n\t\t<\/span>\n\n\t\t\t\t\t\t<\/summary>\n\t\t\t\t<div role=\"region\" aria-labelledby=\"e-n-accordion-item-2564\" class=\"elementor-element elementor-element-ac6ac7a e-con-full e-flex e-con e-child\" data-id=\"ac6ac7a\" data-element_type=\"container\" data-e-type=\"container\">\n\t\t\t\t<div class=\"elementor-element elementor-element-0c6742e elementor-widget elementor-widget-text-editor\" data-id=\"0c6742e\" data-element_type=\"widget\" data-e-type=\"widget\" data-widget_type=\"text-editor.default\">\n\t\t\t\t\t\t\t\t\t<p>Le Clos de Caille entreprend ses travaux dans une d\u00e9marche \u00ab Grands Crus \u00bb, en pratiquant une s\u00e9lection parcellaire minutieuse et un ramassage \u00e0 maturit\u00e9 optimale pour chacune d\u2019entre elles. Pour l\u2019\u00e9laboration de nos vins C\u00f4tes de Provence, nous avons \u00e9galement opt\u00e9 pour la m\u00e9thode de la vinification parcellaire qui consiste \u00e0 travailler chaque parcelle s\u00e9par\u00e9ment, afin de tirer le meilleur parti de chacune d\u2019elle. Au sein de notre cave de vinification confectionn\u00e9e par l&rsquo;\u00e9m\u00e9rite architecte Rudy Ricciotti, chaque parcelle est vinifi\u00e9e dans une cuve qui lui est propre, permettant ainsi d\u2019exprimer les caract\u00e9ristiques uniques de chaque terroir. En appr\u00e9ciant individuellement les subtilit\u00e9s gustatives et aromatiques de nos parcelles, nous pouvons proc\u00e9der avec finesse \u00e0 des assemblages harmonieux et \u00e9clair\u00e9s. Ce processus ambitieux, qui requiert des \u00e9quipements vinicoles cons\u00e9quents, est d\u00e9cisif pour optimiser la qualit\u00e9 de nos vins C\u00f4tes de Provence.<\/p>\t\t\t\t\t\t\t\t<\/div>\n\t\t\t\t<\/div>\n\t\t\t\t\t<\/details>\n\t\t\t\t\t\t<details id=\"e-n-accordion-item-2565\" class=\"e-n-accordion-item\" >\n\t\t\t\t<summary class=\"e-n-accordion-item-title\" data-accordion-index=\"6\" tabindex=\"-1\" aria-expanded=\"false\" aria-controls=\"e-n-accordion-item-2565\" >\n\t\t\t\t\t<span class='e-n-accordion-item-title-header'><h2 class=\"e-n-accordion-item-title-text\"> Quels sont les avantages de la s\u00e9lection massale ? <\/h2><\/span>\n\t\t\t\t\t\t\t<span class='e-n-accordion-item-title-icon'>\n\t\t\t<span class='e-opened' ><i aria-hidden=\"true\" class=\"tablericon- tabler-icon-chevron-down\"><\/i><\/span>\n\t\t\t<span class='e-closed'><i aria-hidden=\"true\" class=\"tablericon- tabler-icon-chevron-right\"><\/i><\/span>\n\t\t<\/span>\n\n\t\t\t\t\t\t<\/summary>\n\t\t\t\t<div role=\"region\" aria-labelledby=\"e-n-accordion-item-2565\" class=\"elementor-element elementor-element-0b38d75 e-con-full e-flex e-con e-child\" data-id=\"0b38d75\" data-element_type=\"container\" data-e-type=\"container\">\n\t\t\t\t<div class=\"elementor-element elementor-element-17293e2 elementor-widget elementor-widget-text-editor\" data-id=\"17293e2\" data-element_type=\"widget\" data-e-type=\"widget\" data-widget_type=\"text-editor.default\">\n\t\t\t\t\t\t\t\t\t<p>D\u00e8s son premier mill\u00e9sime, notre Domaine viticole en Provence a choisi de travailler en s\u00e9lection massale. Initi\u00e9 par le pr\u00e9curseur Lilian B\u00e9rillon, p\u00e9pini\u00e9riste viticole, la s\u00e9lection massale valorise la diversit\u00e9 g\u00e9n\u00e9tique des c\u00e9pages en s\u00e9lectionnant les plus adapt\u00e9s aux particularit\u00e9s de notre terroir et aux \u00e9volutions de son climat. Cette approche renforce la r\u00e9silience des vignes, favorise une expression authentique de chaque mill\u00e9sime et assure une qualit\u00e9 gustative constante \u00e0 chaque mill\u00e9sime.<\/p>\t\t\t\t\t\t\t\t<\/div>\n\t\t\t\t<\/div>\n\t\t\t\t\t<\/details>\n\t\t\t\t\t\t<details id=\"e-n-accordion-item-2566\" class=\"e-n-accordion-item\" >\n\t\t\t\t<summary class=\"e-n-accordion-item-title\" data-accordion-index=\"7\" tabindex=\"-1\" aria-expanded=\"false\" aria-controls=\"e-n-accordion-item-2566\" >\n\t\t\t\t\t<span class='e-n-accordion-item-title-header'><h2 class=\"e-n-accordion-item-title-text\"> Dans quels pays la livraison est-elle possible ? <\/h2><\/span>\n\t\t\t\t\t\t\t<span class='e-n-accordion-item-title-icon'>\n\t\t\t<span class='e-opened' ><i aria-hidden=\"true\" class=\"tablericon- tabler-icon-chevron-down\"><\/i><\/span>\n\t\t\t<span class='e-closed'><i aria-hidden=\"true\" class=\"tablericon- tabler-icon-chevron-right\"><\/i><\/span>\n\t\t<\/span>\n\n\t\t\t\t\t\t<\/summary>\n\t\t\t\t<div role=\"region\" aria-labelledby=\"e-n-accordion-item-2566\" class=\"elementor-element elementor-element-2362f47 e-con-full e-flex e-con e-child\" data-id=\"2362f47\" data-element_type=\"container\" data-e-type=\"container\">\n\t\t\t\t<div class=\"elementor-element elementor-element-b6f3e90 elementor-widget elementor-widget-text-editor\" data-id=\"b6f3e90\" data-element_type=\"widget\" data-e-type=\"widget\" data-widget_type=\"text-editor.default\">\n\t\t\t\t\t\t\t\t\t<p>La livraison de nos vins est possible partout en France M\u00e9tropolitaine et \u00e0 Monaco. \u00c0 partir de 100\u20ac d&rsquo;achat, celle-ci est offerte. Pour toute demande de renseignement, n\u2019h\u00e9sitez pas \u00e0 contacter notre service client par t\u00e9l\u00e9phone : +33 (0)9 88 66 38 44 ou par email : <a href=\"mailto:info@closdecaille.com\">info@closdecaille.com<\/a>.<\/p>\t\t\t\t\t\t\t\t<\/div>\n\t\t\t\t<\/div>\n\t\t\t\t\t<\/details>\n\t\t\t\t\t<\/div>\n\t\t\t\t\t<script type=\"application\/ld+json\">{\"@context\":\"https:\\\/\\\/schema.org\",\"@type\":\"FAQPage\",\"mainEntity\":[{\"@type\":\"Question\",\"name\":\"Quels types de vins produisez-vous au Domaine viticole Clos de Caille ?\",\"acceptedAnswer\":{\"@type\":\"Answer\",\"text\":\"Nous produisons des vins Rouges, Blancs et Ros\\u00e9s, tous assembl\\u00e9s sous la Direction technique de Matthieu Cosse. Nos Blancs mettent en valeur le c\\u00e9page Rolle. Nos Rouges et Ros\\u00e9s sont issus d\\u2019assemblages avec des c\\u00e9pages comme le Syrah, le Grenache ou le Cinsault. Tous nos vins sont AOP C\\u00f4tes de Provence et certifi\\u00e9s bio depuis le mill\\u00e9sime 2024.Notre gamme Clos de Caille se d\\u00e9cline dans les trois couleurs, dont 3 T\\u00eates de Cuv\\u00e9e, Clos de Caille \\u00ab Patrius \\u00bb en Rouge, Clos de Caille \\u00ab Lucis \\u00bb en Blanc et Clos de Caille \\u00ab Clarisse \\u00bb en Ros\\u00e9. Notre vin, The One, id\\u00e9al pour vos moments festifs et conviviaux se d\\u00e9cline en Blanc et Ros\\u00e9 dans 2 formats in\\u00e9dits : 50cl et 1L.\"}},{\"@type\":\"Question\",\"name\":\"Les vins produits au Domaine du Clos de Caille sont-ils bio ?\",\"acceptedAnswer\":{\"@type\":\"Answer\",\"text\":\"Au Domaine du Clos de Caille, le respect de l\\u2019environnement est une priorit\\u00e9 absolue. Certifi\\u00e9s en Agriculture Biologique depuis le mill\\u00e9sime 2024, nous avons adopt\\u00e9 une d\\u00e9marche artisanale et traditionnelle.Nos artisans vignerons privil\\u00e9gient notamment l\\u2019utilisation d\\u2019engrais organiques, associ\\u00e9s \\u00e0 des composts de sarments, de v\\u00e9g\\u00e9taux et de fumier. La surveillance, la pr\\u00e9vention et l\\u2019analyse des cycles pathologiques conduisent \\u00e0 des r\\u00e9ponses raisonn\\u00e9es, quelle que soit la saison afin de pr\\u00e9server la sant\\u00e9 de nos sols et la qualit\\u00e9 de notre vin.\"}},{\"@type\":\"Question\",\"name\":\"Comment choisir le vin Clos de Caille qui me convient ?\",\"acceptedAnswer\":{\"@type\":\"Answer\",\"text\":\"Chaque vin Clos de Caille est unique, refl\\u00e9tant le savoir-faire et la typicit\\u00e9 de notre terroir cultiv\\u00e9 au Domaine. Notre \\u00e9quipe est \\u00e0 votre disposition pour vous conseiller sur le vin qui correspondra le mieux \\u00e0 vos go\\u00fbts et \\u00e0 vos occasions.\"}},{\"@type\":\"Question\",\"name\":\"Proposez-vous des coffrets cadeaux ?\",\"acceptedAnswer\":{\"@type\":\"Answer\",\"text\":\"Oui, nous proposons des coffrets incluant les meilleures cuv\\u00e9es de notre gamme Clos de Caille (Rouge, Blanc et Ros\\u00e9), parfaits pour offrir lors d\\u2019occasions sp\\u00e9ciales.\"}},{\"@type\":\"Question\",\"name\":\"Qu\\u2019est-ce que la vinification parcellaire ?\",\"acceptedAnswer\":{\"@type\":\"Answer\",\"text\":\"Le Clos de Caille entreprend ses travaux dans une d\\u00e9marche \\u00ab Grands Crus \\u00bb, en pratiquant une s\\u00e9lection parcellaire minutieuse et un ramassage \\u00e0 maturit\\u00e9 optimale pour chacune d\\u2019entre elles. Pour l\\u2019\\u00e9laboration de nos vins C\\u00f4tes de Provence, nous avons \\u00e9galement opt\\u00e9 pour la m\\u00e9thode de la vinification parcellaire qui consiste \\u00e0 travailler chaque parcelle s\\u00e9par\\u00e9ment, afin de tirer le meilleur parti de chacune d\\u2019elle. Au sein de notre cave de vinification confectionn\\u00e9e par l&rsquo;\\u00e9m\\u00e9rite architecte Rudy Ricciotti, chaque parcelle est vinifi\\u00e9e dans une cuve qui lui est propre, permettant ainsi d\\u2019exprimer les caract\\u00e9ristiques uniques de chaque terroir. En appr\\u00e9ciant individuellement les subtilit\\u00e9s gustatives et aromatiques de nos parcelles, nous pouvons proc\\u00e9der avec finesse \\u00e0 des assemblages harmonieux et \\u00e9clair\\u00e9s. Ce processus ambitieux, qui requiert des \\u00e9quipements vinicoles cons\\u00e9quents, est d\\u00e9cisif pour optimiser la qualit\\u00e9 de nos vins C\\u00f4tes de Provence.\"}},{\"@type\":\"Question\",\"name\":\"Quels sont les avantages de la s\\u00e9lection massale ?\",\"acceptedAnswer\":{\"@type\":\"Answer\",\"text\":\"D\\u00e8s son premier mill\\u00e9sime, notre Domaine viticole en Provence a choisi de travailler en s\\u00e9lection massale. Initi\\u00e9 par le pr\\u00e9curseur Lilian B\\u00e9rillon, p\\u00e9pini\\u00e9riste viticole, la s\\u00e9lection massale valorise la diversit\\u00e9 g\\u00e9n\\u00e9tique des c\\u00e9pages en s\\u00e9lectionnant les plus adapt\\u00e9s aux particularit\\u00e9s de notre terroir et aux \\u00e9volutions de son climat. Cette approche renforce la r\\u00e9silience des vignes, favorise une expression authentique de chaque mill\\u00e9sime et assure une qualit\\u00e9 gustative constante \\u00e0 chaque mill\\u00e9sime.\"}},{\"@type\":\"Question\",\"name\":\"Dans quels pays la livraison est-elle possible ?\",\"acceptedAnswer\":{\"@type\":\"Answer\",\"text\":\"La livraison de nos vins est possible partout en France M\\u00e9tropolitaine et \\u00e0 Monaco. \\u00c0 partir de 100\\u20ac d&rsquo;achat, celle-ci est offerte. Pour toute demande de renseignement, n\\u2019h\\u00e9sitez pas \\u00e0 contacter notre service client par t\\u00e9l\\u00e9phone : +33 (0)9 88 66 38 44 ou par email : info@closdecaille.com.\"}}]}<\/script>\n\t\t\t\t\t\t\t<\/div>\n\t\t\t\t<\/div>\n\t\t\t\t<\/div>\n\t\t\t\t<\/section>\n\t\t<div class=\"elementor-element elementor-element-ea51986 e-con-full e-flex e-con e-parent\" data-id=\"ea51986\" data-element_type=\"container\" data-e-type=\"container\">\n\t\t\t\t<div class=\"elementor-element elementor-element-15a712a elementor-widget elementor-widget-template\" data-id=\"15a712a\" data-element_type=\"widget\" data-e-type=\"widget\" data-widget_type=\"template.default\">\n\t\t\t\t<div class=\"elementor-widget-container\">\n\t\t\t\t\t\t\t<div class=\"elementor-template\">\n\t\t\t\t\t<div data-elementor-type=\"container\" data-elementor-id=\"5983\" class=\"elementor elementor-5983\" data-elementor-post-type=\"elementor_library\">\n\t\t\t\t<div class=\"elementor-element elementor-element-28b6cf5 e-con-full e-flex e-con e-parent\" data-id=\"28b6cf5\" data-element_type=\"container\" data-e-type=\"container\">\n\t\t<div class=\"elementor-element elementor-element-63dac17b e-flex e-con-boxed e-con e-child\" data-id=\"63dac17b\" data-element_type=\"container\" data-e-type=\"container\" data-settings=\"{&quot;background_background&quot;:&quot;classic&quot;}\">\n\t\t\t\t\t<div class=\"e-con-inner\">\n\t\t<div class=\"elementor-element elementor-element-7bbe1c1e e-con-full e-flex e-con e-child\" data-id=\"7bbe1c1e\" data-element_type=\"container\" data-e-type=\"container\">\n\t\t\t\t<div class=\"elementor-element elementor-element-3f22382e elementor-widget elementor-widget-heading\" data-id=\"3f22382e\" data-element_type=\"widget\" data-e-type=\"widget\" data-widget_type=\"heading.default\">\n\t\t\t\t\t<h2 class=\"elementor-heading-title elementor-size-default\">Newsletter<\/h2>\t\t\t\t<\/div>\n\t\t\t\t<div class=\"elementor-element elementor-element-2b6c64bc elementor-widget elementor-widget-text-editor\" data-id=\"2b6c64bc\" data-element_type=\"widget\" data-e-type=\"widget\" data-widget_type=\"text-editor.default\">\n\t\t\t\t\t\t\t\t\t<p data-pm-slice=\"1 1 []\">Ne manquez rien et soyez les premiers inform\u00e9s des actualit\u00e9s du Clos de Caille.<\/p>\t\t\t\t\t\t\t\t<\/div>\n\t\t\t\t<div class=\"elementor-element elementor-element-2ff93caa elementor-button-align-stretch elementor-widget elementor-widget-form\" data-id=\"2ff93caa\" data-element_type=\"widget\" data-e-type=\"widget\" data-settings=\"{&quot;button_width&quot;:&quot;20&quot;,&quot;button_width_mobile&quot;:&quot;20&quot;,&quot;step_next_label&quot;:&quot;Suivant&quot;,&quot;step_previous_label&quot;:&quot;Pr\\u00e9c\\u00e9dent&quot;,&quot;button_width_laptop&quot;:&quot;20&quot;,&quot;step_type&quot;:&quot;number_text&quot;,&quot;step_icon_shape&quot;:&quot;circle&quot;}\" data-widget_type=\"form.default\">\n\t\t\t\t\t\t\t<form class=\"elementor-form\" method=\"post\" name=\"Newsletter\" aria-label=\"Newsletter\">\n\t\t\t<input type=\"hidden\" name=\"post_id\" value=\"5983\"\/>\n\t\t\t<input type=\"hidden\" name=\"form_id\" value=\"2ff93caa\"\/>\n\t\t\t<input type=\"hidden\" name=\"referer_title\" value=\"Vins ros\u00e9s - Clos de Caille\" \/>\n\n\t\t\t\n\t\t\t<div class=\"elementor-form-fields-wrapper elementor-labels-\">\n\t\t\t\t\t\t\t\t<div class=\"elementor-field-type-email elementor-field-group elementor-column elementor-field-group-email elementor-col-25 elementor-md-50 elementor-sm-50 elementor-field-required\">\n\t\t\t\t\t\t\t\t\t\t\t\t<label for=\"form-field-email\" class=\"elementor-field-label elementor-screen-only\">\n\t\t\t\t\t\t\t\tAdresse email\t\t\t\t\t\t\t<\/label>\n\t\t\t\t\t\t\t\t\t\t\t\t\t\t<input size=\"1\" type=\"email\" name=\"form_fields[email]\" id=\"form-field-email\" class=\"elementor-field elementor-size-sm  elementor-field-textual\" placeholder=\"Adresse email\" required=\"required\">\n\t\t\t\t\t\t\t\t\t\t\t<\/div>\n\t\t\t\t\t\t\t\t<div class=\"elementor-field-group elementor-column elementor-field-type-submit elementor-col-20 e-form__buttons elementor-sm-20\">\n\t\t\t\t\t<button class=\"elementor-button elementor-size-sm\" type=\"submit\">\n\t\t\t\t\t\t<span class=\"elementor-button-content-wrapper\">\n\t\t\t\t\t\t\t\t\t\t\t\t\t\t\t\t\t\t\t\t\t\t<span class=\"elementor-button-text\">S'abonner<\/span>\n\t\t\t\t\t\t\t\t\t\t\t\t\t<\/span>\n\t\t\t\t\t<\/button>\n\t\t\t\t<\/div>\n\t\t\t<\/div>\n\t\t<\/form>\n\t\t\t\t\t\t<\/div>\n\t\t\t\t<\/div>\n\t\t\t\t\t<\/div>\n\t\t\t\t<\/div>\n\t\t\t\t<\/div>\n\t\t\t\t<\/div>\n\t\t\t\t<\/div>\n\t\t\t\t\t\t<\/div>\n\t\t\t\t<\/div>\n\t\t\t\t<\/div>\n\t\t\t\t<\/div>\n\t\t","protected":false},"excerpt":{"rendered":"<p>FAQ Retrouvez ici les r\u00e9ponses aux questions les plus fr\u00e9quentes sur notre Domaine, nos vins et notre savoir-faire. Notre Domaine O\u00f9 est situ\u00e9 le Domaine viticole du Clos de Caille ? Le Domaine du Clos de Caille s\u2019\u00e9tend sur une centaine d\u2019hectares entre les communes d\u2019Entrecasteaux et Saint-Antonin-du-Var, \u00e0 35 km au Nord-Ouest du Golfe [&hellip;]<\/p>\n","protected":false},"author":20,"featured_media":0,"parent":0,"menu_order":0,"comment_status":"closed","ping_status":"closed","template":"","meta":{"_acf_changed":false,"_mo_disable_npp":"","footnotes":""},"class_list":["post-6072","page","type-page","status-publish","hentry"],"acf":[],"yoast_head":"<!-- This site is optimized with the Yoast SEO plugin v27.0 - https:\/\/yoast.com\/product\/yoast-seo-wordpress\/ -->\n<title>FAQ - Clos de Caille<\/title>\n<meta name=\"description\" content=\"FAQ - Clos de Caille, Provence.\" \/>\n<meta name=\"robots\" content=\"index, follow, max-snippet:-1, max-image-preview:large, max-video-preview:-1\" \/>\n<link rel=\"canonical\" href=\"https:\/\/www.closdecaille.com\/en\/faq\/\" \/>\n<meta property=\"og:locale\" content=\"en_GB\" \/>\n<meta property=\"og:type\" content=\"article\" \/>\n<meta property=\"og:title\" content=\"FAQ - Clos de Caille\" \/>\n<meta property=\"og:description\" content=\"FAQ - Clos de Caille, Provence.\" \/>\n<meta property=\"og:url\" content=\"https:\/\/www.closdecaille.com\/en\/faq\/\" \/>\n<meta property=\"og:site_name\" content=\"Clos de Caille\" \/>\n<meta property=\"article:modified_time\" content=\"2025-12-12T11:28:57+00:00\" \/>\n<meta property=\"og:image\" content=\"https:\/\/www.closdecaille.com\/wp-content\/uploads\/2025\/12\/clos-de-caille-domaine-bastide-3-carre-1.jpg\" \/>\n\t<meta property=\"og:image:width\" content=\"2560\" \/>\n\t<meta property=\"og:image:height\" content=\"2458\" \/>\n\t<meta property=\"og:image:type\" content=\"image\/jpeg\" \/>\n<meta name=\"twitter:label1\" content=\"Estimated reading time\" \/>\n\t<meta name=\"twitter:data1\" content=\"1 minute\" \/>\n<script type=\"application\/ld+json\" class=\"yoast-schema-graph\">{\"@context\":\"https:\/\/schema.org\",\"@graph\":[{\"@type\":\"WebPage\",\"@id\":\"https:\/\/www.closdecaille.com\/faq\/\",\"url\":\"https:\/\/www.closdecaille.com\/faq\/\",\"name\":\"FAQ - Clos de Caille\",\"isPartOf\":{\"@id\":\"https:\/\/www.closdecaille.com\/#website\"},\"primaryImageOfPage\":{\"@id\":\"https:\/\/www.closdecaille.com\/faq\/#primaryimage\"},\"image\":{\"@id\":\"https:\/\/www.closdecaille.com\/faq\/#primaryimage\"},\"thumbnailUrl\":\"https:\/\/www.closdecaille.com\/wp-content\/uploads\/2025\/12\/clos-de-caille-domaine-bastide-3-carre-1.jpg\",\"datePublished\":\"2025-12-08T09:59:25+00:00\",\"dateModified\":\"2025-12-12T11:28:57+00:00\",\"description\":\"FAQ - Clos de Caille, Provence.\",\"inLanguage\":\"en-GB\",\"potentialAction\":[{\"@type\":\"ReadAction\",\"target\":[\"https:\/\/www.closdecaille.com\/faq\/\"]}]},{\"@type\":\"ImageObject\",\"inLanguage\":\"en-GB\",\"@id\":\"https:\/\/www.closdecaille.com\/faq\/#primaryimage\",\"url\":\"https:\/\/www.closdecaille.com\/wp-content\/uploads\/2025\/12\/clos-de-caille-domaine-bastide-3-carre-1.jpg\",\"contentUrl\":\"https:\/\/www.closdecaille.com\/wp-content\/uploads\/2025\/12\/clos-de-caille-domaine-bastide-3-carre-1.jpg\"},{\"@type\":\"WebSite\",\"@id\":\"https:\/\/www.closdecaille.com\/#website\",\"url\":\"https:\/\/www.closdecaille.com\/\",\"name\":\"Clos de Caille\",\"description\":\"Vins AOP C\u00f4tes de Provence\",\"publisher\":{\"@id\":\"https:\/\/www.closdecaille.com\/#organization\"},\"potentialAction\":[{\"@type\":\"SearchAction\",\"target\":{\"@type\":\"EntryPoint\",\"urlTemplate\":\"https:\/\/www.closdecaille.com\/?s={search_term_string}\"},\"query-input\":{\"@type\":\"PropertyValueSpecification\",\"valueRequired\":true,\"valueName\":\"search_term_string\"}}],\"inLanguage\":\"en-GB\"},{\"@type\":\"Organization\",\"@id\":\"https:\/\/www.closdecaille.com\/#organization\",\"name\":\"Clos de Caille\",\"url\":\"https:\/\/www.closdecaille.com\/\",\"logo\":{\"@type\":\"ImageObject\",\"inLanguage\":\"en-GB\",\"@id\":\"https:\/\/www.closdecaille.com\/#\/schema\/logo\/image\/\",\"url\":\"https:\/\/www.closdecaille.com\/wp-content\/uploads\/2023\/07\/favicon-2023.png\",\"contentUrl\":\"https:\/\/www.closdecaille.com\/wp-content\/uploads\/2023\/07\/favicon-2023.png\",\"width\":600,\"height\":600,\"caption\":\"Clos de Caille\"},\"image\":{\"@id\":\"https:\/\/www.closdecaille.com\/#\/schema\/logo\/image\/\"}}]}<\/script>\n<!-- \/ Yoast SEO plugin. -->","yoast_head_json":{"title":"Frequently Asked Questions - Clos de Caille","description":"FAQ - Clos de Caille, Provence.","robots":{"index":"index","follow":"follow","max-snippet":"max-snippet:-1","max-image-preview":"max-image-preview:large","max-video-preview":"max-video-preview:-1"},"canonical":"https:\/\/www.closdecaille.com\/en\/faq\/","og_locale":"en_GB","og_type":"article","og_title":"FAQ - Clos de Caille","og_description":"FAQ - Clos de Caille, Provence.","og_url":"https:\/\/www.closdecaille.com\/en\/faq\/","og_site_name":"Clos de Caille","article_modified_time":"2025-12-12T11:28:57+00:00","og_image":[{"width":2560,"height":2458,"url":"https:\/\/www.closdecaille.com\/wp-content\/uploads\/2025\/12\/clos-de-caille-domaine-bastide-3-carre-1.jpg","type":"image\/jpeg"}],"twitter_misc":{"Estimated reading time":"1 minute"},"schema":{"@context":"https:\/\/schema.org","@graph":[{"@type":"WebPage","@id":"https:\/\/www.closdecaille.com\/faq\/","url":"https:\/\/www.closdecaille.com\/faq\/","name":"Frequently Asked Questions - Clos de Caille","isPartOf":{"@id":"https:\/\/www.closdecaille.com\/#website"},"primaryImageOfPage":{"@id":"https:\/\/www.closdecaille.com\/faq\/#primaryimage"},"image":{"@id":"https:\/\/www.closdecaille.com\/faq\/#primaryimage"},"thumbnailUrl":"https:\/\/www.closdecaille.com\/wp-content\/uploads\/2025\/12\/clos-de-caille-domaine-bastide-3-carre-1.jpg","datePublished":"2025-12-08T09:59:25+00:00","dateModified":"2025-12-12T11:28:57+00:00","description":"FAQ - Clos de Caille, Provence.","inLanguage":"en-GB","potentialAction":[{"@type":"ReadAction","target":["https:\/\/www.closdecaille.com\/faq\/"]}]},{"@type":"ImageObject","inLanguage":"en-GB","@id":"https:\/\/www.closdecaille.com\/faq\/#primaryimage","url":"https:\/\/www.closdecaille.com\/wp-content\/uploads\/2025\/12\/clos-de-caille-domaine-bastide-3-carre-1.jpg","contentUrl":"https:\/\/www.closdecaille.com\/wp-content\/uploads\/2025\/12\/clos-de-caille-domaine-bastide-3-carre-1.jpg"},{"@type":"WebSite","@id":"https:\/\/www.closdecaille.com\/#website","url":"https:\/\/www.closdecaille.com\/","name":"Clos de Caille","description":"C\u00f4tes de Provence AOP wines","publisher":{"@id":"https:\/\/www.closdecaille.com\/#organization"},"potentialAction":[{"@type":"SearchAction","target":{"@type":"EntryPoint","urlTemplate":"https:\/\/www.closdecaille.com\/?s={search_term_string}"},"query-input":{"@type":"PropertyValueSpecification","valueRequired":true,"valueName":"search_term_string"}}],"inLanguage":"en-GB"},{"@type":"Organization","@id":"https:\/\/www.closdecaille.com\/#organization","name":"Clos de Caille","url":"https:\/\/www.closdecaille.com\/","logo":{"@type":"ImageObject","inLanguage":"en-GB","@id":"https:\/\/www.closdecaille.com\/#\/schema\/logo\/image\/","url":"https:\/\/www.closdecaille.com\/wp-content\/uploads\/2023\/07\/favicon-2023.png","contentUrl":"https:\/\/www.closdecaille.com\/wp-content\/uploads\/2023\/07\/favicon-2023.png","width":600,"height":600,"caption":"Clos de Caille"},"image":{"@id":"https:\/\/www.closdecaille.com\/#\/schema\/logo\/image\/"}}]}},"_links":{"self":[{"href":"https:\/\/www.closdecaille.com\/en\/wp-json\/wp\/v2\/pages\/6072","targetHints":{"allow":["GET"]}}],"collection":[{"href":"https:\/\/www.closdecaille.com\/en\/wp-json\/wp\/v2\/pages"}],"about":[{"href":"https:\/\/www.closdecaille.com\/en\/wp-json\/wp\/v2\/types\/page"}],"author":[{"embeddable":true,"href":"https:\/\/www.closdecaille.com\/en\/wp-json\/wp\/v2\/users\/20"}],"replies":[{"embeddable":true,"href":"https:\/\/www.closdecaille.com\/en\/wp-json\/wp\/v2\/comments?post=6072"}],"version-history":[{"count":10,"href":"https:\/\/www.closdecaille.com\/en\/wp-json\/wp\/v2\/pages\/6072\/revisions"}],"predecessor-version":[{"id":6557,"href":"https:\/\/www.closdecaille.com\/en\/wp-json\/wp\/v2\/pages\/6072\/revisions\/6557"}],"wp:attachment":[{"href":"https:\/\/www.closdecaille.com\/en\/wp-json\/wp\/v2\/media?parent=6072"}],"curies":[{"name":"wp","href":"https:\/\/api.w.org\/{rel}","templated":true}]}}