{"id":2549,"date":"2023-09-28T12:38:14","date_gmt":"2023-09-28T10:38:14","guid":{"rendered":"https:\/\/www.closdecaille.com\/?page_id=2549"},"modified":"2025-12-12T16:20:05","modified_gmt":"2025-12-12T15:20:05","slug":"politique-de-confidentialite","status":"publish","type":"page","link":"https:\/\/www.closdecaille.com\/en\/politique-de-confidentialite\/","title":{"rendered":"Privacy Policy"},"content":{"rendered":"\t\t<div data-elementor-type=\"wp-page\" data-elementor-id=\"2549\" class=\"elementor elementor-2549\" data-elementor-post-type=\"page\">\n\t\t\t\t<section class=\"elementor-element elementor-element-f8d7687 e-con-full e-flex e-con e-parent\" data-id=\"f8d7687\" data-element_type=\"container\" data-e-type=\"container\">\n\t\t<div class=\"elementor-element elementor-element-8eb115b e-flex e-con-boxed e-con e-child\" data-id=\"8eb115b\" data-element_type=\"container\" data-e-type=\"container\">\n\t\t\t\t\t<div class=\"e-con-inner\">\n\t\t<div class=\"elementor-element elementor-element-eabb4d3 e-con-full e-flex e-con e-child\" data-id=\"eabb4d3\" data-element_type=\"container\" data-e-type=\"container\">\n\t\t\t\t<div class=\"elementor-element elementor-element-01936cc elementor-widget elementor-widget-heading\" data-id=\"01936cc\" data-element_type=\"widget\" data-e-type=\"widget\" data-widget_type=\"heading.default\">\n\t\t\t\t\t<h1 class=\"elementor-heading-title elementor-size-default\">Donn\u00e9es Personnelles<\/h1>\t\t\t\t<\/div>\n\t\t\t\t<div class=\"elementor-element elementor-element-007bfb2 elementor-widget elementor-widget-text-editor\" data-id=\"007bfb2\" data-element_type=\"widget\" data-e-type=\"widget\" data-widget_type=\"text-editor.default\">\n\t\t\t\t\t\t\t\t\t<p><strong>Charte de gestion des Donn\u00e9es Personnelles et des Cookies<\/strong><\/p><p>Derni\u00e8re mise \u00e0 jour le 9 d\u00e9cembre 2025<\/p>\t\t\t\t\t\t\t\t<\/div>\n\t\t\t\t<\/div>\n\t\t\t\t\t<\/div>\n\t\t\t\t<\/div>\n\t\t\t\t<\/section>\n\t\t<div class=\"elementor-element elementor-element-19b049a e-flex e-con-boxed e-con e-parent\" data-id=\"19b049a\" data-element_type=\"container\" data-e-type=\"container\">\n\t\t\t\t\t<div class=\"e-con-inner\">\n\t\t\t\t<div class=\"elementor-element elementor-element-e6700ae elementor-widget elementor-widget-text-editor\" data-id=\"e6700ae\" data-element_type=\"widget\" data-e-type=\"widget\" data-widget_type=\"text-editor.default\">\n\t\t\t\t\t\t\t\t\t<h2>1. Cookies<\/h2><p>Lors de la consultation d\u2019un site Web, des donn\u00e9es peuvent \u00eatre stock\u00e9es dans votre navigateur ou r\u00e9cup\u00e9r\u00e9es \u00e0 partir de celui-ci, g\u00e9n\u00e9ralement sous la forme de cookies. Ces informations peuvent porter sur vous, sur vos pr\u00e9f\u00e9rences ou sur votre appareil et sont principalement utilis\u00e9es pour s\u2019assurer que le site Web fonctionne correctement. Les informations ne permettent g\u00e9n\u00e9ralement pas de vous identifier directement, mais peuvent vous permettre de b\u00e9n\u00e9ficier d\u2019une exp\u00e9rience Web personnalis\u00e9e. Parce que nous respectons votre droit \u00e0 la vie priv\u00e9e, nous vous donnons la possibilit\u00e9 de ne pas autoriser certains types de cookies. Toutefois, si vous bloquez certains types de cookies, votre exp\u00e9rience de navigation et les services que nous sommes en mesure de vous offrir peuvent \u00eatre impact\u00e9s.<\/p><h3>\u00a0<\/h3><h3>1.1 Cookies strictement n\u00e9cessaires<\/h3><p>Certains cookies sont n\u00e9cessaires pour le fonctionnement de notre site. Par exemple, lorsque vous vous connectez \u00e0 votre compte ou cr\u00e9ez un compte, un cookie nous aidera \u00e0 vous reconna\u00eetre comme un utilisateur existant. Ces cookies ne peuvent pas \u00eatre d\u00e9sactiv\u00e9s, certains aspects du site ne pouvant pas fonctionner sans eux.<\/p><p>\u00a0<\/p><h3>1.2 Cookies de tracking<\/h3><h4><strong>Google Analytics<\/strong><\/h4><p>Le Site utilise Google Analytics pour analyser la fa\u00e7on dont les utilisateurs utilisent le site. L\u2019outil utilise des cookies, pour collecter, de mani\u00e8re anonyme, les informations relatives \u00e0 la connexion \u00e0 Internet et au comportement du visiteur. Les informations g\u00e9n\u00e9r\u00e9es par les cookies \u00e0 propos de votre utilisation du site web (incluant l\u2019adresse IP) sont transmises \u00e0 Google. Ces informations sont ensuite utilis\u00e9es pour \u00e9valuer l\u2019utilisation du site par les visiteurs et rassembler des donn\u00e9es statistiques concernant l\u2019activit\u00e9 du Site.<\/p><p>Nous n\u2019utiliserons jamais (ni n\u2019autoriserons aucun tiers \u00e0 utiliser) l\u2019outil d\u2019analyse statistique pour tracer ou collecter des Informations Personnelles Identifiables (Personally Identifiable Information ou PII) des visiteurs de notre site. Google n\u2019associera pas votre adresse IP \u00e0 toute autre donn\u00e9e d\u00e9tenue par Google. Nous ne connecterons ou chercherons \u00e0 connecter une adresse IP \u00e0 l\u2019identit\u00e9 de l\u2019utilisateur d\u2019un ordinateur.<\/p><p>Nous n\u2019associerons pas les donn\u00e9es recueillies de ce site \u00e0 des informations personnelles identifiables d\u2019autre source, \u00e0 moins que vous nous fournissiez explicitement cette information. Pour en savoir plus sur la confidentialit\u00e9 de Google Analytics:<a>https:\/\/support.google.com\/analytics\/?hl=fr#topic=10737980<\/a><\/p><p>Dans le cas o\u00f9 vous refuseriez les cookies de tracking, nous avons choisi d\u2019anonymiser les adresses IP de Google Analytics, en rempla\u00e7ant les derni\u00e8res informations de l\u2019IP. Dans ce cas, l\u2019adresse IP compl\u00e8te n\u2019est jamais transmise \u00e0 Google.<\/p><p>\u00a0<\/p><h4><strong>Google Tag Manager (GTM)<\/strong><\/h4><p>Le Site utilise Google Tag Manager (\u00ab GTM \u00bb), un syst\u00e8me de gestion de balises permettant de d\u00e9ployer et de g\u00e9rer diff\u00e9rents scripts et outils de mesure d\u2019audience ou de marketing sans modifier directement le code du Site. GTM ne collecte aucune donn\u00e9e personnelle en tant que telle ; il sert uniquement d\u2019interface technique permettant d\u2019activer d\u2019autres tags (tels que Google Analytics 4, Meta Pixel ou Sirdata).<br \/>L\u2019utilisation des tags charg\u00e9s via GTM peut \u00eatre soumise \u00e0 votre consentement selon leur nature.<\/p><p>\u00a0<\/p><h4><strong>Google Analytics 4 (GA4)<\/strong><\/h4><p>La solution Google Analytics 4 est \u00e9galement mise en \u0153uvre via GTM. Elle permet de mesurer l\u2019audience du Site et d\u2019am\u00e9liorer son fonctionnement. Les donn\u00e9es collect\u00e9es sont anonymis\u00e9es lorsque vous refusez les cookies de tracking. Les informations relatives \u00e0 votre navigation peuvent \u00eatre transmises \u00e0 Google conform\u00e9ment aux modalit\u00e9s d\u00e9crites plus haut.<\/p><p>\u00a0<\/p><h4><strong>Meta Pixel (Facebook \/ Instagram)<\/strong><\/h4><p>Le Site utilise le <strong>Meta Pixel <\/strong>afin de mesurer la performance de nos campagnes publicitaires sur les plateformes Meta (Facebook et Instagram) et de proposer \u00e9ventuellement des contenus personnalis\u00e9s. Ce traceur collecte des informations sur votre navigation et vos interactions avec le Site.<br \/>Le d\u00e9p\u00f4t du Meta Pixel est soumis \u00e0 votre consentement pr\u00e9alable lorsque la r\u00e9glementation applicable l\u2019exige.<\/p><p>\u00a0<\/p><h4><strong>Sirdata (gestion avanc\u00e9e des consentements et ciblage publicitaire)<\/strong><\/h4><p>Le Site utilise \u00e9galement les services de <strong>Sirdata<\/strong>, qui permettent notamment :<\/p><ul><li>de conditionner le d\u00e9clenchement des cookies selon vos choix exprim\u00e9s dans le bandeau de consentement,<\/li><li>de proposer des campagnes de publicit\u00e9 personnalis\u00e9e lorsque vous y avez consenti.<\/li><\/ul><p>Sirdata peut d\u00e9poser des cookies destin\u00e9s \u00e0 l&rsquo;analyse comportementale ou au ciblage publicitaire. Ces traceurs ne sont activ\u00e9s qu\u2019apr\u00e8s votre consentement explicite via le module de gestion des pr\u00e9f\u00e9rences.<\/p><p>Pour en savoir plus sur Sirdata et ses pratiques :<a>https:\/\/www.sirdata.com\/vie-privee\/<\/a><\/p><p>\u00a0<\/p><h3>1.3D\u00e9sactiver les cookies<\/h3><p>Vous pouvez d\u00e9sactiver l\u2019utilisation de cookies personnels lors de votre arriv\u00e9e sur le site, et \u00e0 tout moment au clic sur le lien \u00ab\u00a0G\u00e9rer les cookies\u00a0\u00bb dans le pied de page du site.<\/p><p>Par ailleurs, la plupart des navigateurs vous proposent de refuser les cookies. Vous pouvez \u00e9galement supprimer les cookies d\u00e9j\u00e0 enregistr\u00e9s sur votre ordinateur. Tous les cookies ont une date d\u2019expiration par d\u00e9faut, mais vous pouvez la g\u00e9rer et vider le stockage. Les diff\u00e9rents navigateurs peuvent utiliser diff\u00e9rentes m\u00e9thodes de d\u00e9sactivation des cookies.<\/p><p>Nous vous recommandons de param\u00e9trer vos cookies directement sur le site, sans modifier vos param\u00e8tres de navigateur.<\/p>\t\t\t\t\t\t\t\t<\/div>\n\t\t\t\t<div class=\"elementor-element elementor-element-4636b67 elementor-widget elementor-widget-text-editor\" data-id=\"4636b67\" data-element_type=\"widget\" data-e-type=\"widget\" data-widget_type=\"text-editor.default\">\n\t\t\t\t\t\t\t\t\t<h2>2. Donn\u00e9es personnelles<\/h2><p>Nous respectons vos pr\u00e9occupations concernant la protection de votre vie priv\u00e9e et de vos donn\u00e9es personnelles. La pr\u00e9sente Charte de gestion des donn\u00e9es personnelles et Cookies (la \u00abCharte\u00bb) expose quelles sont les informations collect\u00e9es et la mani\u00e8re dont sont trait\u00e9es vos donn\u00e9es \u00e0 caract\u00e8re personnel ainsi que les cookies collect\u00e9s lorsque vous naviguez sur le Site.<\/p><h3>2.1 Identit\u00e9 et coordonn\u00e9es du responsable de traitement<\/h3><p>Le Site est op\u00e9r\u00e9 par l\u2019Editeur dont les coordonn\u00e9es figurent dans les Mentions l\u00e9gales du site (ou \u00abnous\u00bb) ayant la qualit\u00e9 de responsable de traitement au sens de la r\u00e9glementation applicable en mati\u00e8re de donn\u00e9es personnelles, ce qui inclut le R\u00e8glement G\u00e9n\u00e9ral de Protection des Donn\u00e9es personnelles (\u00ab RGPD \u00bb) du 27 avril 2016.<\/p><p>Enfin et dans les cas \u00e9voqu\u00e9s ci-apr\u00e8s, certains de nos partenaires, tels que les r\u00e9seaux sociaux, peuvent avoir la qualit\u00e9 de responsable de traitement ind\u00e9pendant: dans un tel cas, nous vous invitons \u00e0 consulter leur Charte de Donn\u00e9es personnelles.<\/p><h3>2.2 Comment sont collect\u00e9es et utilis\u00e9es vos donn\u00e9es \u00e0 caract\u00e8re personnel?<\/h3><p>Nous collectons vos donn\u00e9es personnelles directement aupr\u00e8s de vous quand vous utilisez le Site et passez commande de nos produits ou automatiquement lorsque vous acc\u00e9dez au Site.<\/p><p>Nous pouvons \u00eatre amen\u00e9s \u00e0 collecter et \u00e0 traiter des donn\u00e9es \u00e0 caract\u00e8re personnel des cat\u00e9gories suivantes:<\/p><h4>2.2.1. Informations que vous nous fournissez:<\/h4><ul><li>Vos donn\u00e9es d\u2019identification telles que vos pr\u00e9nom, nom de famille, civilit\u00e9, nationalit\u00e9, date de naissance, adresse postale, pays de r\u00e9sidence, adresse \u00e9lectronique et num\u00e9ro de t\u00e9l\u00e9phone;<\/li><li>Vos pr\u00e9f\u00e9rences et vos centres d\u2019int\u00e9r\u00eat;<\/li><li>Les informations renseign\u00e9es via le formulaire \u00abNous contacter\u00bb;<\/li><li>Les donn\u00e9es bancaires telles que les d\u00e9tails de votre paiement.<\/li><\/ul><h4>\u00a0<\/h4><h4>2.2.2. Informations collect\u00e9es automatiquement:<\/h4><ul><li>Les donn\u00e9es de connexion telles que votre adresse IP, les sp\u00e9cificit\u00e9s de votre terminal et vos logs de connexion.<\/li><\/ul><p>Nous sommes \u00e9galement susceptibles de recueillir indirectement des donn\u00e9es personnelles vous concernant \u00e0 partir d\u2019autres sources, par exemple si vos donn\u00e9es nous sont transmises par l\u2019un de vos contacts ou par le biais d\u2019un de nos partenaires tels que les r\u00e9seaux sociaux (et notamment le fait que vous utilisez lesdits r\u00e9seaux et vos identifiants publicitaires associ\u00e9s).<\/p><p>Nous pouvons \u00e9galement collecter vos donn\u00e9es personnelles lorsque vous participez \u00e0 des campagnes publicitaires auxquelles nous sommes associ\u00e9s, mais qui sont principalement g\u00e9r\u00e9es par un tiers. Si nous recevons des informations suppl\u00e9mentaires vous concernant de la part d\u2019un tiers, nous prendrons des mesures pour s\u2019assurer que vous \u00eates inform\u00e9 de cette collecte de donn\u00e9es personnelles et des circonstances de celle-ci.<\/p><p>Enfin, nous pouvons \u00e9galement \u00eatre amen\u00e9s \u00e0 collecter des informations que vous nous fournissez \u00e0 propos d\u2019autres personnes, par exemple lorsque vous d\u00e9cidez d\u2019acheter et d\u2019envoyer des produits \u00e0 quelqu\u2019un, ou lorsque vous participez \u00e0 un jeu sur notre Site et que vous souhaitez inviter des amis \u00e0 jouer \u00e9galement. Dans ce contexte, vous vous engagez \u00e0 informer ces tiers du contenu inclus dans la pr\u00e9sente Charte. Nous utilisons lesdites informations uniquement pour r\u00e9pondre \u00e0 vos demandes et n\u2019enverrons pas de communications marketing \u00e0 vos contacts \u00e0 moins qu\u2019ils choisissent de leur c\u00f4t\u00e9 de recevoir des communications de notre part.<\/p><h3>2.3. Fondements et finalit\u00e9s du traitement de vos donn\u00e9es \u00e0 caract\u00e8re personnel<\/h3><p>Nous recueillons et traitons vos donn\u00e9es \u00e0 caract\u00e8re personnel lorsque nous disposons d\u2019un fondement l\u00e9gal pour le faire:<\/p><h4>2.3.1. Consentement de votre part (article 6 (1) (a) RGPD), afin de:<\/h4><ul><li>Utiliser un certain nombre de cookies<\/li><li>Vous envoyer des informations sur nos offres, actualit\u00e9s et \u00e9v\u00e8nements (newsletters, invitations et autres publications) ainsi que les offres, actualit\u00e9s et \u00e9v\u00e9nements concernant les autres entit\u00e9s du groupe Domaine Clarence Dillon soit par e-mail, SMS, MMS, notifications, t\u00e9l\u00e9phone ou courrier postal. Si vous recevez lesdites informations de notre part et que vous ne souhaitez plus les recevoir, veuillez nous contacter \u00e0 l\u2019adresse [adresse \u00e9lectronique] et demander \u00e0 \u00eatre retir\u00e9 de nos listes de diffusion, ou utiliser les moyens de d\u00e9sinscription indiqu\u00e9s et\/ou inclus dans nos communications ;<\/li><li>Vous montrer des annonces cibl\u00e9es et trouver d\u2019autres personnes comme vous sur les r\u00e9seaux sociaux (en t\u00e9l\u00e9chargeant et en comparant vos donn\u00e9es personnelles \u2013 par exemple votre adresse \u00e9lectronique \u2013 avec les informations que vous avez fournies sur les r\u00e9seaux sociaux) (pour les internautes r\u00e9sidant dans des pays o\u00f9 le consentement est requis) ;<\/li><li>Personnaliser les contenus du Site ;<\/li><\/ul><p>Et\/ou<\/p><h4>2.3.2. Ex\u00e9cution d\u2019un contrat avec vous ou de mesures pr\u00e9contractuelles prises \u00e0 votre demande (article 6 (1) (b) RGPD), afin de :<\/h4><ul><li>Cr\u00e9er un compte sur le Site puis le g\u00e9rer<\/li><li>Achat de produits;<\/li><\/ul><p>Et\/ou<\/p><h4>2.3.3. Int\u00e9r\u00eats l\u00e9gitimes (article 6 (1) (f) RGPD):<\/h4><ul><li>Pour assurer la s\u00e9curit\u00e9 de notre Site et de ses utilisateurs et la conformit\u00e9 \u00e0 nos Mentions L\u00e9gales<strong><em>(ins\u00e9rer sous forme de lien)<\/em><\/strong>;<\/li><li>Pour am\u00e9liorer nos produits et la relation avec nos clients en vous adressant suite \u00e0 une transaction des informations sur nos offres, actualit\u00e9s et \u00e9v\u00e9nements (newsletters, invitations et autres publications) sur des produits et\/ou services analogues<\/li><li>R\u00e9aliser des statistiques et mieux comprendre vos pr\u00e9f\u00e9rences et centres d\u2019int\u00e9r\u00eat<\/li><li>R\u00e9pondre \u00e0 vos questions adress\u00e9es via le formulaire \u00ab Nous contacter \u00bb ou d\u2019autres formulaires similaires ;<\/li><li>Vous montrer des publicit\u00e9s cibl\u00e9es et trouver d\u2019autres personnes comme vous sur les r\u00e9seaux sociaux, pour les utilisateurs des pays o\u00f9 votre consentement n\u2019est pas requis<\/li><li>Cr\u00e9er votre profil sur la base de vos informations, de l\u2019historique de vos commandes et de vos pr\u00e9f\u00e9rences<\/li><li>Mener des enqu\u00eates de satisfaction, sous r\u00e9serve d\u2019un consentement requis aux termes de la r\u00e8glementation de votre pays<\/li><li>D\u00e9tecter et pr\u00e9venir les fraudes<\/li><\/ul><p>Et\/ou<\/p><h4>2.3.4. Respect de nos obligations l\u00e9gales (article 6 (1) (c) RGPD), afin de :<\/h4><ul><li>Traiter toute r\u00e9clamation, r\u00e9pondre \u00e0 nos obligations l\u00e9gales et assurer la d\u00e9fense de nos int\u00e9r\u00eats en cas de litige ou d\u2019action en justice<\/li><\/ul><p>Lorsque nous vous demandons de nous fournir des donn\u00e9es \u00e0 caract\u00e8re personnel, nous indiquons clairement si leur renseignement est obligatoire ou facultatif et les cons\u00e9quences en cas de refus de votre part (par exemple, le fait que nous ne serons pas en mesure de traiter votre demande).<\/p><h3>2.4. Destinataires des donn\u00e9es \u00e0 caract\u00e8re personnel<\/h3><p>Conform\u00e9ment \u00e0 la r\u00e8glementation en vigueur, nous pouvons partager vos donn\u00e9es personnelles avec:<\/p><ul><li>nos prestataires d\u2019h\u00e9bergement<\/li><li>nos prestataires support et marketing (service client, service d\u2019e-mailing, service d\u2019analyse statistique)<\/li><li>les r\u00e9seaux sociaux<\/li><li>toutes autorit\u00e9s, juridiction ou tout autre tiers autoris\u00e9, lorsque la communication des donn\u00e9es personnelles est requise par la loi, une disposition r\u00e8glementaire ou une d\u00e9cision de justice ou si cette communication est n\u00e9cessaire pour assurer la protection et la d\u00e9fense de nos droits<\/li><li>tous acheteurs en cas de restructuration de l\u2019Editeur y compris la cession totale ou partielle d\u2019actifs, fusion, absorption, acquisition, scission et plus g\u00e9n\u00e9ralement toute op\u00e9ration de r\u00e9organisation.<\/li><\/ul><p>Le Site peut contenir des liens vers d\u2019autres sites internet \u00e0 des fins de r\u00e9f\u00e9rences uniquement. D\u00e8s lors, nous ne sommes pas responsables du contenu, du traitement des donn\u00e9es personnelles ou des pratiques des sites internet tiers. Veuillez les contacter directement pour plus d\u2019informations.<\/p><h3>2.5. Transferts de donn\u00e9es \u00e0 caract\u00e8re personnel<\/h3><p>Nous pouvons transf\u00e9rer des donn\u00e9es personnelles vers des pays hors de l\u2019Espace Economique Europ\u00e9en (\u00abEEE\u00bb), y compris vers des pays qui ont des normes de protection des donn\u00e9es diff\u00e9rentes de celles qui s\u2019appliquent dans l\u2019EEE. Tout transfert de vos Donn\u00e9es en dehors de l\u2019EEE s\u2019effectue moyennant des garanties appropri\u00e9es conformes aux r\u00e9glementations applicables en mati\u00e8re de protection des donn\u00e9es personnelles. Une copie des garanties applicables peut \u00eatre obtenue sur demande (en nous contactant comme indiqu\u00e9 ci-dessous).<\/p><p>Pour toutes questions concernant les transferts de donn\u00e9es personnelles en dehors de l\u2019Espace Economique Europ\u00e9en, vous pouvez nous contacter \u00e0 l\u2019adresse indiqu\u00e9e ci-dessous (Article 2.8 \u00abVos droits\u00bb).<\/p><h3>2.6. Dur\u00e9e de conservation des donn\u00e9es \u00e0 caract\u00e8re personnel<\/h3><p>Vos donn\u00e9es \u00e0 caract\u00e8re personnelle sont conserv\u00e9es pendant toute la dur\u00e9e n\u00e9cessaire \u00e0 la finalit\u00e9 pour laquelle elles ont \u00e9t\u00e9 collect\u00e9es (cf. tableau ci-dessous) \u00e0 moins que vous ne demandiez leur effacement \u00e0 l\u2019Editeur (Article 2.8 \u00abVos droits\u00bb), que vous ne r\u00e9voquiez votre consentement ou qu\u2019il n\u2019existe une obligation l\u00e9gale de les conserver pendant une p\u00e9riode plus longue. Elles seront d\u00e9truites \u00e0 l\u2019issue de cette dur\u00e9e ou dans un d\u00e9lai d\u2019un mois \u00e0 compter de toute demande d\u2019effacement.<\/p><p>Les dur\u00e9es de conservation des donn\u00e9es sont list\u00e9es dans le tableau ci-dessous.<\/p><table><tbody><tr><td>Traitement des donn\u00e9es<\/td><td>Dur\u00e9e de conservation<\/td><\/tr><tr><td>R\u00e9pondre aux questions adress\u00e9es via le formulaire \u00abNous contacter\u00bb<\/td><td>Dur\u00e9e du traitement puis trois (3) ans apr\u00e8s le traitement.<\/td><\/tr><tr><td>Gestion des r\u00e9clamations et conformit\u00e9<\/td><td>Dur\u00e9e de la r\u00e9clamation plus cinq (5) ans \u00e0 compter de sa r\u00e9solution.<br \/>En cas d\u2019action en justice : dur\u00e9e de la proc\u00e9dure jusqu\u2019\u00e0 l\u2019ex\u00e9cution totale de la d\u00e9cision de justice ou du protocole transactionnel.<\/td><\/tr><tr><td>Envoi d\u2019informations sur les offres, actualit\u00e9s et \u00e9v\u00e8nements de l\u2019Editeur<\/td><td>Sauf d\u00e9sinscription, trois (3) ans \u00e0 compter de votre dernier contact avec l\u2019Editeur<\/td><\/tr><tr><td>Afficher des publicit\u00e9s sur vos r\u00e9seaux sociaux et ceux d\u2019autres personnes comme vous<\/td><td>Trois (3) ans \u00e0 compter de votre dernier contact avec l\u2019Editeur<\/td><\/tr><tr><td>S\u00e9curit\u00e9 et int\u00e9grit\u00e9 du Site<\/td><td>Trois (3) \u00e0 six (6) mois en fonction des op\u00e9rations de s\u00e9curit\u00e9 et d\u2019int\u00e9grit\u00e9 effectu\u00e9es.<\/td><\/tr><tr><td>Pr\u00e9vention et d\u00e9tection des fraudes<\/td><td>Trois (3) \u00e0 six (6) mois en fonction des enqu\u00eates effectu\u00e9es et de la dur\u00e9e des proc\u00e9dures juridiques (s\u2019il y en a).<\/td><\/tr><tr><td>G\u00e9olocalisation<\/td><td>Absence de conservation des donn\u00e9es.<\/td><\/tr><\/tbody><\/table><h3>2.7 Modification de notre Charte de gestion des donn\u00e9es personnelles et des cookies<\/h3><p>Nous sommes susceptibles de modifier occasionnellement la pr\u00e9sente Charte. Nous vous encourageons \u00e0 v\u00e9rifier cette page r\u00e9guli\u00e8rement afin de vous assurer de votre accord avec toute modification.<\/p><p>Vous serez inform\u00e9 des modifications soit par une mention sp\u00e9ciale sur notre Site (notamment via l\u2019actualisation de la date situ\u00e9e en haut de la pr\u00e9sente Charte), soit par une notification par email.<\/p><p>Nous pouvons \u00e9galement solliciter votre consentement si n\u00e9cessaire.<\/p><h3>2.8 Vos droits<\/h3><p>Vous disposez d\u2019un droit d\u2019acc\u00e8s et de rectification de vos donn\u00e9es, ainsi que de celui d\u2019en demander l\u2019effacement, de vous opposer \u00e0 leur traitement et d\u2019en obtenir la limitation ou la portabilit\u00e9 dans les limites pr\u00e9vues par la loi, sous r\u00e9serve des motifs l\u00e9gitimes imp\u00e9rieux dont nous pourrions justifier pour conserver vos donn\u00e9es personnelles.<\/p><p>Afin de r\u00e9pondre \u00e0 votre demande, nous pouvons \u00eatre amen\u00e9s \u00e0 vous demander de nous fournir un justificatif d\u2019identit\u00e9. Nous pouvons \u00e9galement vous demander de nous communiquer des informations ou justificatifs compl\u00e9mentaires. Nous nous efforcerons de r\u00e9pondre \u00e0 votre demande dans les meilleurs d\u00e9lais.<\/p><p>Vous pouvez \u00e0 tout moment demander \u00e0 ne plus recevoir nos communications relatives \u00e0 nos offres, actualit\u00e9s et \u00e9v\u00e8nements <a>en utilisant le lien hypertexte pr\u00e9vu \u00e0 cet effet dans chaque email qui vous est adress\u00e9<\/a> ou en envoyant un courrier ou mail aux adresses ci-dessous.<\/p><p>Vous disposez \u00e9galement du droit de nous donner des instructions sp\u00e9cifiques concernant le sort de vos donn\u00e9es apr\u00e8s votre d\u00e9c\u00e8s.<\/p><p>Afin d\u2019exercer vos droits, vous devez contacter le responsable du traitement des donn\u00e9es qui a \u00e9t\u00e9 nomm\u00e9 et est joignable:<\/p><ul><li>Par courriel \u00e0 l\u2019adresse suivante:<a>info@closdecaille.com<\/a><\/li><\/ul><p>Ou<\/p><ul><li>Par courrier \u00e0 l\u2019adresse suivante: Clos de Caille, 2861 Chemin de Mousteirol 83570 Entrecasteaux, France<\/li><\/ul><p>La modification interviendra dans le mois de la r\u00e9ception de la demande de l\u2019Utilisateur.<\/p><p>Vous disposez \u00e9galement du droit de saisir la Commission Nationale de l\u2019Informatique et des Libert\u00e9s (CNIL), 3 Place de Fontenoy \u2013 TSA 80715 \u2013 75334 PARIS CEDEX 07, de toute r\u00e9clamation se rapportant \u00e0 la mani\u00e8re dont nous collectons et traitons vos Donn\u00e9es.<\/p>\t\t\t\t\t\t\t\t<\/div>\n\t\t\t\t\t<\/div>\n\t\t\t\t<\/div>\n\t\t\t\t<\/div>\n\t\t","protected":false},"excerpt":{"rendered":"<p>Donn\u00e9es Personnelles Charte de gestion des Donn\u00e9es Personnelles et des Cookies Derni\u00e8re mise \u00e0 jour le 9 d\u00e9cembre 2025 1. Cookies Lors de la consultation d\u2019un site Web, des donn\u00e9es peuvent \u00eatre stock\u00e9es dans votre navigateur ou r\u00e9cup\u00e9r\u00e9es \u00e0 partir de celui-ci, g\u00e9n\u00e9ralement sous la forme de cookies. Ces informations peuvent porter sur vous, sur [&hellip;]<\/p>\n","protected":false},"author":10,"featured_media":0,"parent":0,"menu_order":63,"comment_status":"closed","ping_status":"closed","template":"","meta":{"_acf_changed":false,"_mo_disable_npp":"","footnotes":""},"class_list":["post-2549","page","type-page","status-publish","hentry"],"acf":[],"yoast_head":"<!-- This site is optimized with the Yoast SEO plugin v27.0 - https:\/\/yoast.com\/product\/yoast-seo-wordpress\/ -->\n<title>Politique de Confidentialit\u00e9 - Clos de Caille<\/title>\n<meta name=\"description\" content=\"Politique de Confidentialit\u00e9 - Clos de Caille, Provence.\" \/>\n<meta name=\"robots\" content=\"index, follow, max-snippet:-1, max-image-preview:large, max-video-preview:-1\" \/>\n<link rel=\"canonical\" href=\"https:\/\/www.closdecaille.com\/en\/politique-de-confidentialite\/\" \/>\n<meta property=\"og:locale\" content=\"en_GB\" \/>\n<meta property=\"og:type\" content=\"article\" \/>\n<meta property=\"og:title\" content=\"Politique de Confidentialit\u00e9 - Clos de Caille\" \/>\n<meta property=\"og:description\" content=\"Politique de Confidentialit\u00e9 - Clos de Caille, Provence.\" \/>\n<meta property=\"og:url\" content=\"https:\/\/www.closdecaille.com\/en\/politique-de-confidentialite\/\" \/>\n<meta property=\"og:site_name\" content=\"Clos de Caille\" \/>\n<meta property=\"article:modified_time\" content=\"2025-12-12T15:20:05+00:00\" \/>\n<meta name=\"twitter:label1\" content=\"Estimated reading time\" \/>\n\t<meta name=\"twitter:data1\" content=\"14 minutes\" \/>\n<script type=\"application\/ld+json\" class=\"yoast-schema-graph\">{\"@context\":\"https:\/\/schema.org\",\"@graph\":[{\"@type\":\"WebPage\",\"@id\":\"https:\/\/www.closdecaille.com\/politique-de-confidentialite\/\",\"url\":\"https:\/\/www.closdecaille.com\/politique-de-confidentialite\/\",\"name\":\"Politique de Confidentialit\u00e9 - Clos de Caille\",\"isPartOf\":{\"@id\":\"https:\/\/www.closdecaille.com\/#website\"},\"datePublished\":\"2023-09-28T10:38:14+00:00\",\"dateModified\":\"2025-12-12T15:20:05+00:00\",\"description\":\"Politique de Confidentialit\u00e9 - Clos de Caille, Provence.\",\"inLanguage\":\"en-GB\",\"potentialAction\":[{\"@type\":\"ReadAction\",\"target\":[\"https:\/\/www.closdecaille.com\/politique-de-confidentialite\/\"]}]},{\"@type\":\"WebSite\",\"@id\":\"https:\/\/www.closdecaille.com\/#website\",\"url\":\"https:\/\/www.closdecaille.com\/\",\"name\":\"Clos de Caille\",\"description\":\"Vins AOP C\u00f4tes de Provence\",\"publisher\":{\"@id\":\"https:\/\/www.closdecaille.com\/#organization\"},\"potentialAction\":[{\"@type\":\"SearchAction\",\"target\":{\"@type\":\"EntryPoint\",\"urlTemplate\":\"https:\/\/www.closdecaille.com\/?s={search_term_string}\"},\"query-input\":{\"@type\":\"PropertyValueSpecification\",\"valueRequired\":true,\"valueName\":\"search_term_string\"}}],\"inLanguage\":\"en-GB\"},{\"@type\":\"Organization\",\"@id\":\"https:\/\/www.closdecaille.com\/#organization\",\"name\":\"Clos de Caille\",\"url\":\"https:\/\/www.closdecaille.com\/\",\"logo\":{\"@type\":\"ImageObject\",\"inLanguage\":\"en-GB\",\"@id\":\"https:\/\/www.closdecaille.com\/#\/schema\/logo\/image\/\",\"url\":\"https:\/\/www.closdecaille.com\/wp-content\/uploads\/2023\/07\/favicon-2023.png\",\"contentUrl\":\"https:\/\/www.closdecaille.com\/wp-content\/uploads\/2023\/07\/favicon-2023.png\",\"width\":600,\"height\":600,\"caption\":\"Clos de Caille\"},\"image\":{\"@id\":\"https:\/\/www.closdecaille.com\/#\/schema\/logo\/image\/\"}}]}<\/script>\n<!-- \/ Yoast SEO plugin. -->","yoast_head_json":{"title":"Privacy Policy - Clos de Caille","description":"Privacy Policy - Clos de Caille, Provence.","robots":{"index":"index","follow":"follow","max-snippet":"max-snippet:-1","max-image-preview":"max-image-preview:large","max-video-preview":"max-video-preview:-1"},"canonical":"https:\/\/www.closdecaille.com\/en\/politique-de-confidentialite\/","og_locale":"en_GB","og_type":"article","og_title":"Politique de Confidentialit\u00e9 - Clos de Caille","og_description":"Politique de Confidentialit\u00e9 - Clos de Caille, Provence.","og_url":"https:\/\/www.closdecaille.com\/en\/politique-de-confidentialite\/","og_site_name":"Clos de Caille","article_modified_time":"2025-12-12T15:20:05+00:00","twitter_misc":{"Estimated reading time":"14 minutes"},"schema":{"@context":"https:\/\/schema.org","@graph":[{"@type":"WebPage","@id":"https:\/\/www.closdecaille.com\/politique-de-confidentialite\/","url":"https:\/\/www.closdecaille.com\/politique-de-confidentialite\/","name":"Privacy Policy - Clos de Caille","isPartOf":{"@id":"https:\/\/www.closdecaille.com\/#website"},"datePublished":"2023-09-28T10:38:14+00:00","dateModified":"2025-12-12T15:20:05+00:00","description":"Privacy Policy - Clos de Caille, Provence.","inLanguage":"en-GB","potentialAction":[{"@type":"ReadAction","target":["https:\/\/www.closdecaille.com\/politique-de-confidentialite\/"]}]},{"@type":"WebSite","@id":"https:\/\/www.closdecaille.com\/#website","url":"https:\/\/www.closdecaille.com\/","name":"Clos de Caille","description":"C\u00f4tes de Provence AOP wines","publisher":{"@id":"https:\/\/www.closdecaille.com\/#organization"},"potentialAction":[{"@type":"SearchAction","target":{"@type":"EntryPoint","urlTemplate":"https:\/\/www.closdecaille.com\/?s={search_term_string}"},"query-input":{"@type":"PropertyValueSpecification","valueRequired":true,"valueName":"search_term_string"}}],"inLanguage":"en-GB"},{"@type":"Organization","@id":"https:\/\/www.closdecaille.com\/#organization","name":"Clos de Caille","url":"https:\/\/www.closdecaille.com\/","logo":{"@type":"ImageObject","inLanguage":"en-GB","@id":"https:\/\/www.closdecaille.com\/#\/schema\/logo\/image\/","url":"https:\/\/www.closdecaille.com\/wp-content\/uploads\/2023\/07\/favicon-2023.png","contentUrl":"https:\/\/www.closdecaille.com\/wp-content\/uploads\/2023\/07\/favicon-2023.png","width":600,"height":600,"caption":"Clos de Caille"},"image":{"@id":"https:\/\/www.closdecaille.com\/#\/schema\/logo\/image\/"}}]}},"_links":{"self":[{"href":"https:\/\/www.closdecaille.com\/en\/wp-json\/wp\/v2\/pages\/2549","targetHints":{"allow":["GET"]}}],"collection":[{"href":"https:\/\/www.closdecaille.com\/en\/wp-json\/wp\/v2\/pages"}],"about":[{"href":"https:\/\/www.closdecaille.com\/en\/wp-json\/wp\/v2\/types\/page"}],"author":[{"embeddable":true,"href":"https:\/\/www.closdecaille.com\/en\/wp-json\/wp\/v2\/users\/10"}],"replies":[{"embeddable":true,"href":"https:\/\/www.closdecaille.com\/en\/wp-json\/wp\/v2\/comments?post=2549"}],"version-history":[{"count":29,"href":"https:\/\/www.closdecaille.com\/en\/wp-json\/wp\/v2\/pages\/2549\/revisions"}],"predecessor-version":[{"id":6623,"href":"https:\/\/www.closdecaille.com\/en\/wp-json\/wp\/v2\/pages\/2549\/revisions\/6623"}],"wp:attachment":[{"href":"https:\/\/www.closdecaille.com\/en\/wp-json\/wp\/v2\/media?parent=2549"}],"curies":[{"name":"wp","href":"https:\/\/api.w.org\/{rel}","templated":true}]}}